{"id":30786,"date":"2024-01-11T09:48:54","date_gmt":"2024-01-11T12:48:54","guid":{"rendered":"https:\/\/revistaregional.com.br\/site\/?page_id=30786"},"modified":"2026-01-26T10:54:12","modified_gmt":"2026-01-26T13:54:12","slug":"home-teste","status":"publish","type":"page","link":"https:\/\/revistaregional.com.br\/site\/","title":{"rendered":"Home"},"content":{"rendered":"\t\t<div data-elementor-type=\"wp-page\" data-elementor-id=\"30786\" class=\"elementor elementor-30786\" data-elementor-post-type=\"page\">\n\t\t\t\t<div class=\"elementor-element elementor-element-fce90b2 e-flex e-con-boxed e-con e-parent\" data-id=\"fce90b2\" data-element_type=\"container\" data-e-type=\"container\">\n\t\t\t\t\t<div class=\"e-con-inner\">\n\t\t<div class=\"elementor-element elementor-element-ff3b97d e-con-full e-flex e-con e-child\" data-id=\"ff3b97d\" data-element_type=\"container\" data-e-type=\"container\">\n\t\t\t\t<div class=\"elementor-element elementor-element-f894c30 elementor-arrows-position-inside elementor-widget elementor-widget-loop-carousel\" data-id=\"f894c30\" data-element_type=\"widget\" data-e-type=\"widget\" data-settings=\"{&quot;template_id&quot;:&quot;34943&quot;,&quot;slides_to_show&quot;:&quot;1&quot;,&quot;_skin&quot;:&quot;post&quot;,&quot;slides_to_show_tablet&quot;:&quot;2&quot;,&quot;slides_to_show_mobile&quot;:&quot;1&quot;,&quot;slides_to_scroll&quot;:&quot;1&quot;,&quot;edit_handle_selector&quot;:&quot;.elementor-loop-container&quot;,&quot;autoplay&quot;:&quot;yes&quot;,&quot;autoplay_speed&quot;:5000,&quot;pause_on_hover&quot;:&quot;yes&quot;,&quot;pause_on_interaction&quot;:&quot;yes&quot;,&quot;infinite&quot;:&quot;yes&quot;,&quot;speed&quot;:500,&quot;offset_sides&quot;:&quot;none&quot;,&quot;arrows&quot;:&quot;yes&quot;,&quot;image_spacing_custom&quot;:{&quot;unit&quot;:&quot;px&quot;,&quot;size&quot;:10,&quot;sizes&quot;:[]},&quot;image_spacing_custom_tablet&quot;:{&quot;unit&quot;:&quot;px&quot;,&quot;size&quot;:&quot;&quot;,&quot;sizes&quot;:[]},&quot;image_spacing_custom_mobile&quot;:{&quot;unit&quot;:&quot;px&quot;,&quot;size&quot;:&quot;&quot;,&quot;sizes&quot;:[]}}\" data-widget_type=\"loop-carousel.post\">\n\t\t\t\t<div class=\"elementor-widget-container\">\n\t\t\t\t\t\t\t<div class=\"swiper elementor-loop-container elementor-grid\" role=\"list\" dir=\"ltr\">\n\t\t\t\t<div class=\"swiper-wrapper\" aria-live=\"off\">\n\t\t<style id=\"loop-34943\">.elementor-34943 .elementor-element.elementor-element-a03ba1f{--display:flex;--flex-direction:column;--container-widget-width:100%;--container-widget-height:initial;--container-widget-flex-grow:0;--container-widget-align-self:initial;--flex-wrap-mobile:wrap;--padding-top:0px;--padding-bottom:0px;--padding-left:0px;--padding-right:0px;}.elementor-widget-call-to-action .elementor-cta__title{font-family:var( --e-global-typography-primary-font-family ), Sans-serif;font-weight:var( --e-global-typography-primary-font-weight );}.elementor-widget-call-to-action .elementor-cta__description{font-family:var( --e-global-typography-text-font-family ), Sans-serif;font-weight:var( --e-global-typography-text-font-weight );}.elementor-widget-call-to-action .elementor-cta__button{font-family:var( --e-global-typography-accent-font-family ), Sans-serif;font-weight:var( --e-global-typography-accent-font-weight );}.elementor-widget-call-to-action .elementor-ribbon-inner{background-color:var( --e-global-color-accent );font-family:var( --e-global-typography-accent-font-family ), Sans-serif;font-weight:var( --e-global-typography-accent-font-weight );}.elementor-34943 .elementor-element.elementor-element-1523a60 .elementor-cta__content{min-height:480px;text-align:center;padding:0px 0px 0px 0px;}.elementor-34943 .elementor-element.elementor-element-1523a60 .elementor-cta .elementor-cta__bg, .elementor-34943 .elementor-element.elementor-element-1523a60 .elementor-cta .elementor-cta__bg-overlay{transition-duration:1500ms;}<\/style>\t\t<div data-elementor-type=\"loop-item\" data-elementor-id=\"34943\" class=\"elementor elementor-34943 swiper-slide e-loop-item e-loop-item-36626 post-36626 post type-post status-publish format-standard has-post-thumbnail hentry category-cultura-2 category-destaque-lateral category-slide\" data-elementor-post-type=\"elementor_library\" role=\"group\" aria-roledescription=\"slide\" data-custom-edit-handle=\"1\">\n\t\t\t<div class=\"elementor-element elementor-element-a03ba1f e-flex e-con-boxed e-con e-parent\" data-id=\"a03ba1f\" data-element_type=\"container\" data-e-type=\"container\" id=\"banner\">\n\t\t\t\t\t<div class=\"e-con-inner\">\n\t\t\t\t<div class=\"elementor-element elementor-element-1523a60 elementor-cta--skin-cover elementor-cta--valign-bottom elementor-widget elementor-widget-call-to-action\" data-id=\"1523a60\" data-element_type=\"widget\" data-e-type=\"widget\" data-widget_type=\"call-to-action.default\">\n\t\t\t\t<div class=\"elementor-widget-container\">\n\t\t\t\t\t\t\t<a class=\"elementor-cta\" href=\"https:\/\/revistaregional.com.br\/site\/2026\/04\/28\/fundacao-bienal-leva-exposicoes-ao-museu-fama\/\">\n\t\t\t\t\t<div class=\"elementor-cta__bg-wrapper\">\n\t\t\t\t<div class=\"elementor-cta__bg elementor-bg\" style=\"background-image: url(https:\/\/revistaregional.com.br\/site\/wp-content\/uploads\/2026\/04\/3.jpg);\" role=\"img\" aria-label=\"34\u00aa Bienal de S\u00e3o Paulo, 2021 \u00a9 Levi Fanan _ Funda\u00e7\u00e3o Bienal de S\u00e3o Paulo\"><\/div>\n\t\t\t\t<div class=\"elementor-cta__bg-overlay\"><\/div>\n\t\t\t<\/div>\n\t\t\t\t\t\t\t<div class=\"elementor-cta__content\">\n\t\t\t\t\n\t\t\t\t\t\t\t\t\t<h2 class=\"elementor-cta__title elementor-cta__content-item elementor-content-item\">\n\t\t\t\t\t\tFunda\u00e7\u00e3o Bienal leva exposi\u00e7\u00f5es ao Museu Fama\t\t\t\t\t<\/h2>\n\t\t\t\t\n\t\t\t\t\n\t\t\t\t\t\t\t<\/div>\n\t\t\t\t\t\t<\/a>\n\t\t\t\t\t\t<\/div>\n\t\t\t\t<\/div>\n\t\t\t\t\t<\/div>\n\t\t\t\t<\/div>\n\t\t\t\t<\/div>\n\t\t\t\t<div data-elementor-type=\"loop-item\" data-elementor-id=\"34943\" class=\"elementor elementor-34943 swiper-slide e-loop-item e-loop-item-36617 post-36617 post type-post status-publish format-standard has-post-thumbnail hentry category-conversa category-destaque-lateral category-slide\" data-elementor-post-type=\"elementor_library\" role=\"group\" aria-roledescription=\"slide\" data-custom-edit-handle=\"1\">\n\t\t\t<div class=\"elementor-element elementor-element-a03ba1f e-flex e-con-boxed e-con e-parent\" data-id=\"a03ba1f\" data-element_type=\"container\" data-e-type=\"container\" id=\"banner\">\n\t\t\t\t\t<div class=\"e-con-inner\">\n\t\t\t\t<div class=\"elementor-element elementor-element-1523a60 elementor-cta--skin-cover elementor-cta--valign-bottom elementor-widget elementor-widget-call-to-action\" data-id=\"1523a60\" data-element_type=\"widget\" data-e-type=\"widget\" data-widget_type=\"call-to-action.default\">\n\t\t\t\t<div class=\"elementor-widget-container\">\n\t\t\t\t\t\t\t<a class=\"elementor-cta\" href=\"https:\/\/revistaregional.com.br\/site\/2026\/04\/28\/david-jr-em-entrevista-exclusiva-sucesso-em-dose-dupla\/\">\n\t\t\t\t\t<div class=\"elementor-cta__bg-wrapper\">\n\t\t\t\t<div class=\"elementor-cta__bg elementor-bg\" style=\"background-image: url(https:\/\/revistaregional.com.br\/site\/wp-content\/uploads\/2026\/04\/site-capa-scaled.jpeg);\" role=\"img\" aria-label=\"site capa\"><\/div>\n\t\t\t\t<div class=\"elementor-cta__bg-overlay\"><\/div>\n\t\t\t<\/div>\n\t\t\t\t\t\t\t<div class=\"elementor-cta__content\">\n\t\t\t\t\n\t\t\t\t\t\t\t\t\t<h2 class=\"elementor-cta__title elementor-cta__content-item elementor-content-item\">\n\t\t\t\t\t\tDavid Jr. em entrevista exclusiva: sucesso em dose dupla\t\t\t\t\t<\/h2>\n\t\t\t\t\n\t\t\t\t\n\t\t\t\t\t\t\t<\/div>\n\t\t\t\t\t\t<\/a>\n\t\t\t\t\t\t<\/div>\n\t\t\t\t<\/div>\n\t\t\t\t\t<\/div>\n\t\t\t\t<\/div>\n\t\t\t\t<\/div>\n\t\t\t\t<div data-elementor-type=\"loop-item\" data-elementor-id=\"34943\" class=\"elementor elementor-34943 swiper-slide e-loop-item e-loop-item-36607 post-36607 post type-post status-publish format-standard has-post-thumbnail hentry category-destaque-lateral category-reporter-regional category-slide\" data-elementor-post-type=\"elementor_library\" role=\"group\" aria-roledescription=\"slide\" data-custom-edit-handle=\"1\">\n\t\t\t<div class=\"elementor-element elementor-element-a03ba1f e-flex e-con-boxed e-con e-parent\" data-id=\"a03ba1f\" data-element_type=\"container\" data-e-type=\"container\" id=\"banner\">\n\t\t\t\t\t<div class=\"e-con-inner\">\n\t\t\t\t<div class=\"elementor-element elementor-element-1523a60 elementor-cta--skin-cover elementor-cta--valign-bottom elementor-widget elementor-widget-call-to-action\" data-id=\"1523a60\" data-element_type=\"widget\" data-e-type=\"widget\" data-widget_type=\"call-to-action.default\">\n\t\t\t\t<div class=\"elementor-widget-container\">\n\t\t\t\t\t\t\t<a class=\"elementor-cta\" href=\"https:\/\/revistaregional.com.br\/site\/2026\/04\/14\/fomo-a-epidemia-causada-pela-busca-do-pertencimento\/\">\n\t\t\t\t\t<div class=\"elementor-cta__bg-wrapper\">\n\t\t\t\t<div class=\"elementor-cta__bg elementor-bg\" style=\"background-image: url(https:\/\/revistaregional.com.br\/site\/wp-content\/uploads\/2026\/04\/AdobeStock_732922352.jpg);\" role=\"img\" aria-label=\"Especialistas observam quadros depressivos associados \u00e0 compara\u00e7\u00e3o social cr\u00f4nica: a pessoa internaliza a ideia de que est\u00e1 sempre atr\u00e1s, sempre sendo menos\"><\/div>\n\t\t\t\t<div class=\"elementor-cta__bg-overlay\"><\/div>\n\t\t\t<\/div>\n\t\t\t\t\t\t\t<div class=\"elementor-cta__content\">\n\t\t\t\t\n\t\t\t\t\t\t\t\t\t<h2 class=\"elementor-cta__title elementor-cta__content-item elementor-content-item\">\n\t\t\t\t\t\tFomo: a epidemia causada pela busca do \u2018pertencimento\u2019\t\t\t\t\t<\/h2>\n\t\t\t\t\n\t\t\t\t\n\t\t\t\t\t\t\t<\/div>\n\t\t\t\t\t\t<\/a>\n\t\t\t\t\t\t<\/div>\n\t\t\t\t<\/div>\n\t\t\t\t\t<\/div>\n\t\t\t\t<\/div>\n\t\t\t\t<\/div>\n\t\t\t\t<div data-elementor-type=\"loop-item\" data-elementor-id=\"34943\" class=\"elementor elementor-34943 swiper-slide e-loop-item e-loop-item-36596 post-36596 post type-post status-publish format-standard has-post-thumbnail hentry category-destaque-lateral category-regionais-2 category-slide\" data-elementor-post-type=\"elementor_library\" role=\"group\" aria-roledescription=\"slide\" data-custom-edit-handle=\"1\">\n\t\t\t<div class=\"elementor-element elementor-element-a03ba1f e-flex e-con-boxed e-con e-parent\" data-id=\"a03ba1f\" data-element_type=\"container\" data-e-type=\"container\" id=\"banner\">\n\t\t\t\t\t<div class=\"e-con-inner\">\n\t\t\t\t<div class=\"elementor-element elementor-element-1523a60 elementor-cta--skin-cover elementor-cta--valign-bottom elementor-widget elementor-widget-call-to-action\" data-id=\"1523a60\" data-element_type=\"widget\" data-e-type=\"widget\" data-widget_type=\"call-to-action.default\">\n\t\t\t\t<div class=\"elementor-widget-container\">\n\t\t\t\t\t\t\t<a class=\"elementor-cta\" href=\"https:\/\/revistaregional.com.br\/site\/2026\/04\/14\/kobra-pinta-mural-gigante-em-homenagem-a-almeida-jr-em-itu\/\">\n\t\t\t\t\t<div class=\"elementor-cta__bg-wrapper\">\n\t\t\t\t<div class=\"elementor-cta__bg elementor-bg\" style=\"background-image: url(https:\/\/revistaregional.com.br\/site\/wp-content\/uploads\/2026\/04\/copia.png);\" role=\"img\" aria-label=\"copia\"><\/div>\n\t\t\t\t<div class=\"elementor-cta__bg-overlay\"><\/div>\n\t\t\t<\/div>\n\t\t\t\t\t\t\t<div class=\"elementor-cta__content\">\n\t\t\t\t\n\t\t\t\t\t\t\t\t\t<h2 class=\"elementor-cta__title elementor-cta__content-item elementor-content-item\">\n\t\t\t\t\t\tKobra pinta mural gigante em  homenagem a Almeida Jr. em Itu\t\t\t\t\t<\/h2>\n\t\t\t\t\n\t\t\t\t\n\t\t\t\t\t\t\t<\/div>\n\t\t\t\t\t\t<\/a>\n\t\t\t\t\t\t<\/div>\n\t\t\t\t<\/div>\n\t\t\t\t\t<\/div>\n\t\t\t\t<\/div>\n\t\t\t\t<\/div>\n\t\t\t\t<div data-elementor-type=\"loop-item\" data-elementor-id=\"34943\" class=\"elementor elementor-34943 swiper-slide e-loop-item e-loop-item-36592 post-36592 post type-post status-publish format-standard has-post-thumbnail hentry category-destaque-lateral category-saude-e-beleza category-slide\" data-elementor-post-type=\"elementor_library\" role=\"group\" aria-roledescription=\"slide\" data-custom-edit-handle=\"1\">\n\t\t\t<div class=\"elementor-element elementor-element-a03ba1f e-flex e-con-boxed e-con e-parent\" data-id=\"a03ba1f\" data-element_type=\"container\" data-e-type=\"container\" id=\"banner\">\n\t\t\t\t\t<div class=\"e-con-inner\">\n\t\t\t\t<div class=\"elementor-element elementor-element-1523a60 elementor-cta--skin-cover elementor-cta--valign-bottom elementor-widget elementor-widget-call-to-action\" data-id=\"1523a60\" data-element_type=\"widget\" data-e-type=\"widget\" data-widget_type=\"call-to-action.default\">\n\t\t\t\t<div class=\"elementor-widget-container\">\n\t\t\t\t\t\t\t<a class=\"elementor-cta\" href=\"https:\/\/revistaregional.com.br\/site\/2026\/04\/10\/unimed-salto-itu-fortalece-atendimento-com-comunicacao-em-libras\/\">\n\t\t\t\t\t<div class=\"elementor-cta__bg-wrapper\">\n\t\t\t\t<div class=\"elementor-cta__bg elementor-bg\" style=\"background-image: url(https:\/\/revistaregional.com.br\/site\/wp-content\/uploads\/2026\/04\/2-scaled.jpg);\" role=\"img\" aria-label=\"Primeira turma de colaboradores a se formar no curso de Libras proporcionado pela Unimed Salto\/Itu\"><\/div>\n\t\t\t\t<div class=\"elementor-cta__bg-overlay\"><\/div>\n\t\t\t<\/div>\n\t\t\t\t\t\t\t<div class=\"elementor-cta__content\">\n\t\t\t\t\n\t\t\t\t\t\t\t\t\t<h2 class=\"elementor-cta__title elementor-cta__content-item elementor-content-item\">\n\t\t\t\t\t\tUnimed Salto\/Itu fortalece atendimento com comunica\u00e7\u00e3o em Libras\t\t\t\t\t<\/h2>\n\t\t\t\t\n\t\t\t\t\n\t\t\t\t\t\t\t<\/div>\n\t\t\t\t\t\t<\/a>\n\t\t\t\t\t\t<\/div>\n\t\t\t\t<\/div>\n\t\t\t\t\t<\/div>\n\t\t\t\t<\/div>\n\t\t\t\t<\/div>\n\t\t\t\t<div data-elementor-type=\"loop-item\" data-elementor-id=\"34943\" class=\"elementor elementor-34943 swiper-slide e-loop-item e-loop-item-36571 post-36571 post type-post status-publish format-standard has-post-thumbnail hentry category-conversa category-destaque-lateral category-slide\" data-elementor-post-type=\"elementor_library\" role=\"group\" aria-roledescription=\"slide\" data-custom-edit-handle=\"1\">\n\t\t\t<div class=\"elementor-element elementor-element-a03ba1f e-flex e-con-boxed e-con e-parent\" data-id=\"a03ba1f\" data-element_type=\"container\" data-e-type=\"container\" id=\"banner\">\n\t\t\t\t\t<div class=\"e-con-inner\">\n\t\t\t\t<div class=\"elementor-element elementor-element-1523a60 elementor-cta--skin-cover elementor-cta--valign-bottom elementor-widget elementor-widget-call-to-action\" data-id=\"1523a60\" data-element_type=\"widget\" data-e-type=\"widget\" data-widget_type=\"call-to-action.default\">\n\t\t\t\t<div class=\"elementor-widget-container\">\n\t\t\t\t\t\t\t<a class=\"elementor-cta\" href=\"https:\/\/revistaregional.com.br\/site\/2026\/03\/30\/grazi-brilha-em-dose-dupla\/\">\n\t\t\t\t\t<div class=\"elementor-cta__bg-wrapper\">\n\t\t\t\t<div class=\"elementor-cta__bg elementor-bg\" style=\"background-image: url(https:\/\/revistaregional.com.br\/site\/wp-content\/uploads\/2026\/03\/2-3-scaled.jpg);\" role=\"img\" aria-label=\"2\"><\/div>\n\t\t\t\t<div class=\"elementor-cta__bg-overlay\"><\/div>\n\t\t\t<\/div>\n\t\t\t\t\t\t\t<div class=\"elementor-cta__content\">\n\t\t\t\t\n\t\t\t\t\t\t\t\t\t<h2 class=\"elementor-cta__title elementor-cta__content-item elementor-content-item\">\n\t\t\t\t\t\tGrazi Massafera brilha em dose dupla nas novelas\t\t\t\t\t<\/h2>\n\t\t\t\t\n\t\t\t\t\n\t\t\t\t\t\t\t<\/div>\n\t\t\t\t\t\t<\/a>\n\t\t\t\t\t\t<\/div>\n\t\t\t\t<\/div>\n\t\t\t\t\t<\/div>\n\t\t\t\t<\/div>\n\t\t\t\t<\/div>\n\t\t\t\t<div data-elementor-type=\"loop-item\" data-elementor-id=\"34943\" class=\"elementor elementor-34943 swiper-slide e-loop-item e-loop-item-36565 post-36565 post type-post status-publish format-standard has-post-thumbnail hentry category-destaque-lateral category-diario-de-viagem category-slide\" data-elementor-post-type=\"elementor_library\" role=\"group\" aria-roledescription=\"slide\" data-custom-edit-handle=\"1\">\n\t\t\t<div class=\"elementor-element elementor-element-a03ba1f e-flex e-con-boxed e-con e-parent\" data-id=\"a03ba1f\" data-element_type=\"container\" data-e-type=\"container\" id=\"banner\">\n\t\t\t\t\t<div class=\"e-con-inner\">\n\t\t\t\t<div class=\"elementor-element elementor-element-1523a60 elementor-cta--skin-cover elementor-cta--valign-bottom elementor-widget elementor-widget-call-to-action\" data-id=\"1523a60\" data-element_type=\"widget\" data-e-type=\"widget\" data-widget_type=\"call-to-action.default\">\n\t\t\t\t<div class=\"elementor-widget-container\">\n\t\t\t\t\t\t\t<a class=\"elementor-cta\" href=\"https:\/\/revistaregional.com.br\/site\/2026\/03\/30\/cicloturismo-vira-trend-na-europa\/\">\n\t\t\t\t\t<div class=\"elementor-cta__bg-wrapper\">\n\t\t\t\t<div class=\"elementor-cta__bg elementor-bg\" style=\"background-image: url(https:\/\/revistaregional.com.br\/site\/wp-content\/uploads\/2026\/03\/3-1.jpg);\" role=\"img\" aria-label=\"Cada vez mais turistas escolhem as viagens de bike pela Europa\"><\/div>\n\t\t\t\t<div class=\"elementor-cta__bg-overlay\"><\/div>\n\t\t\t<\/div>\n\t\t\t\t\t\t\t<div class=\"elementor-cta__content\">\n\t\t\t\t\n\t\t\t\t\t\t\t\t\t<h2 class=\"elementor-cta__title elementor-cta__content-item elementor-content-item\">\n\t\t\t\t\t\tCicloturismo vira trend na Europa\t\t\t\t\t<\/h2>\n\t\t\t\t\n\t\t\t\t\n\t\t\t\t\t\t\t<\/div>\n\t\t\t\t\t\t<\/a>\n\t\t\t\t\t\t<\/div>\n\t\t\t\t<\/div>\n\t\t\t\t\t<\/div>\n\t\t\t\t<\/div>\n\t\t\t\t<\/div>\n\t\t\t\t<div data-elementor-type=\"loop-item\" data-elementor-id=\"34943\" class=\"elementor elementor-34943 swiper-slide e-loop-item e-loop-item-36486 post-36486 post type-post status-publish format-standard has-post-thumbnail hentry category-cultura-2 category-destaque-lateral category-slide\" data-elementor-post-type=\"elementor_library\" role=\"group\" aria-roledescription=\"slide\" data-custom-edit-handle=\"1\">\n\t\t\t<div class=\"elementor-element elementor-element-a03ba1f e-flex e-con-boxed e-con e-parent\" data-id=\"a03ba1f\" data-element_type=\"container\" data-e-type=\"container\" id=\"banner\">\n\t\t\t\t\t<div class=\"e-con-inner\">\n\t\t\t\t<div class=\"elementor-element elementor-element-1523a60 elementor-cta--skin-cover elementor-cta--valign-bottom elementor-widget elementor-widget-call-to-action\" data-id=\"1523a60\" data-element_type=\"widget\" data-e-type=\"widget\" data-widget_type=\"call-to-action.default\">\n\t\t\t\t<div class=\"elementor-widget-container\">\n\t\t\t\t\t\t\t<a class=\"elementor-cta\" href=\"https:\/\/revistaregional.com.br\/site\/2026\/03\/20\/itu-mantem-tradicao-da-semana-santa-no-eixo-historico-procissao-do-fogareu-e-destaque\/\">\n\t\t\t\t\t<div class=\"elementor-cta__bg-wrapper\">\n\t\t\t\t<div class=\"elementor-cta__bg elementor-bg\" style=\"background-image: url(https:\/\/revistaregional.com.br\/site\/wp-content\/uploads\/2026\/03\/semana-santa.jpeg);\" role=\"img\" aria-label=\"Itu mant\u00e9m tradi\u00e7\u00e3o da Semana Santa no Centro hist\u00f3rico\"><\/div>\n\t\t\t\t<div class=\"elementor-cta__bg-overlay\"><\/div>\n\t\t\t<\/div>\n\t\t\t\t\t\t\t<div class=\"elementor-cta__content\">\n\t\t\t\t\n\t\t\t\t\t\t\t\t\t<h2 class=\"elementor-cta__title elementor-cta__content-item elementor-content-item\">\n\t\t\t\t\t\tItu resgata prociss\u00f5es seculares na Semana Santa; &#8216;Fogar\u00e9u&#8217; \u00e9 destaque\t\t\t\t\t<\/h2>\n\t\t\t\t\n\t\t\t\t\n\t\t\t\t\t\t\t<\/div>\n\t\t\t\t\t\t<\/a>\n\t\t\t\t\t\t<\/div>\n\t\t\t\t<\/div>\n\t\t\t\t\t<\/div>\n\t\t\t\t<\/div>\n\t\t\t\t<\/div>\n\t\t\t\t<div data-elementor-type=\"loop-item\" data-elementor-id=\"34943\" class=\"elementor elementor-34943 swiper-slide e-loop-item e-loop-item-36466 post-36466 post type-post status-publish format-standard has-post-thumbnail hentry category-destaque-lateral category-regionais-2 category-slide\" data-elementor-post-type=\"elementor_library\" role=\"group\" aria-roledescription=\"slide\" data-custom-edit-handle=\"1\">\n\t\t\t<div class=\"elementor-element elementor-element-a03ba1f e-flex e-con-boxed e-con e-parent\" data-id=\"a03ba1f\" data-element_type=\"container\" data-e-type=\"container\" id=\"banner\">\n\t\t\t\t\t<div class=\"e-con-inner\">\n\t\t\t\t<div class=\"elementor-element elementor-element-1523a60 elementor-cta--skin-cover elementor-cta--valign-bottom elementor-widget elementor-widget-call-to-action\" data-id=\"1523a60\" data-element_type=\"widget\" data-e-type=\"widget\" data-widget_type=\"call-to-action.default\">\n\t\t\t\t<div class=\"elementor-widget-container\">\n\t\t\t\t\t\t\t<a class=\"elementor-cta\" href=\"https:\/\/revistaregional.com.br\/site\/2026\/03\/16\/plentech-a-inteligencia-por-tras-da-operacao-2\/\">\n\t\t\t\t\t<div class=\"elementor-cta__bg-wrapper\">\n\t\t\t\t<div class=\"elementor-cta__bg elementor-bg\" style=\"background-image: url(https:\/\/revistaregional.com.br\/site\/wp-content\/uploads\/2026\/03\/AdobeStock_657292888_Editorial_Use_Only.jpg);\" role=\"img\" aria-label=\"Faria Lima, maior centro comercial do pa\u00eds\"><\/div>\n\t\t\t\t<div class=\"elementor-cta__bg-overlay\"><\/div>\n\t\t\t<\/div>\n\t\t\t\t\t\t\t<div class=\"elementor-cta__content\">\n\t\t\t\t\n\t\t\t\t\t\t\t\t\t<h2 class=\"elementor-cta__title elementor-cta__content-item elementor-content-item\">\n\t\t\t\t\t\tConsultoria de tecnologia Plentech melhora opera\u00e7\u00e3o das empresas\t\t\t\t\t<\/h2>\n\t\t\t\t\n\t\t\t\t\n\t\t\t\t\t\t\t<\/div>\n\t\t\t\t\t\t<\/a>\n\t\t\t\t\t\t<\/div>\n\t\t\t\t<\/div>\n\t\t\t\t\t<\/div>\n\t\t\t\t<\/div>\n\t\t\t\t<\/div>\n\t\t\t\t<\/div>\n\t\t<\/div>\n\t\t\t\t\t<div class=\"elementor-swiper-button elementor-swiper-button-prev\" role=\"button\" tabindex=\"0\" aria-label=\"Anterior\">\n\t\t\t\t<svg aria-hidden=\"true\" class=\"e-font-icon-svg e-eicon-chevron-left\" viewBox=\"0 0 1000 1000\" xmlns=\"http:\/\/www.w3.org\/2000\/svg\"><path d=\"M646 125C629 125 613 133 604 142L308 442C296 454 292 471 292 487 292 504 296 521 308 533L604 854C617 867 629 875 646 875 663 875 679 871 692 858 704 846 713 829 713 812 713 796 708 779 692 767L438 487 692 225C700 217 708 204 708 187 708 171 704 154 692 142 675 129 663 125 646 125Z\"><\/path><\/svg>\t\t\t<\/div>\n\t\t\t<div class=\"elementor-swiper-button elementor-swiper-button-next\" role=\"button\" tabindex=\"0\" aria-label=\"Pr\u00f3ximo\">\n\t\t\t\t<svg aria-hidden=\"true\" class=\"e-font-icon-svg e-eicon-chevron-right\" viewBox=\"0 0 1000 1000\" xmlns=\"http:\/\/www.w3.org\/2000\/svg\"><path d=\"M696 533C708 521 713 504 713 487 713 471 708 454 696 446L400 146C388 133 375 125 354 125 338 125 325 129 313 142 300 154 292 171 292 187 292 204 296 221 308 233L563 492 304 771C292 783 288 800 288 817 288 833 296 850 308 863 321 871 338 875 354 875 371 875 388 867 400 854L696 533Z\"><\/path><\/svg>\t\t\t<\/div>\n\t\t\t\t\t\t<\/div>\n\t\t\t\t<\/div>\n\t\t\t\t<\/div>\n\t\t<div class=\"elementor-element elementor-element-3536ee6 e-con-full e-flex e-con e-child\" data-id=\"3536ee6\" data-element_type=\"container\" data-e-type=\"container\">\n\t\t\t\t<div class=\"elementor-element elementor-element-22e75de elementor-widget elementor-widget-heading\" data-id=\"22e75de\" data-element_type=\"widget\" data-e-type=\"widget\" data-widget_type=\"heading.default\">\n\t\t\t\t<div class=\"elementor-widget-container\">\n\t\t\t\t\t<h2 class=\"elementor-heading-title elementor-size-default\">CLIQUE NA CAPA ABAIXO E FOLHEIE A EDI\u00c7\u00c3O DO M\u00caS!<\/h2>\t\t\t\t<\/div>\n\t\t\t\t<\/div>\n\t\t\t\t<div class=\"elementor-element elementor-element-e4a13ba elementor-widget__width-inherit elementor-widget elementor-widget-loop-carousel\" data-id=\"e4a13ba\" data-element_type=\"widget\" data-e-type=\"widget\" data-settings=\"{&quot;template_id&quot;:&quot;31505&quot;,&quot;image_spacing_custom&quot;:{&quot;unit&quot;:&quot;px&quot;,&quot;size&quot;:0,&quot;sizes&quot;:[]},&quot;_skin&quot;:&quot;post&quot;,&quot;edit_handle_selector&quot;:&quot;.elementor-loop-container&quot;,&quot;speed&quot;:500,&quot;image_spacing_custom_tablet&quot;:{&quot;unit&quot;:&quot;px&quot;,&quot;size&quot;:&quot;&quot;,&quot;sizes&quot;:[]},&quot;image_spacing_custom_mobile&quot;:{&quot;unit&quot;:&quot;px&quot;,&quot;size&quot;:&quot;&quot;,&quot;sizes&quot;:[]}}\" data-widget_type=\"loop-carousel.post\">\n\t\t\t\t<div class=\"elementor-widget-container\">\n\t\t\t\t\t\t\t<div class=\"swiper elementor-loop-container elementor-grid\" role=\"list\" dir=\"ltr\">\n\t\t\t\t<div class=\"swiper-wrapper\" aria-live=\"polite\">\n\t\t<style id=\"loop-31505\">.elementor-31505 .elementor-element.elementor-element-1c00890{--display:flex;--flex-direction:column;--container-widget-width:100%;--container-widget-height:initial;--container-widget-flex-grow:0;--container-widget-align-self:initial;--flex-wrap-mobile:wrap;border-style:none;--border-style:none;--border-radius:0px 0px 0px 0px;--margin-top:0px;--margin-bottom:0px;--margin-left:0px;--margin-right:0px;--padding-top:0px;--padding-bottom:0px;--padding-left:0px;--padding-right:0px;}.elementor-31505 .elementor-element.elementor-element-1c00890.e-con{--align-self:center;}.elementor-widget-theme-post-featured-image .widget-image-caption{color:var( --e-global-color-text );font-family:var( --e-global-typography-text-font-family ), Sans-serif;font-weight:var( --e-global-typography-text-font-weight );}.elementor-31505 .elementor-element.elementor-element-996848e{text-align:center;}<\/style>\t\t<div data-elementor-type=\"loop-item\" data-elementor-id=\"31505\" class=\"elementor elementor-31505 swiper-slide e-loop-item e-loop-item-36585 post-36585 capas type-capas status-publish has-post-thumbnail hentry categoria-de-revista-regional\" data-elementor-post-type=\"elementor_library\" role=\"group\" aria-roledescription=\"slide\" data-custom-edit-handle=\"1\">\n\t\t\t<div class=\"elementor-element elementor-element-1c00890 e-flex e-con-boxed e-con e-parent\" data-id=\"1c00890\" data-element_type=\"container\" data-e-type=\"container\">\n\t\t\t\t\t<div class=\"e-con-inner\">\n\t\t\t\t<div class=\"elementor-element elementor-element-996848e elementor-widget elementor-widget-theme-post-featured-image elementor-widget-image\" data-id=\"996848e\" data-element_type=\"widget\" data-e-type=\"widget\" data-widget_type=\"theme-post-featured-image.default\">\n\t\t\t\t<div class=\"elementor-widget-container\">\n\t\t\t\t\t\t\t\t\t\t\t\t\t\t\t\t<a href=\"https:\/\/revistaregional.com.br\/site\/wp-content\/uploads\/2026\/04\/Regional-268-abril-2026.pdf\" target=\"_blank\">\n\t\t\t\t\t\t\t<img fetchpriority=\"high\" decoding=\"async\" width=\"1811\" height=\"2441\" src=\"https:\/\/revistaregional.com.br\/site\/wp-content\/uploads\/2026\/04\/Regional-268-abril-2026.jpeg\" class=\"attachment-full size-full wp-image-36587\" alt=\"\" srcset=\"https:\/\/revistaregional.com.br\/site\/wp-content\/uploads\/2026\/04\/Regional-268-abril-2026.jpeg 1811w, https:\/\/revistaregional.com.br\/site\/wp-content\/uploads\/2026\/04\/Regional-268-abril-2026-223x300.jpeg 223w, https:\/\/revistaregional.com.br\/site\/wp-content\/uploads\/2026\/04\/Regional-268-abril-2026-760x1024.jpeg 760w, https:\/\/revistaregional.com.br\/site\/wp-content\/uploads\/2026\/04\/Regional-268-abril-2026-1140x1536.jpeg 1140w, https:\/\/revistaregional.com.br\/site\/wp-content\/uploads\/2026\/04\/Regional-268-abril-2026-1519x2048.jpeg 1519w\" sizes=\"(max-width: 1811px) 100vw, 1811px\" \/>\t\t\t\t\t\t\t\t<\/a>\n\t\t\t\t\t\t\t\t\t\t\t\t\t\t\t<\/div>\n\t\t\t\t<\/div>\n\t\t\t\t\t<\/div>\n\t\t\t\t<\/div>\n\t\t\t\t<\/div>\n\t\t\t\t<\/div>\n\t\t<\/div>\n\t\t\t\t\t\t<\/div>\n\t\t\t\t<\/div>\n\t\t\t\t<\/div>\n\t\t\t\t\t<\/div>\n\t\t\t\t<\/div>\n\t\t<div class=\"elementor-element elementor-element-11c6534 e-flex e-con-boxed e-con e-parent\" data-id=\"11c6534\" data-element_type=\"container\" data-e-type=\"container\">\n\t\t\t\t\t<div class=\"e-con-inner\">\n\t\t<div class=\"elementor-element elementor-element-dc4fbb5 e-con-full e-flex e-con e-child\" data-id=\"dc4fbb5\" data-element_type=\"container\" data-e-type=\"container\">\n\t\t<div class=\"elementor-element elementor-element-8201287 e-flex e-con-boxed e-con e-child\" data-id=\"8201287\" data-element_type=\"container\" data-e-type=\"container\">\n\t\t\t\t\t<div class=\"e-con-inner\">\n\t\t<div class=\"elementor-element elementor-element-edf0e94 e-con-full e-flex e-con e-child\" data-id=\"edf0e94\" data-element_type=\"container\" data-e-type=\"container\">\n\t\t\t\t<div class=\"elementor-element elementor-element-8341db5 elementor-widget elementor-widget-heading\" data-id=\"8341db5\" data-element_type=\"widget\" data-e-type=\"widget\" data-widget_type=\"heading.default\">\n\t\t\t\t<div class=\"elementor-widget-container\">\n\t\t\t\t\t<h2 class=\"elementor-heading-title elementor-size-default\">SA\u00daDE E BELEZA<\/h2>\t\t\t\t<\/div>\n\t\t\t\t<\/div>\n\t\t\t\t<div class=\"elementor-element elementor-element-da995a9 elementor-grid-1 elementor-grid-tablet-2 elementor-grid-mobile-1 elementor-posts--thumbnail-top elementor-widget elementor-widget-posts\" data-id=\"da995a9\" data-element_type=\"widget\" data-e-type=\"widget\" data-settings=\"{&quot;classic_columns&quot;:&quot;1&quot;,&quot;classic_columns_tablet&quot;:&quot;2&quot;,&quot;classic_columns_mobile&quot;:&quot;1&quot;,&quot;classic_row_gap&quot;:{&quot;unit&quot;:&quot;px&quot;,&quot;size&quot;:35,&quot;sizes&quot;:[]},&quot;classic_row_gap_tablet&quot;:{&quot;unit&quot;:&quot;px&quot;,&quot;size&quot;:&quot;&quot;,&quot;sizes&quot;:[]},&quot;classic_row_gap_mobile&quot;:{&quot;unit&quot;:&quot;px&quot;,&quot;size&quot;:&quot;&quot;,&quot;sizes&quot;:[]}}\" data-widget_type=\"posts.classic\">\n\t\t\t\t<div class=\"elementor-widget-container\">\n\t\t\t\t\t\t\t<div class=\"elementor-posts-container elementor-posts elementor-posts--skin-classic elementor-grid\" role=\"list\">\n\t\t\t\t<article class=\"elementor-post elementor-grid-item post-36592 post type-post status-publish format-standard has-post-thumbnail hentry category-destaque-lateral category-saude-e-beleza category-slide\" role=\"listitem\">\n\t\t\t\t<a class=\"elementor-post__thumbnail__link\" href=\"https:\/\/revistaregional.com.br\/site\/2026\/04\/10\/unimed-salto-itu-fortalece-atendimento-com-comunicacao-em-libras\/\" tabindex=\"-1\" >\n\t\t\t<div class=\"elementor-post__thumbnail\"><img decoding=\"async\" width=\"2560\" height=\"1609\" src=\"https:\/\/revistaregional.com.br\/site\/wp-content\/uploads\/2026\/04\/2-scaled.jpg\" class=\"attachment-full size-full wp-image-36593\" alt=\"\" srcset=\"https:\/\/revistaregional.com.br\/site\/wp-content\/uploads\/2026\/04\/2-scaled.jpg 2560w, https:\/\/revistaregional.com.br\/site\/wp-content\/uploads\/2026\/04\/2-300x189.jpg 300w, https:\/\/revistaregional.com.br\/site\/wp-content\/uploads\/2026\/04\/2-1024x643.jpg 1024w, https:\/\/revistaregional.com.br\/site\/wp-content\/uploads\/2026\/04\/2-1536x965.jpg 1536w, https:\/\/revistaregional.com.br\/site\/wp-content\/uploads\/2026\/04\/2-2048x1287.jpg 2048w\" sizes=\"(max-width: 2560px) 100vw, 2560px\" \/><\/div>\n\t\t<\/a>\n\t\t\t\t<div class=\"elementor-post__text\">\n\t\t\t\t<h3 class=\"elementor-post__title\">\n\t\t\t<a href=\"https:\/\/revistaregional.com.br\/site\/2026\/04\/10\/unimed-salto-itu-fortalece-atendimento-com-comunicacao-em-libras\/\" >\n\t\t\t\tUnimed Salto\/Itu fortalece atendimento com comunica\u00e7\u00e3o em Libras\t\t\t<\/a>\n\t\t<\/h3>\n\t\t\t\t<div class=\"elementor-post__meta-data\">\n\t\t\t\t\t<span class=\"elementor-post-date\">\n\t\t\t10\/04\/2026\t\t<\/span>\n\t\t\t\t<\/div>\n\t\t\t\t<div class=\"elementor-post__excerpt\">\n\t\t\t<p>Abril marca o Dia Nacional da Educa\u00e7\u00e3o de Surdos, data que chama aten\u00e7\u00e3o para a import\u00e2ncia da acessibilidade lingu\u00edstica e da inclus\u00e3o de pessoas surdas em diferentes espa\u00e7os da sociedade, inclusive nos servi\u00e7os de sa\u00fade. Pensando neste tema,<\/p>\n\t\t<\/div>\n\t\t\t\t\t<div class=\"elementor-post__read-more-wrapper\">\n\t\t\n\t\t<a class=\"elementor-post__read-more\" href=\"https:\/\/revistaregional.com.br\/site\/2026\/04\/10\/unimed-salto-itu-fortalece-atendimento-com-comunicacao-em-libras\/\" aria-label=\"Leia mais sobre Unimed Salto\/Itu fortalece atendimento com comunica\u00e7\u00e3o em Libras\" tabindex=\"-1\" >\n\t\t\tsaiba mais \u00bb\t\t<\/a>\n\n\t\t\t\t\t<\/div>\n\t\t\t\t<\/div>\n\t\t\t\t<\/article>\n\t\t\t\t<\/div>\n\t\t\n\t\t\t\t\t\t<\/div>\n\t\t\t\t<\/div>\n\t\t\t\t<\/div>\n\t\t<div class=\"elementor-element elementor-element-2e46fad e-con-full e-flex e-con e-child\" data-id=\"2e46fad\" data-element_type=\"container\" data-e-type=\"container\">\n\t\t\t\t<div class=\"elementor-element elementor-element-07fc782 elementor-widget elementor-widget-heading\" data-id=\"07fc782\" data-element_type=\"widget\" data-e-type=\"widget\" data-widget_type=\"heading.default\">\n\t\t\t\t<div class=\"elementor-widget-container\">\n\t\t\t\t\t<h2 class=\"elementor-heading-title elementor-size-default\">REP\u00d3RTER REGIONAL<\/h2>\t\t\t\t<\/div>\n\t\t\t\t<\/div>\n\t\t\t\t<div class=\"elementor-element elementor-element-861e086 elementor-grid-1 elementor-grid-tablet-2 elementor-grid-mobile-1 elementor-posts--thumbnail-top elementor-widget elementor-widget-posts\" data-id=\"861e086\" data-element_type=\"widget\" data-e-type=\"widget\" data-settings=\"{&quot;classic_columns&quot;:&quot;1&quot;,&quot;classic_columns_tablet&quot;:&quot;2&quot;,&quot;classic_columns_mobile&quot;:&quot;1&quot;,&quot;classic_row_gap&quot;:{&quot;unit&quot;:&quot;px&quot;,&quot;size&quot;:35,&quot;sizes&quot;:[]},&quot;classic_row_gap_tablet&quot;:{&quot;unit&quot;:&quot;px&quot;,&quot;size&quot;:&quot;&quot;,&quot;sizes&quot;:[]},&quot;classic_row_gap_mobile&quot;:{&quot;unit&quot;:&quot;px&quot;,&quot;size&quot;:&quot;&quot;,&quot;sizes&quot;:[]}}\" data-widget_type=\"posts.classic\">\n\t\t\t\t<div class=\"elementor-widget-container\">\n\t\t\t\t\t\t\t<div class=\"elementor-posts-container elementor-posts elementor-posts--skin-classic elementor-grid\" role=\"list\">\n\t\t\t\t<article class=\"elementor-post elementor-grid-item post-36607 post type-post status-publish format-standard has-post-thumbnail hentry category-destaque-lateral category-reporter-regional category-slide\" role=\"listitem\">\n\t\t\t\t<a class=\"elementor-post__thumbnail__link\" href=\"https:\/\/revistaregional.com.br\/site\/2026\/04\/14\/fomo-a-epidemia-causada-pela-busca-do-pertencimento\/\" tabindex=\"-1\" >\n\t\t\t<div class=\"elementor-post__thumbnail\"><img decoding=\"async\" width=\"1280\" height=\"853\" src=\"https:\/\/revistaregional.com.br\/site\/wp-content\/uploads\/2026\/04\/AdobeStock_732922352.jpg\" class=\"attachment-full size-full wp-image-36608\" alt=\"\" srcset=\"https:\/\/revistaregional.com.br\/site\/wp-content\/uploads\/2026\/04\/AdobeStock_732922352.jpg 1280w, https:\/\/revistaregional.com.br\/site\/wp-content\/uploads\/2026\/04\/AdobeStock_732922352-300x200.jpg 300w, https:\/\/revistaregional.com.br\/site\/wp-content\/uploads\/2026\/04\/AdobeStock_732922352-1024x682.jpg 1024w\" sizes=\"(max-width: 1280px) 100vw, 1280px\" \/><\/div>\n\t\t<\/a>\n\t\t\t\t<div class=\"elementor-post__text\">\n\t\t\t\t<h3 class=\"elementor-post__title\">\n\t\t\t<a href=\"https:\/\/revistaregional.com.br\/site\/2026\/04\/14\/fomo-a-epidemia-causada-pela-busca-do-pertencimento\/\" >\n\t\t\t\tFomo: a epidemia causada pela busca do \u2018pertencimento\u2019\t\t\t<\/a>\n\t\t<\/h3>\n\t\t\t\t<div class=\"elementor-post__meta-data\">\n\t\t\t\t\t<span class=\"elementor-post-date\">\n\t\t\t14\/04\/2026\t\t<\/span>\n\t\t\t\t<\/div>\n\t\t\t\t<div class=\"elementor-post__excerpt\">\n\t\t\t<p>Do ponto de vista psicol\u00f3gico, o Fomo est\u00e1 diretamente ligado \u00e0 necessidade humana de pertencimento; A exclus\u00e3o social ativa \u00e1reas cerebrais semelhantes \u00e0s envolvidas na dor f\u00edsica; Em casos mais intensos, especialistas observam quadros depressivos associados \u00e0 compara\u00e7\u00e3o<\/p>\n\t\t<\/div>\n\t\t\t\t\t<div class=\"elementor-post__read-more-wrapper\">\n\t\t\n\t\t<a class=\"elementor-post__read-more\" href=\"https:\/\/revistaregional.com.br\/site\/2026\/04\/14\/fomo-a-epidemia-causada-pela-busca-do-pertencimento\/\" aria-label=\"Leia mais sobre Fomo: a epidemia causada pela busca do \u2018pertencimento\u2019\" tabindex=\"-1\" >\n\t\t\tsaiba mais \u00bb\t\t<\/a>\n\n\t\t\t\t\t<\/div>\n\t\t\t\t<\/div>\n\t\t\t\t<\/article>\n\t\t\t\t<\/div>\n\t\t\n\t\t\t\t\t\t<\/div>\n\t\t\t\t<\/div>\n\t\t\t\t<\/div>\n\t\t<div class=\"elementor-element elementor-element-3f5975e e-con-full e-flex e-con e-child\" data-id=\"3f5975e\" data-element_type=\"container\" data-e-type=\"container\">\n\t\t\t\t<div class=\"elementor-element elementor-element-97e946e elementor-widget elementor-widget-heading\" data-id=\"97e946e\" data-element_type=\"widget\" data-e-type=\"widget\" data-widget_type=\"heading.default\">\n\t\t\t\t<div class=\"elementor-widget-container\">\n\t\t\t\t\t<h2 class=\"elementor-heading-title elementor-size-default\">REGIONAIS<\/h2>\t\t\t\t<\/div>\n\t\t\t\t<\/div>\n\t\t\t\t<div class=\"elementor-element elementor-element-fb5bc34 elementor-grid-1 elementor-grid-tablet-2 elementor-grid-mobile-1 elementor-posts--thumbnail-top elementor-widget elementor-widget-posts\" data-id=\"fb5bc34\" data-element_type=\"widget\" data-e-type=\"widget\" data-settings=\"{&quot;classic_columns&quot;:&quot;1&quot;,&quot;classic_columns_tablet&quot;:&quot;2&quot;,&quot;classic_columns_mobile&quot;:&quot;1&quot;,&quot;classic_row_gap&quot;:{&quot;unit&quot;:&quot;px&quot;,&quot;size&quot;:35,&quot;sizes&quot;:[]},&quot;classic_row_gap_tablet&quot;:{&quot;unit&quot;:&quot;px&quot;,&quot;size&quot;:&quot;&quot;,&quot;sizes&quot;:[]},&quot;classic_row_gap_mobile&quot;:{&quot;unit&quot;:&quot;px&quot;,&quot;size&quot;:&quot;&quot;,&quot;sizes&quot;:[]}}\" data-widget_type=\"posts.classic\">\n\t\t\t\t<div class=\"elementor-widget-container\">\n\t\t\t\t\t\t\t<div class=\"elementor-posts-container elementor-posts elementor-posts--skin-classic elementor-grid\" role=\"list\">\n\t\t\t\t<article class=\"elementor-post elementor-grid-item post-36631 post type-post status-publish format-standard has-post-thumbnail hentry category-destaque-lateral category-regionais\" role=\"listitem\">\n\t\t\t\t<a class=\"elementor-post__thumbnail__link\" href=\"https:\/\/revistaregional.com.br\/site\/2026\/04\/28\/atleta-saltense-se-prepara-para-mundial-de-duathlon-em-abu-dhabi\/\" tabindex=\"-1\" >\n\t\t\t<div class=\"elementor-post__thumbnail\"><img loading=\"lazy\" decoding=\"async\" width=\"682\" height=\"1024\" src=\"https:\/\/revistaregional.com.br\/site\/wp-content\/uploads\/2026\/04\/site.jpg\" class=\"attachment-full size-full wp-image-36632\" alt=\"\" srcset=\"https:\/\/revistaregional.com.br\/site\/wp-content\/uploads\/2026\/04\/site.jpg 682w, https:\/\/revistaregional.com.br\/site\/wp-content\/uploads\/2026\/04\/site-200x300.jpg 200w\" sizes=\"(max-width: 682px) 100vw, 682px\" \/><\/div>\n\t\t<\/a>\n\t\t\t\t<div class=\"elementor-post__text\">\n\t\t\t\t<h3 class=\"elementor-post__title\">\n\t\t\t<a href=\"https:\/\/revistaregional.com.br\/site\/2026\/04\/28\/atleta-saltense-se-prepara-para-mundial-de-duathlon-em-abu-dhabi\/\" >\n\t\t\t\tAtleta saltense se prepara para Mundial de Duathlon em Abu Dhabi\t\t\t<\/a>\n\t\t<\/h3>\n\t\t\t\t<div class=\"elementor-post__meta-data\">\n\t\t\t\t\t<span class=\"elementor-post-date\">\n\t\t\t28\/04\/2026\t\t<\/span>\n\t\t\t\t<\/div>\n\t\t\t\t<div class=\"elementor-post__excerpt\">\n\t\t\t<p>Representando Salto, Marcos leva consigo n\u00e3o apenas o desafio esportivo, mas tamb\u00e9m o orgulho de competir em n\u00edvel internacional; Empresas interessadas em apoiar o atleta devem procurar sua equipe O atleta saltense Marcos Vin\u00edcius de Ara\u00fajo, de 23<\/p>\n\t\t<\/div>\n\t\t\t\t\t<div class=\"elementor-post__read-more-wrapper\">\n\t\t\n\t\t<a class=\"elementor-post__read-more\" href=\"https:\/\/revistaregional.com.br\/site\/2026\/04\/28\/atleta-saltense-se-prepara-para-mundial-de-duathlon-em-abu-dhabi\/\" aria-label=\"Leia mais sobre Atleta saltense se prepara para Mundial de Duathlon em Abu Dhabi\" tabindex=\"-1\" >\n\t\t\tsaiba mais \u00bb\t\t<\/a>\n\n\t\t\t\t\t<\/div>\n\t\t\t\t<\/div>\n\t\t\t\t<\/article>\n\t\t\t\t<\/div>\n\t\t\n\t\t\t\t\t\t<\/div>\n\t\t\t\t<\/div>\n\t\t\t\t<\/div>\n\t\t\t\t\t<\/div>\n\t\t\t\t<\/div>\n\t\t<div class=\"elementor-element elementor-element-9606ab5 e-flex e-con-boxed e-con e-child\" data-id=\"9606ab5\" data-element_type=\"container\" data-e-type=\"container\">\n\t\t\t\t\t<div class=\"e-con-inner\">\n\t\t<div class=\"elementor-element elementor-element-77ac537 e-con-full e-flex e-con e-child\" data-id=\"77ac537\" data-element_type=\"container\" data-e-type=\"container\">\n\t\t\t\t<div class=\"elementor-element elementor-element-1c046ae elementor-widget elementor-widget-heading\" data-id=\"1c046ae\" data-element_type=\"widget\" data-e-type=\"widget\" data-widget_type=\"heading.default\">\n\t\t\t\t<div class=\"elementor-widget-container\">\n\t\t\t\t\t<h2 class=\"elementor-heading-title elementor-size-default\">CASA<\/h2>\t\t\t\t<\/div>\n\t\t\t\t<\/div>\n\t\t\t\t<div class=\"elementor-element elementor-element-08d10d0 elementor-grid-1 elementor-grid-tablet-2 elementor-grid-mobile-1 elementor-posts--thumbnail-top elementor-widget elementor-widget-posts\" data-id=\"08d10d0\" data-element_type=\"widget\" data-e-type=\"widget\" data-settings=\"{&quot;classic_columns&quot;:&quot;1&quot;,&quot;classic_columns_tablet&quot;:&quot;2&quot;,&quot;classic_columns_mobile&quot;:&quot;1&quot;,&quot;classic_row_gap&quot;:{&quot;unit&quot;:&quot;px&quot;,&quot;size&quot;:35,&quot;sizes&quot;:[]},&quot;classic_row_gap_tablet&quot;:{&quot;unit&quot;:&quot;px&quot;,&quot;size&quot;:&quot;&quot;,&quot;sizes&quot;:[]},&quot;classic_row_gap_mobile&quot;:{&quot;unit&quot;:&quot;px&quot;,&quot;size&quot;:&quot;&quot;,&quot;sizes&quot;:[]}}\" data-widget_type=\"posts.classic\">\n\t\t\t\t<div class=\"elementor-widget-container\">\n\t\t\t\t\t\t\t<div class=\"elementor-posts-container elementor-posts elementor-posts--skin-classic elementor-grid\" role=\"list\">\n\t\t\t\t<article class=\"elementor-post elementor-grid-item post-36275 post type-post status-publish format-standard has-post-thumbnail hentry category-casa-2 category-destaque-lateral\" role=\"listitem\">\n\t\t\t\t<a class=\"elementor-post__thumbnail__link\" href=\"https:\/\/revistaregional.com.br\/site\/2026\/01\/28\/que-tal-uma-hortinha-na-janela\/\" tabindex=\"-1\" >\n\t\t\t<div class=\"elementor-post__thumbnail\"><img loading=\"lazy\" decoding=\"async\" width=\"682\" height=\"1024\" src=\"https:\/\/revistaregional.com.br\/site\/wp-content\/uploads\/2026\/01\/paisagismo-hortinha-fotolia-1.jpg\" class=\"attachment-full size-full wp-image-36276\" alt=\"\" srcset=\"https:\/\/revistaregional.com.br\/site\/wp-content\/uploads\/2026\/01\/paisagismo-hortinha-fotolia-1.jpg 682w, https:\/\/revistaregional.com.br\/site\/wp-content\/uploads\/2026\/01\/paisagismo-hortinha-fotolia-1-200x300.jpg 200w\" sizes=\"(max-width: 682px) 100vw, 682px\" \/><\/div>\n\t\t<\/a>\n\t\t\t\t<div class=\"elementor-post__text\">\n\t\t\t\t<h3 class=\"elementor-post__title\">\n\t\t\t<a href=\"https:\/\/revistaregional.com.br\/site\/2026\/01\/28\/que-tal-uma-hortinha-na-janela\/\" >\n\t\t\t\tQue tal uma hortinha na janela?\t\t\t<\/a>\n\t\t<\/h3>\n\t\t\t\t<div class=\"elementor-post__meta-data\">\n\t\t\t\t\t<span class=\"elementor-post-date\">\n\t\t\t28\/01\/2026\t\t<\/span>\n\t\t\t\t<\/div>\n\t\t\t\t<div class=\"elementor-post__excerpt\">\n\t\t\t<p>Os ingredientes para uma boa alquimia gastron\u00f4mica precisam estar sempre a m\u00e3o. Para isso, que tal criar um jardim dos sentidos na bancada da cozinha, na janela ou at\u00e9 mesmo, naquele cantinho que est\u00e1 \u2018sobrando\u2019 na pia? A<\/p>\n\t\t<\/div>\n\t\t\t\t\t<div class=\"elementor-post__read-more-wrapper\">\n\t\t\n\t\t<a class=\"elementor-post__read-more\" href=\"https:\/\/revistaregional.com.br\/site\/2026\/01\/28\/que-tal-uma-hortinha-na-janela\/\" aria-label=\"Leia mais sobre Que tal uma hortinha na janela?\" tabindex=\"-1\" >\n\t\t\tsaiba mais \u00bb\t\t<\/a>\n\n\t\t\t\t\t<\/div>\n\t\t\t\t<\/div>\n\t\t\t\t<\/article>\n\t\t\t\t<\/div>\n\t\t\n\t\t\t\t\t\t<\/div>\n\t\t\t\t<\/div>\n\t\t\t\t<\/div>\n\t\t<div class=\"elementor-element elementor-element-eb19175 e-con-full e-flex e-con e-child\" data-id=\"eb19175\" data-element_type=\"container\" data-e-type=\"container\">\n\t\t\t\t<div class=\"elementor-element elementor-element-4879653 elementor-widget elementor-widget-heading\" data-id=\"4879653\" data-element_type=\"widget\" data-e-type=\"widget\" data-widget_type=\"heading.default\">\n\t\t\t\t<div class=\"elementor-widget-container\">\n\t\t\t\t\t<h2 class=\"elementor-heading-title elementor-size-default\">CULTURA<\/h2>\t\t\t\t<\/div>\n\t\t\t\t<\/div>\n\t\t\t\t<div class=\"elementor-element elementor-element-9d63350 elementor-grid-1 elementor-grid-tablet-2 elementor-grid-mobile-1 elementor-posts--thumbnail-top elementor-widget elementor-widget-posts\" data-id=\"9d63350\" data-element_type=\"widget\" data-e-type=\"widget\" data-settings=\"{&quot;classic_columns&quot;:&quot;1&quot;,&quot;classic_columns_tablet&quot;:&quot;2&quot;,&quot;classic_columns_mobile&quot;:&quot;1&quot;,&quot;classic_row_gap&quot;:{&quot;unit&quot;:&quot;px&quot;,&quot;size&quot;:35,&quot;sizes&quot;:[]},&quot;classic_row_gap_tablet&quot;:{&quot;unit&quot;:&quot;px&quot;,&quot;size&quot;:&quot;&quot;,&quot;sizes&quot;:[]},&quot;classic_row_gap_mobile&quot;:{&quot;unit&quot;:&quot;px&quot;,&quot;size&quot;:&quot;&quot;,&quot;sizes&quot;:[]}}\" data-widget_type=\"posts.classic\">\n\t\t\t\t<div class=\"elementor-widget-container\">\n\t\t\t\t\t\t\t<div class=\"elementor-posts-container elementor-posts elementor-posts--skin-classic elementor-grid\" role=\"list\">\n\t\t\t\t<article class=\"elementor-post elementor-grid-item post-36623 post type-post status-publish format-standard has-post-thumbnail hentry category-cultura category-destaque-lateral\" role=\"listitem\">\n\t\t\t\t<a class=\"elementor-post__thumbnail__link\" href=\"https:\/\/revistaregional.com.br\/site\/2026\/04\/28\/museu-republicano-oferece-curso-de-educacao-patrimonial\/\" tabindex=\"-1\" >\n\t\t\t<div class=\"elementor-post__thumbnail\"><img loading=\"lazy\" decoding=\"async\" width=\"1707\" height=\"2560\" src=\"https:\/\/revistaregional.com.br\/site\/wp-content\/uploads\/2026\/04\/Wilma-Luiza-Releitura-bordada-do-detalhe-de-Festa-do-Divino-Espirito-Santo-2019-\u2014-Acervo-do-Museu-Republicano-de-Itu-\u2013-Museu-Paulista-da-USP-scaled.jpg\" class=\"attachment-full size-full wp-image-36624\" alt=\"\" srcset=\"https:\/\/revistaregional.com.br\/site\/wp-content\/uploads\/2026\/04\/Wilma-Luiza-Releitura-bordada-do-detalhe-de-Festa-do-Divino-Espirito-Santo-2019-\u2014-Acervo-do-Museu-Republicano-de-Itu-\u2013-Museu-Paulista-da-USP-scaled.jpg 1707w, https:\/\/revistaregional.com.br\/site\/wp-content\/uploads\/2026\/04\/Wilma-Luiza-Releitura-bordada-do-detalhe-de-Festa-do-Divino-Espirito-Santo-2019-\u2014-Acervo-do-Museu-Republicano-de-Itu-\u2013-Museu-Paulista-da-USP-200x300.jpg 200w, https:\/\/revistaregional.com.br\/site\/wp-content\/uploads\/2026\/04\/Wilma-Luiza-Releitura-bordada-do-detalhe-de-Festa-do-Divino-Espirito-Santo-2019-\u2014-Acervo-do-Museu-Republicano-de-Itu-\u2013-Museu-Paulista-da-USP-683x1024.jpg 683w, https:\/\/revistaregional.com.br\/site\/wp-content\/uploads\/2026\/04\/Wilma-Luiza-Releitura-bordada-do-detalhe-de-Festa-do-Divino-Espirito-Santo-2019-\u2014-Acervo-do-Museu-Republicano-de-Itu-\u2013-Museu-Paulista-da-USP-1024x1536.jpg 1024w, https:\/\/revistaregional.com.br\/site\/wp-content\/uploads\/2026\/04\/Wilma-Luiza-Releitura-bordada-do-detalhe-de-Festa-do-Divino-Espirito-Santo-2019-\u2014-Acervo-do-Museu-Republicano-de-Itu-\u2013-Museu-Paulista-da-USP-1365x2048.jpg 1365w\" sizes=\"(max-width: 1707px) 100vw, 1707px\" \/><\/div>\n\t\t<\/a>\n\t\t\t\t<div class=\"elementor-post__text\">\n\t\t\t\t<h3 class=\"elementor-post__title\">\n\t\t\t<a href=\"https:\/\/revistaregional.com.br\/site\/2026\/04\/28\/museu-republicano-oferece-curso-de-educacao-patrimonial\/\" >\n\t\t\t\tMuseu Republicano oferece curso de educa\u00e7\u00e3o patrimonial\t\t\t<\/a>\n\t\t<\/h3>\n\t\t\t\t<div class=\"elementor-post__meta-data\">\n\t\t\t\t\t<span class=\"elementor-post-date\">\n\t\t\t28\/04\/2026\t\t<\/span>\n\t\t\t\t<\/div>\n\t\t\t\t<div class=\"elementor-post__excerpt\">\n\t\t\t<p>Atividade \u00e9 gratuita e re\u00fane especialistas para discutir pr\u00e1ticas participativas de preserva\u00e7\u00e3o do Patrim\u00f4nio Cultural em encontros online e presenciais entre maio e junho Entre os dias 16 de maio e 03 de junho de 2026, o Museu<\/p>\n\t\t<\/div>\n\t\t\t\t\t<div class=\"elementor-post__read-more-wrapper\">\n\t\t\n\t\t<a class=\"elementor-post__read-more\" href=\"https:\/\/revistaregional.com.br\/site\/2026\/04\/28\/museu-republicano-oferece-curso-de-educacao-patrimonial\/\" aria-label=\"Leia mais sobre Museu Republicano oferece curso de educa\u00e7\u00e3o patrimonial\" tabindex=\"-1\" >\n\t\t\tsaiba mais \u00bb\t\t<\/a>\n\n\t\t\t\t\t<\/div>\n\t\t\t\t<\/div>\n\t\t\t\t<\/article>\n\t\t\t\t<\/div>\n\t\t\n\t\t\t\t\t\t<\/div>\n\t\t\t\t<\/div>\n\t\t\t\t<\/div>\n\t\t<div class=\"elementor-element elementor-element-dce2dea e-con-full e-flex e-con e-child\" data-id=\"dce2dea\" data-element_type=\"container\" data-e-type=\"container\">\n\t\t\t\t<div class=\"elementor-element elementor-element-60ff0f6 elementor-widget elementor-widget-heading\" data-id=\"60ff0f6\" data-element_type=\"widget\" data-e-type=\"widget\" data-widget_type=\"heading.default\">\n\t\t\t\t<div class=\"elementor-widget-container\">\n\t\t\t\t\t<h2 class=\"elementor-heading-title elementor-size-default\">REGIONAIS<\/h2>\t\t\t\t<\/div>\n\t\t\t\t<\/div>\n\t\t\t\t<div class=\"elementor-element elementor-element-ba9fb01 elementor-grid-1 elementor-grid-tablet-2 elementor-grid-mobile-1 elementor-posts--thumbnail-top elementor-widget elementor-widget-posts\" data-id=\"ba9fb01\" data-element_type=\"widget\" data-e-type=\"widget\" data-settings=\"{&quot;classic_columns&quot;:&quot;1&quot;,&quot;classic_columns_tablet&quot;:&quot;2&quot;,&quot;classic_columns_mobile&quot;:&quot;1&quot;,&quot;classic_row_gap&quot;:{&quot;unit&quot;:&quot;px&quot;,&quot;size&quot;:35,&quot;sizes&quot;:[]},&quot;classic_row_gap_tablet&quot;:{&quot;unit&quot;:&quot;px&quot;,&quot;size&quot;:&quot;&quot;,&quot;sizes&quot;:[]},&quot;classic_row_gap_mobile&quot;:{&quot;unit&quot;:&quot;px&quot;,&quot;size&quot;:&quot;&quot;,&quot;sizes&quot;:[]}}\" data-widget_type=\"posts.classic\">\n\t\t\t\t<div class=\"elementor-widget-container\">\n\t\t\t\t\t\t\t<div class=\"elementor-posts-container elementor-posts elementor-posts--skin-classic elementor-grid\" role=\"list\">\n\t\t\t\t<article class=\"elementor-post elementor-grid-item post-36596 post type-post status-publish format-standard has-post-thumbnail hentry category-destaque-lateral category-regionais-2 category-slide\" role=\"listitem\">\n\t\t\t\t<a class=\"elementor-post__thumbnail__link\" href=\"https:\/\/revistaregional.com.br\/site\/2026\/04\/14\/kobra-pinta-mural-gigante-em-homenagem-a-almeida-jr-em-itu\/\" tabindex=\"-1\" >\n\t\t\t<div class=\"elementor-post__thumbnail\"><img loading=\"lazy\" decoding=\"async\" width=\"1272\" height=\"915\" src=\"https:\/\/revistaregional.com.br\/site\/wp-content\/uploads\/2026\/04\/copia.png\" class=\"attachment-full size-full wp-image-36610\" alt=\"\" srcset=\"https:\/\/revistaregional.com.br\/site\/wp-content\/uploads\/2026\/04\/copia.png 1272w, https:\/\/revistaregional.com.br\/site\/wp-content\/uploads\/2026\/04\/copia-300x216.png 300w, https:\/\/revistaregional.com.br\/site\/wp-content\/uploads\/2026\/04\/copia-1024x737.png 1024w\" sizes=\"(max-width: 1272px) 100vw, 1272px\" \/><\/div>\n\t\t<\/a>\n\t\t\t\t<div class=\"elementor-post__text\">\n\t\t\t\t<h3 class=\"elementor-post__title\">\n\t\t\t<a href=\"https:\/\/revistaregional.com.br\/site\/2026\/04\/14\/kobra-pinta-mural-gigante-em-homenagem-a-almeida-jr-em-itu\/\" >\n\t\t\t\tKobra pinta mural gigante em  homenagem a Almeida Jr. em Itu\t\t\t<\/a>\n\t\t<\/h3>\n\t\t\t\t<div class=\"elementor-post__meta-data\">\n\t\t\t\t\t<span class=\"elementor-post-date\">\n\t\t\t14\/04\/2026\t\t<\/span>\n\t\t\t\t<\/div>\n\t\t\t\t<div class=\"elementor-post__excerpt\">\n\t\t\t<p>Artista Eduardo Kobra, que mora na cidade, homenageou o pintor Almeida Jr. com mural gigante em pr\u00e9dio localizado na Pra\u00e7a Padre Miguel No dia 11 de abril, a paisagem hist\u00f3rica do Centro de Itu ganhou novas cores com<\/p>\n\t\t<\/div>\n\t\t\t\t\t<div class=\"elementor-post__read-more-wrapper\">\n\t\t\n\t\t<a class=\"elementor-post__read-more\" href=\"https:\/\/revistaregional.com.br\/site\/2026\/04\/14\/kobra-pinta-mural-gigante-em-homenagem-a-almeida-jr-em-itu\/\" aria-label=\"Leia mais sobre Kobra pinta mural gigante em  homenagem a Almeida Jr. em Itu\" tabindex=\"-1\" >\n\t\t\tsaiba mais \u00bb\t\t<\/a>\n\n\t\t\t\t\t<\/div>\n\t\t\t\t<\/div>\n\t\t\t\t<\/article>\n\t\t\t\t<\/div>\n\t\t\n\t\t\t\t\t\t<\/div>\n\t\t\t\t<\/div>\n\t\t\t\t<\/div>\n\t\t\t\t\t<\/div>\n\t\t\t\t<\/div>\n\t\t<div class=\"elementor-element elementor-element-29778ce e-flex e-con-boxed e-con e-child\" data-id=\"29778ce\" data-element_type=\"container\" data-e-type=\"container\">\n\t\t\t\t\t<div class=\"e-con-inner\">\n\t\t<div class=\"elementor-element elementor-element-e2d7060 e-flex e-con-boxed e-con e-child\" data-id=\"e2d7060\" data-element_type=\"container\" data-e-type=\"container\">\n\t\t\t\t\t<div class=\"e-con-inner\">\n\t\t\t\t<div class=\"elementor-element elementor-element-bcd0d52 elementor-widget__width-inherit anuncio elementor-widget elementor-widget-loop-carousel\" data-id=\"bcd0d52\" data-element_type=\"widget\" data-e-type=\"widget\" data-settings=\"{&quot;template_id&quot;:&quot;31729&quot;,&quot;image_spacing_custom&quot;:{&quot;unit&quot;:&quot;px&quot;,&quot;size&quot;:0,&quot;sizes&quot;:[]},&quot;_skin&quot;:&quot;post&quot;,&quot;edit_handle_selector&quot;:&quot;.elementor-loop-container&quot;,&quot;speed&quot;:500,&quot;image_spacing_custom_tablet&quot;:{&quot;unit&quot;:&quot;px&quot;,&quot;size&quot;:&quot;&quot;,&quot;sizes&quot;:[]},&quot;image_spacing_custom_mobile&quot;:{&quot;unit&quot;:&quot;px&quot;,&quot;size&quot;:&quot;&quot;,&quot;sizes&quot;:[]}}\" data-widget_type=\"loop-carousel.post\">\n\t\t\t\t<div class=\"elementor-widget-container\">\n\t\t\t\t\t\t\t<div class=\"swiper elementor-loop-container elementor-grid\" role=\"list\" dir=\"ltr\">\n\t\t\t\t<div class=\"swiper-wrapper\" aria-live=\"polite\">\n\t\t<style id=\"loop-31729\">.elementor-31729 .elementor-element.elementor-element-49895aa{--display:flex;--flex-direction:column;--container-widget-width:100%;--container-widget-height:initial;--container-widget-flex-grow:0;--container-widget-align-self:initial;--flex-wrap-mobile:wrap;--margin-top:0px;--margin-bottom:0px;--margin-left:0px;--margin-right:0px;--padding-top:0px;--padding-bottom:0px;--padding-left:0px;--padding-right:0px;}.elementor-31729 .elementor-element.elementor-element-49895aa.e-con{--align-self:flex-start;}.elementor-widget-theme-post-featured-image .widget-image-caption{color:var( --e-global-color-text );font-family:var( --e-global-typography-text-font-family ), Sans-serif;font-weight:var( --e-global-typography-text-font-weight );}.elementor-31729 .elementor-element.elementor-element-e459252{text-align:center;}.elementor-31729 .elementor-element.elementor-element-e459252 > .elementor-widget-container{margin:0px 0px 0px 0px;padding:0px 0px 0px 0px;}<\/style>\t\t<div data-elementor-type=\"loop-item\" data-elementor-id=\"31729\" class=\"elementor elementor-31729 swiper-slide e-loop-item e-loop-item-32114 post-32114 anuncio type-anuncio status-publish has-post-thumbnail hentry local-do-anuncio-home-central-bloco-1-anuncio-01\" data-elementor-post-type=\"elementor_library\" role=\"group\" aria-roledescription=\"slide\" data-custom-edit-handle=\"1\">\n\t\t\t<div class=\"elementor-element elementor-element-49895aa e-con-full anuncio-individual e-flex e-con e-parent\" data-id=\"49895aa\" data-element_type=\"container\" data-e-type=\"container\">\n\t\t\t\t<div class=\"elementor-element elementor-element-e459252 elementor-widget elementor-widget-theme-post-featured-image elementor-widget-image\" data-id=\"e459252\" data-element_type=\"widget\" data-e-type=\"widget\" data-widget_type=\"theme-post-featured-image.default\">\n\t\t\t\t<div class=\"elementor-widget-container\">\n\t\t\t\t\t\t\t\t\t\t\t\t\t\t\t\t<a href=\"https:\/\/www.facebook.com\/casaalianca.gourmet\" target=\"_blank\">\n\t\t\t\t\t\t\t<img loading=\"lazy\" decoding=\"async\" width=\"2560\" height=\"1510\" src=\"https:\/\/revistaregional.com.br\/site\/wp-content\/uploads\/2024\/01\/casa-alianca-270x146-1-scaled.jpg\" class=\"attachment-full size-full wp-image-33661\" alt=\"\" srcset=\"https:\/\/revistaregional.com.br\/site\/wp-content\/uploads\/2024\/01\/casa-alianca-270x146-1-scaled.jpg 2560w, https:\/\/revistaregional.com.br\/site\/wp-content\/uploads\/2024\/01\/casa-alianca-270x146-1-300x177.jpg 300w, https:\/\/revistaregional.com.br\/site\/wp-content\/uploads\/2024\/01\/casa-alianca-270x146-1-1024x604.jpg 1024w, https:\/\/revistaregional.com.br\/site\/wp-content\/uploads\/2024\/01\/casa-alianca-270x146-1-1536x906.jpg 1536w, https:\/\/revistaregional.com.br\/site\/wp-content\/uploads\/2024\/01\/casa-alianca-270x146-1-2048x1208.jpg 2048w\" sizes=\"(max-width: 2560px) 100vw, 2560px\" \/>\t\t\t\t\t\t\t\t<\/a>\n\t\t\t\t\t\t\t\t\t\t\t\t\t\t\t<\/div>\n\t\t\t\t<\/div>\n\t\t\t\t<\/div>\n\t\t\t\t<\/div>\n\t\t\t\t<\/div>\n\t\t<\/div>\n\t\t\t\t\t\t<\/div>\n\t\t\t\t<\/div>\n\t\t\t\t\t<\/div>\n\t\t\t\t<\/div>\n\t\t<div class=\"elementor-element elementor-element-4095666 e-flex e-con-boxed e-con e-child\" data-id=\"4095666\" data-element_type=\"container\" data-e-type=\"container\">\n\t\t\t\t\t<div class=\"e-con-inner\">\n\t\t\t\t<div class=\"elementor-element elementor-element-c727bee elementor-widget__width-inherit anuncio elementor-widget elementor-widget-loop-carousel\" data-id=\"c727bee\" data-element_type=\"widget\" data-e-type=\"widget\" data-settings=\"{&quot;template_id&quot;:&quot;31729&quot;,&quot;image_spacing_custom&quot;:{&quot;unit&quot;:&quot;px&quot;,&quot;size&quot;:0,&quot;sizes&quot;:[]},&quot;_skin&quot;:&quot;post&quot;,&quot;edit_handle_selector&quot;:&quot;.elementor-loop-container&quot;,&quot;speed&quot;:500,&quot;image_spacing_custom_tablet&quot;:{&quot;unit&quot;:&quot;px&quot;,&quot;size&quot;:&quot;&quot;,&quot;sizes&quot;:[]},&quot;image_spacing_custom_mobile&quot;:{&quot;unit&quot;:&quot;px&quot;,&quot;size&quot;:&quot;&quot;,&quot;sizes&quot;:[]}}\" data-widget_type=\"loop-carousel.post\">\n\t\t\t\t<div class=\"elementor-widget-container\">\n\t\t\t\t\t\t\t<div class=\"swiper elementor-loop-container elementor-grid\" role=\"list\" dir=\"ltr\">\n\t\t\t\t<div class=\"swiper-wrapper\" aria-live=\"polite\">\n\t\t\t\t<div data-elementor-type=\"loop-item\" data-elementor-id=\"31729\" class=\"elementor elementor-31729 swiper-slide e-loop-item e-loop-item-32115 post-32115 anuncio type-anuncio status-publish has-post-thumbnail hentry local-do-anuncio-home-central-bloco-1-anuncio-02\" data-elementor-post-type=\"elementor_library\" role=\"group\" aria-roledescription=\"slide\" data-custom-edit-handle=\"1\">\n\t\t\t<div class=\"elementor-element elementor-element-49895aa e-con-full anuncio-individual e-flex e-con e-parent\" data-id=\"49895aa\" data-element_type=\"container\" data-e-type=\"container\">\n\t\t\t\t<div class=\"elementor-element elementor-element-e459252 elementor-widget elementor-widget-theme-post-featured-image elementor-widget-image\" data-id=\"e459252\" data-element_type=\"widget\" data-e-type=\"widget\" data-widget_type=\"theme-post-featured-image.default\">\n\t\t\t\t<div class=\"elementor-widget-container\">\n\t\t\t\t\t\t\t\t\t\t\t\t\t\t\t\t<a href=\"http:\/\/www.sp.senac.br\" target=\"_blank\">\n\t\t\t\t\t\t\t<img loading=\"lazy\" decoding=\"async\" width=\"2560\" height=\"1520\" src=\"https:\/\/revistaregional.com.br\/site\/wp-content\/uploads\/2024\/01\/TTTTTT-scaled.jpg\" class=\"attachment-full size-full wp-image-34279\" alt=\"\" srcset=\"https:\/\/revistaregional.com.br\/site\/wp-content\/uploads\/2024\/01\/TTTTTT-scaled.jpg 2560w, https:\/\/revistaregional.com.br\/site\/wp-content\/uploads\/2024\/01\/TTTTTT-300x178.jpg 300w, https:\/\/revistaregional.com.br\/site\/wp-content\/uploads\/2024\/01\/TTTTTT-1024x608.jpg 1024w, https:\/\/revistaregional.com.br\/site\/wp-content\/uploads\/2024\/01\/TTTTTT-1536x912.jpg 1536w, https:\/\/revistaregional.com.br\/site\/wp-content\/uploads\/2024\/01\/TTTTTT-2048x1216.jpg 2048w\" sizes=\"(max-width: 2560px) 100vw, 2560px\" \/>\t\t\t\t\t\t\t\t<\/a>\n\t\t\t\t\t\t\t\t\t\t\t\t\t\t\t<\/div>\n\t\t\t\t<\/div>\n\t\t\t\t<\/div>\n\t\t\t\t<\/div>\n\t\t\t\t<\/div>\n\t\t<\/div>\n\t\t\t\t\t\t<\/div>\n\t\t\t\t<\/div>\n\t\t\t\t\t<\/div>\n\t\t\t\t<\/div>\n\t\t<div class=\"elementor-element elementor-element-fc35ac0 e-flex e-con-boxed e-con e-child\" data-id=\"fc35ac0\" data-element_type=\"container\" data-e-type=\"container\">\n\t\t\t\t\t<div class=\"e-con-inner\">\n\t\t\t\t<div class=\"elementor-element elementor-element-a65b818 elementor-widget__width-inherit anuncio elementor-widget elementor-widget-loop-carousel\" data-id=\"a65b818\" data-element_type=\"widget\" data-e-type=\"widget\" data-settings=\"{&quot;template_id&quot;:&quot;31729&quot;,&quot;image_spacing_custom&quot;:{&quot;unit&quot;:&quot;px&quot;,&quot;size&quot;:0,&quot;sizes&quot;:[]},&quot;_skin&quot;:&quot;post&quot;,&quot;edit_handle_selector&quot;:&quot;.elementor-loop-container&quot;,&quot;speed&quot;:500,&quot;image_spacing_custom_tablet&quot;:{&quot;unit&quot;:&quot;px&quot;,&quot;size&quot;:&quot;&quot;,&quot;sizes&quot;:[]},&quot;image_spacing_custom_mobile&quot;:{&quot;unit&quot;:&quot;px&quot;,&quot;size&quot;:&quot;&quot;,&quot;sizes&quot;:[]}}\" data-widget_type=\"loop-carousel.post\">\n\t\t\t\t<div class=\"elementor-widget-container\">\n\t\t\t\t\t\t\t<div class=\"swiper elementor-loop-container elementor-grid\" role=\"list\" dir=\"ltr\">\n\t\t\t\t<div class=\"swiper-wrapper\" aria-live=\"polite\">\n\t\t\t\t<div data-elementor-type=\"loop-item\" data-elementor-id=\"31729\" class=\"elementor elementor-31729 swiper-slide e-loop-item e-loop-item-32116 post-32116 anuncio type-anuncio status-publish has-post-thumbnail hentry local-do-anuncio-home-central-bloco-1-anuncio-03\" data-elementor-post-type=\"elementor_library\" role=\"group\" aria-roledescription=\"slide\" data-custom-edit-handle=\"1\">\n\t\t\t<div class=\"elementor-element elementor-element-49895aa e-con-full anuncio-individual e-flex e-con e-parent\" data-id=\"49895aa\" data-element_type=\"container\" data-e-type=\"container\">\n\t\t\t\t<div class=\"elementor-element elementor-element-e459252 elementor-widget elementor-widget-theme-post-featured-image elementor-widget-image\" data-id=\"e459252\" data-element_type=\"widget\" data-e-type=\"widget\" data-widget_type=\"theme-post-featured-image.default\">\n\t\t\t\t<div class=\"elementor-widget-container\">\n\t\t\t\t\t\t\t\t\t\t\t\t\t\t\t\t<a href=\"https:\/\/www.decoratto.com.br\/\" target=\"_blank\">\n\t\t\t\t\t\t\t<img loading=\"lazy\" decoding=\"async\" width=\"2560\" height=\"1519\" src=\"https:\/\/revistaregional.com.br\/site\/wp-content\/uploads\/2024\/01\/decoratto-2-scaled.jpg\" class=\"attachment-full size-full wp-image-33668\" alt=\"\" srcset=\"https:\/\/revistaregional.com.br\/site\/wp-content\/uploads\/2024\/01\/decoratto-2-scaled.jpg 2560w, https:\/\/revistaregional.com.br\/site\/wp-content\/uploads\/2024\/01\/decoratto-2-300x178.jpg 300w, https:\/\/revistaregional.com.br\/site\/wp-content\/uploads\/2024\/01\/decoratto-2-1024x607.jpg 1024w, https:\/\/revistaregional.com.br\/site\/wp-content\/uploads\/2024\/01\/decoratto-2-1536x911.jpg 1536w, https:\/\/revistaregional.com.br\/site\/wp-content\/uploads\/2024\/01\/decoratto-2-2048x1215.jpg 2048w\" sizes=\"(max-width: 2560px) 100vw, 2560px\" \/>\t\t\t\t\t\t\t\t<\/a>\n\t\t\t\t\t\t\t\t\t\t\t\t\t\t\t<\/div>\n\t\t\t\t<\/div>\n\t\t\t\t<\/div>\n\t\t\t\t<\/div>\n\t\t\t\t<\/div>\n\t\t<\/div>\n\t\t\t\t\t\t<\/div>\n\t\t\t\t<\/div>\n\t\t\t\t\t<\/div>\n\t\t\t\t<\/div>\n\t\t\t\t\t<\/div>\n\t\t\t\t<\/div>\n\t\t\t\t<\/div>\n\t\t<div class=\"elementor-element elementor-element-63d17ec e-con-full e-flex e-con e-child\" data-id=\"63d17ec\" data-element_type=\"container\" data-e-type=\"container\">\n\t\t\t\t<div class=\"elementor-element elementor-element-7d2d9b0 elementor-widget elementor-widget-heading\" data-id=\"7d2d9b0\" data-element_type=\"widget\" data-e-type=\"widget\" data-widget_type=\"heading.default\">\n\t\t\t\t<div class=\"elementor-widget-container\">\n\t\t\t\t\t<h2 class=\"elementor-heading-title elementor-size-default\"># CIRCULANDO<\/h2>\t\t\t\t<\/div>\n\t\t\t\t<\/div>\n\t\t\t\t<div class=\"elementor-element elementor-element-e2906bd elementor-widget__width-inherit elementor-arrows-position-inside elementor-widget elementor-widget-loop-carousel\" data-id=\"e2906bd\" data-element_type=\"widget\" data-e-type=\"widget\" data-settings=\"{&quot;template_id&quot;:&quot;31882&quot;,&quot;slides_to_show&quot;:&quot;1&quot;,&quot;image_spacing_custom&quot;:{&quot;unit&quot;:&quot;px&quot;,&quot;size&quot;:0,&quot;sizes&quot;:[]},&quot;_skin&quot;:&quot;post&quot;,&quot;slides_to_show_tablet&quot;:&quot;2&quot;,&quot;slides_to_show_mobile&quot;:&quot;1&quot;,&quot;slides_to_scroll&quot;:&quot;1&quot;,&quot;edit_handle_selector&quot;:&quot;.elementor-loop-container&quot;,&quot;autoplay&quot;:&quot;yes&quot;,&quot;autoplay_speed&quot;:5000,&quot;infinite&quot;:&quot;yes&quot;,&quot;speed&quot;:500,&quot;offset_sides&quot;:&quot;none&quot;,&quot;arrows&quot;:&quot;yes&quot;,&quot;image_spacing_custom_tablet&quot;:{&quot;unit&quot;:&quot;px&quot;,&quot;size&quot;:&quot;&quot;,&quot;sizes&quot;:[]},&quot;image_spacing_custom_mobile&quot;:{&quot;unit&quot;:&quot;px&quot;,&quot;size&quot;:&quot;&quot;,&quot;sizes&quot;:[]}}\" data-widget_type=\"loop-carousel.post\">\n\t\t\t\t<div class=\"elementor-widget-container\">\n\t\t\t\t\t\t\t<div class=\"swiper elementor-loop-container elementor-grid\" role=\"list\" dir=\"ltr\">\n\t\t\t\t<div class=\"swiper-wrapper\" aria-live=\"off\">\n\t\t<style id=\"loop-31882\">.elementor-31882 .elementor-element.elementor-element-3832585{--display:flex;--flex-direction:column;--container-widget-width:100%;--container-widget-height:initial;--container-widget-flex-grow:0;--container-widget-align-self:initial;--flex-wrap-mobile:wrap;--margin-top:0px;--margin-bottom:0px;--margin-left:0px;--margin-right:0px;--padding-top:0px;--padding-bottom:0px;--padding-left:0px;--padding-right:0px;}.elementor-widget-theme-post-featured-image .widget-image-caption{color:var( --e-global-color-text );font-family:var( --e-global-typography-text-font-family ), Sans-serif;font-weight:var( --e-global-typography-text-font-weight );}.elementor-31882 .elementor-element.elementor-element-6719822 .widget-image-caption{text-align:center;color:#FFFFFF;background-color:#8F8F8FB8;font-family:\"Roboto\", Sans-serif;font-size:14px;font-weight:400;}<\/style>\t\t<div data-elementor-type=\"loop-item\" data-elementor-id=\"31882\" class=\"elementor elementor-31882 swiper-slide e-loop-item e-loop-item-36554 post-36554 social type-social status-publish has-post-thumbnail hentry categoria-de-social-circulando-1\" data-elementor-post-type=\"elementor_library\" role=\"group\" aria-roledescription=\"slide\" data-custom-edit-handle=\"1\">\n\t\t\t<div class=\"elementor-element elementor-element-3832585 e-con-full e-flex e-con e-parent\" data-id=\"3832585\" data-element_type=\"container\" data-e-type=\"container\">\n\t\t\t\t<div class=\"elementor-element elementor-element-6719822 elementor-widget elementor-widget-theme-post-featured-image elementor-widget-image\" data-id=\"6719822\" data-element_type=\"widget\" data-e-type=\"widget\" data-widget_type=\"theme-post-featured-image.default\">\n\t\t\t\t<div class=\"elementor-widget-container\">\n\t\t\t\t\t\t\t\t\t\t\t\t<figure class=\"wp-caption\">\n\t\t\t\t\t\t\t\t\t\t\t<a href=\"https:\/\/revistaregional.com.br\/site\/2026\/03\/23\/regional-promove-mulheres-de-sucesso-2026\/\">\n\t\t\t\t\t\t\t<img loading=\"lazy\" decoding=\"async\" width=\"1000\" height=\"1500\" src=\"https:\/\/revistaregional.com.br\/site\/wp-content\/uploads\/2026\/03\/mulheres-de-sucesso-2026-05.jpg\" class=\"attachment-full size-full wp-image-36498\" alt=\"\" srcset=\"https:\/\/revistaregional.com.br\/site\/wp-content\/uploads\/2026\/03\/mulheres-de-sucesso-2026-05.jpg 1000w, https:\/\/revistaregional.com.br\/site\/wp-content\/uploads\/2026\/03\/mulheres-de-sucesso-2026-05-200x300.jpg 200w, https:\/\/revistaregional.com.br\/site\/wp-content\/uploads\/2026\/03\/mulheres-de-sucesso-2026-05-683x1024.jpg 683w\" sizes=\"(max-width: 1000px) 100vw, 1000px\" \/>\t\t\t\t\t\t\t\t<\/a>\n\t\t\t\t\t\t\t\t\t\t\t<figcaption class=\"widget-image-caption wp-caption-text\">Regional promove \u2018Mulheres de Sucesso 2026\u2019<\/figcaption>\n\t\t\t\t\t\t\t\t\t\t<\/figure>\n\t\t\t\t\t\t\t\t\t<\/div>\n\t\t\t\t<\/div>\n\t\t\t\t<\/div>\n\t\t\t\t<\/div>\n\t\t\t\t<div data-elementor-type=\"loop-item\" data-elementor-id=\"31882\" class=\"elementor elementor-31882 swiper-slide e-loop-item e-loop-item-36553 post-36553 social type-social status-publish has-post-thumbnail hentry categoria-de-social-circulando-1\" data-elementor-post-type=\"elementor_library\" role=\"group\" aria-roledescription=\"slide\" data-custom-edit-handle=\"1\">\n\t\t\t<div class=\"elementor-element elementor-element-3832585 e-con-full e-flex e-con e-parent\" data-id=\"3832585\" data-element_type=\"container\" data-e-type=\"container\">\n\t\t\t\t<div class=\"elementor-element elementor-element-6719822 elementor-widget elementor-widget-theme-post-featured-image elementor-widget-image\" data-id=\"6719822\" data-element_type=\"widget\" data-e-type=\"widget\" data-widget_type=\"theme-post-featured-image.default\">\n\t\t\t\t<div class=\"elementor-widget-container\">\n\t\t\t\t\t\t\t\t\t\t\t\t<figure class=\"wp-caption\">\n\t\t\t\t\t\t\t\t\t\t\t<a href=\"https:\/\/revistaregional.com.br\/site\/2026\/03\/23\/regional-promove-mulheres-de-sucesso-2026\/\">\n\t\t\t\t\t\t\t<img loading=\"lazy\" decoding=\"async\" width=\"1000\" height=\"1500\" src=\"https:\/\/revistaregional.com.br\/site\/wp-content\/uploads\/2026\/03\/mulheres-de-sucesso-2026-04.jpg\" class=\"attachment-full size-full wp-image-36497\" alt=\"\" srcset=\"https:\/\/revistaregional.com.br\/site\/wp-content\/uploads\/2026\/03\/mulheres-de-sucesso-2026-04.jpg 1000w, https:\/\/revistaregional.com.br\/site\/wp-content\/uploads\/2026\/03\/mulheres-de-sucesso-2026-04-200x300.jpg 200w, https:\/\/revistaregional.com.br\/site\/wp-content\/uploads\/2026\/03\/mulheres-de-sucesso-2026-04-683x1024.jpg 683w\" sizes=\"(max-width: 1000px) 100vw, 1000px\" \/>\t\t\t\t\t\t\t\t<\/a>\n\t\t\t\t\t\t\t\t\t\t\t<figcaption class=\"widget-image-caption wp-caption-text\">Regional promove \u2018Mulheres de Sucesso 2026\u2019<\/figcaption>\n\t\t\t\t\t\t\t\t\t\t<\/figure>\n\t\t\t\t\t\t\t\t\t<\/div>\n\t\t\t\t<\/div>\n\t\t\t\t<\/div>\n\t\t\t\t<\/div>\n\t\t\t\t<div data-elementor-type=\"loop-item\" data-elementor-id=\"31882\" class=\"elementor elementor-31882 swiper-slide e-loop-item e-loop-item-36552 post-36552 social type-social status-publish has-post-thumbnail hentry categoria-de-social-circulando-1\" data-elementor-post-type=\"elementor_library\" role=\"group\" aria-roledescription=\"slide\" data-custom-edit-handle=\"1\">\n\t\t\t<div class=\"elementor-element elementor-element-3832585 e-con-full e-flex e-con e-parent\" data-id=\"3832585\" data-element_type=\"container\" data-e-type=\"container\">\n\t\t\t\t<div class=\"elementor-element elementor-element-6719822 elementor-widget elementor-widget-theme-post-featured-image elementor-widget-image\" data-id=\"6719822\" data-element_type=\"widget\" data-e-type=\"widget\" data-widget_type=\"theme-post-featured-image.default\">\n\t\t\t\t<div class=\"elementor-widget-container\">\n\t\t\t\t\t\t\t\t\t\t\t\t<figure class=\"wp-caption\">\n\t\t\t\t\t\t\t\t\t\t\t<a href=\"https:\/\/revistaregional.com.br\/site\/2026\/03\/23\/regional-promove-mulheres-de-sucesso-2026\/\">\n\t\t\t\t\t\t\t<img loading=\"lazy\" decoding=\"async\" width=\"1000\" height=\"1500\" src=\"https:\/\/revistaregional.com.br\/site\/wp-content\/uploads\/2026\/03\/mulheres-de-sucesso-2026-03.jpg\" class=\"attachment-full size-full wp-image-36496\" alt=\"\" srcset=\"https:\/\/revistaregional.com.br\/site\/wp-content\/uploads\/2026\/03\/mulheres-de-sucesso-2026-03.jpg 1000w, https:\/\/revistaregional.com.br\/site\/wp-content\/uploads\/2026\/03\/mulheres-de-sucesso-2026-03-200x300.jpg 200w, https:\/\/revistaregional.com.br\/site\/wp-content\/uploads\/2026\/03\/mulheres-de-sucesso-2026-03-683x1024.jpg 683w\" sizes=\"(max-width: 1000px) 100vw, 1000px\" \/>\t\t\t\t\t\t\t\t<\/a>\n\t\t\t\t\t\t\t\t\t\t\t<figcaption class=\"widget-image-caption wp-caption-text\">Regional promove \u2018Mulheres de Sucesso 2026\u2019<\/figcaption>\n\t\t\t\t\t\t\t\t\t\t<\/figure>\n\t\t\t\t\t\t\t\t\t<\/div>\n\t\t\t\t<\/div>\n\t\t\t\t<\/div>\n\t\t\t\t<\/div>\n\t\t\t\t<div data-elementor-type=\"loop-item\" data-elementor-id=\"31882\" class=\"elementor elementor-31882 swiper-slide e-loop-item e-loop-item-36551 post-36551 social type-social status-publish has-post-thumbnail hentry categoria-de-social-circulando-1\" data-elementor-post-type=\"elementor_library\" role=\"group\" aria-roledescription=\"slide\" data-custom-edit-handle=\"1\">\n\t\t\t<div class=\"elementor-element elementor-element-3832585 e-con-full e-flex e-con e-parent\" data-id=\"3832585\" data-element_type=\"container\" data-e-type=\"container\">\n\t\t\t\t<div class=\"elementor-element elementor-element-6719822 elementor-widget elementor-widget-theme-post-featured-image elementor-widget-image\" data-id=\"6719822\" data-element_type=\"widget\" data-e-type=\"widget\" data-widget_type=\"theme-post-featured-image.default\">\n\t\t\t\t<div class=\"elementor-widget-container\">\n\t\t\t\t\t\t\t\t\t\t\t\t<figure class=\"wp-caption\">\n\t\t\t\t\t\t\t\t\t\t\t<a href=\"https:\/\/revistaregional.com.br\/site\/2026\/03\/23\/regional-promove-mulheres-de-sucesso-2026\/\">\n\t\t\t\t\t\t\t<img loading=\"lazy\" decoding=\"async\" width=\"1000\" height=\"1500\" src=\"https:\/\/revistaregional.com.br\/site\/wp-content\/uploads\/2026\/03\/mulheres-de-sucesso-2026-02.jpg\" class=\"attachment-full size-full wp-image-36495\" alt=\"\" srcset=\"https:\/\/revistaregional.com.br\/site\/wp-content\/uploads\/2026\/03\/mulheres-de-sucesso-2026-02.jpg 1000w, https:\/\/revistaregional.com.br\/site\/wp-content\/uploads\/2026\/03\/mulheres-de-sucesso-2026-02-200x300.jpg 200w, https:\/\/revistaregional.com.br\/site\/wp-content\/uploads\/2026\/03\/mulheres-de-sucesso-2026-02-683x1024.jpg 683w\" sizes=\"(max-width: 1000px) 100vw, 1000px\" \/>\t\t\t\t\t\t\t\t<\/a>\n\t\t\t\t\t\t\t\t\t\t\t<figcaption class=\"widget-image-caption wp-caption-text\">Regional promove \u2018Mulheres de Sucesso 2026\u2019<\/figcaption>\n\t\t\t\t\t\t\t\t\t\t<\/figure>\n\t\t\t\t\t\t\t\t\t<\/div>\n\t\t\t\t<\/div>\n\t\t\t\t<\/div>\n\t\t\t\t<\/div>\n\t\t\t\t<div data-elementor-type=\"loop-item\" data-elementor-id=\"31882\" class=\"elementor elementor-31882 swiper-slide e-loop-item e-loop-item-36550 post-36550 social type-social status-publish has-post-thumbnail hentry categoria-de-social-circulando-1\" data-elementor-post-type=\"elementor_library\" role=\"group\" aria-roledescription=\"slide\" data-custom-edit-handle=\"1\">\n\t\t\t<div class=\"elementor-element elementor-element-3832585 e-con-full e-flex e-con e-parent\" data-id=\"3832585\" data-element_type=\"container\" data-e-type=\"container\">\n\t\t\t\t<div class=\"elementor-element elementor-element-6719822 elementor-widget elementor-widget-theme-post-featured-image elementor-widget-image\" data-id=\"6719822\" data-element_type=\"widget\" data-e-type=\"widget\" data-widget_type=\"theme-post-featured-image.default\">\n\t\t\t\t<div class=\"elementor-widget-container\">\n\t\t\t\t\t\t\t\t\t\t\t\t<figure class=\"wp-caption\">\n\t\t\t\t\t\t\t\t\t\t\t<a href=\"https:\/\/revistaregional.com.br\/site\/2026\/03\/23\/regional-promove-mulheres-de-sucesso-2026\/\">\n\t\t\t\t\t\t\t<img loading=\"lazy\" decoding=\"async\" width=\"1000\" height=\"1500\" src=\"https:\/\/revistaregional.com.br\/site\/wp-content\/uploads\/2026\/03\/mulheres-de-sucesso-2026-01.jpg\" class=\"attachment-full size-full wp-image-36494\" alt=\"\" srcset=\"https:\/\/revistaregional.com.br\/site\/wp-content\/uploads\/2026\/03\/mulheres-de-sucesso-2026-01.jpg 1000w, https:\/\/revistaregional.com.br\/site\/wp-content\/uploads\/2026\/03\/mulheres-de-sucesso-2026-01-200x300.jpg 200w, https:\/\/revistaregional.com.br\/site\/wp-content\/uploads\/2026\/03\/mulheres-de-sucesso-2026-01-683x1024.jpg 683w\" sizes=\"(max-width: 1000px) 100vw, 1000px\" \/>\t\t\t\t\t\t\t\t<\/a>\n\t\t\t\t\t\t\t\t\t\t\t<figcaption class=\"widget-image-caption wp-caption-text\">Regional promove \u2018Mulheres de Sucesso 2026\u2019<\/figcaption>\n\t\t\t\t\t\t\t\t\t\t<\/figure>\n\t\t\t\t\t\t\t\t\t<\/div>\n\t\t\t\t<\/div>\n\t\t\t\t<\/div>\n\t\t\t\t<\/div>\n\t\t\t\t<\/div>\n\t\t<\/div>\n\t\t\t\t\t<div class=\"elementor-swiper-button elementor-swiper-button-prev\" role=\"button\" tabindex=\"0\" aria-label=\"Anterior\">\n\t\t\t\t<svg aria-hidden=\"true\" class=\"e-font-icon-svg e-eicon-chevron-left\" viewBox=\"0 0 1000 1000\" xmlns=\"http:\/\/www.w3.org\/2000\/svg\"><path d=\"M646 125C629 125 613 133 604 142L308 442C296 454 292 471 292 487 292 504 296 521 308 533L604 854C617 867 629 875 646 875 663 875 679 871 692 858 704 846 713 829 713 812 713 796 708 779 692 767L438 487 692 225C700 217 708 204 708 187 708 171 704 154 692 142 675 129 663 125 646 125Z\"><\/path><\/svg>\t\t\t<\/div>\n\t\t\t<div class=\"elementor-swiper-button elementor-swiper-button-next\" role=\"button\" tabindex=\"0\" aria-label=\"Pr\u00f3ximo\">\n\t\t\t\t<svg aria-hidden=\"true\" class=\"e-font-icon-svg e-eicon-chevron-right\" viewBox=\"0 0 1000 1000\" xmlns=\"http:\/\/www.w3.org\/2000\/svg\"><path d=\"M696 533C708 521 713 504 713 487 713 471 708 454 696 446L400 146C388 133 375 125 354 125 338 125 325 129 313 142 300 154 292 171 292 187 292 204 296 221 308 233L563 492 304 771C292 783 288 800 288 817 288 833 296 850 308 863 321 871 338 875 354 875 371 875 388 867 400 854L696 533Z\"><\/path><\/svg>\t\t\t<\/div>\n\t\t\t\t\t\t<\/div>\n\t\t\t\t<\/div>\n\t\t\t\t<div class=\"elementor-element elementor-element-446d856 elementor-widget__width-inherit elementor-hidden-desktop elementor-hidden-tablet elementor-hidden-mobile elementor-arrows-position-inside elementor-widget elementor-widget-loop-carousel\" data-id=\"446d856\" data-element_type=\"widget\" data-e-type=\"widget\" data-settings=\"{&quot;template_id&quot;:&quot;32594&quot;,&quot;slides_to_show&quot;:&quot;1&quot;,&quot;image_spacing_custom&quot;:{&quot;unit&quot;:&quot;px&quot;,&quot;size&quot;:0,&quot;sizes&quot;:[]},&quot;_skin&quot;:&quot;post&quot;,&quot;slides_to_show_tablet&quot;:&quot;2&quot;,&quot;slides_to_show_mobile&quot;:&quot;1&quot;,&quot;slides_to_scroll&quot;:&quot;1&quot;,&quot;edit_handle_selector&quot;:&quot;.elementor-loop-container&quot;,&quot;autoplay&quot;:&quot;yes&quot;,&quot;autoplay_speed&quot;:5000,&quot;infinite&quot;:&quot;yes&quot;,&quot;speed&quot;:500,&quot;offset_sides&quot;:&quot;none&quot;,&quot;arrows&quot;:&quot;yes&quot;,&quot;image_spacing_custom_tablet&quot;:{&quot;unit&quot;:&quot;px&quot;,&quot;size&quot;:&quot;&quot;,&quot;sizes&quot;:[]},&quot;image_spacing_custom_mobile&quot;:{&quot;unit&quot;:&quot;px&quot;,&quot;size&quot;:&quot;&quot;,&quot;sizes&quot;:[]}}\" data-widget_type=\"loop-carousel.post\">\n\t\t\t\t<div class=\"elementor-widget-container\">\n\t\t\t\t\t\t\t<div class=\"swiper elementor-loop-container elementor-grid\" role=\"list\" dir=\"ltr\">\n\t\t\t\t<div class=\"swiper-wrapper\" aria-live=\"off\">\n\t\t<style id=\"loop-32594\">.elementor-32594 .elementor-element.elementor-element-41a17e82{--display:flex;--flex-direction:column;--container-widget-width:100%;--container-widget-height:initial;--container-widget-flex-grow:0;--container-widget-align-self:initial;--flex-wrap-mobile:wrap;--margin-top:0px;--margin-bottom:0px;--margin-left:0px;--margin-right:0px;--padding-top:0px;--padding-bottom:0px;--padding-left:0px;--padding-right:0px;}.elementor-widget-theme-post-featured-image .widget-image-caption{color:var( --e-global-color-text );font-family:var( --e-global-typography-text-font-family ), Sans-serif;font-weight:var( --e-global-typography-text-font-weight );}.elementor-32594 .elementor-element.elementor-element-778880f8 img{height:230px;object-fit:cover;object-position:center left;}.elementor-32594 .elementor-element.elementor-element-778880f8 .widget-image-caption{text-align:center;color:#FFFFFF;background-color:#8F8F8FB8;font-family:\"Roboto\", Sans-serif;font-size:14px;font-weight:400;}<\/style>\t\t<div data-elementor-type=\"loop-item\" data-elementor-id=\"32594\" class=\"elementor elementor-32594 swiper-slide e-loop-item e-loop-item-36493 post-36493 post type-post status-publish format-standard has-post-thumbnail hentry category-circulando category-destaque-lateral\" data-elementor-post-type=\"elementor_library\" role=\"group\" aria-roledescription=\"slide\" data-custom-edit-handle=\"1\">\n\t\t\t<div class=\"elementor-element elementor-element-41a17e82 e-con-full e-flex e-con e-parent\" data-id=\"41a17e82\" data-element_type=\"container\" data-e-type=\"container\">\n\t\t\t\t<div class=\"elementor-element elementor-element-778880f8 elementor-widget elementor-widget-theme-post-featured-image elementor-widget-image\" data-id=\"778880f8\" data-element_type=\"widget\" data-e-type=\"widget\" data-widget_type=\"theme-post-featured-image.default\">\n\t\t\t\t<div class=\"elementor-widget-container\">\n\t\t\t\t\t\t\t\t\t\t\t\t<figure class=\"wp-caption\">\n\t\t\t\t\t\t\t\t\t\t\t<a href=\"https:\/\/revistaregional.com.br\/site\/2026\/03\/23\/regional-promove-mulheres-de-sucesso-2026\/\">\n\t\t\t\t\t\t\t<img loading=\"lazy\" decoding=\"async\" width=\"1000\" height=\"1500\" src=\"https:\/\/revistaregional.com.br\/site\/wp-content\/uploads\/2026\/03\/mulheres-de-sucesso-2026-51.jpg\" class=\"attachment-full size-full wp-image-36544\" alt=\"\" srcset=\"https:\/\/revistaregional.com.br\/site\/wp-content\/uploads\/2026\/03\/mulheres-de-sucesso-2026-51.jpg 1000w, https:\/\/revistaregional.com.br\/site\/wp-content\/uploads\/2026\/03\/mulheres-de-sucesso-2026-51-200x300.jpg 200w, https:\/\/revistaregional.com.br\/site\/wp-content\/uploads\/2026\/03\/mulheres-de-sucesso-2026-51-683x1024.jpg 683w\" sizes=\"(max-width: 1000px) 100vw, 1000px\" \/>\t\t\t\t\t\t\t\t<\/a>\n\t\t\t\t\t\t\t\t\t\t\t<figcaption class=\"widget-image-caption wp-caption-text\">Regional promove \u2018Mulheres de Sucesso 2026\u2019<\/figcaption>\n\t\t\t\t\t\t\t\t\t\t<\/figure>\n\t\t\t\t\t\t\t\t\t<\/div>\n\t\t\t\t<\/div>\n\t\t\t\t<\/div>\n\t\t\t\t<\/div>\n\t\t\t\t<div data-elementor-type=\"loop-item\" data-elementor-id=\"32594\" class=\"elementor elementor-32594 swiper-slide e-loop-item e-loop-item-36238 post-36238 post type-post status-publish format-standard has-post-thumbnail hentry category-circulando\" data-elementor-post-type=\"elementor_library\" role=\"group\" aria-roledescription=\"slide\" data-custom-edit-handle=\"1\">\n\t\t\t<div class=\"elementor-element elementor-element-41a17e82 e-con-full e-flex e-con e-parent\" data-id=\"41a17e82\" data-element_type=\"container\" data-e-type=\"container\">\n\t\t\t\t<div class=\"elementor-element elementor-element-778880f8 elementor-widget elementor-widget-theme-post-featured-image elementor-widget-image\" data-id=\"778880f8\" data-element_type=\"widget\" data-e-type=\"widget\" data-widget_type=\"theme-post-featured-image.default\">\n\t\t\t\t<div class=\"elementor-widget-container\">\n\t\t\t\t\t\t\t\t\t\t\t\t<figure class=\"wp-caption\">\n\t\t\t\t\t\t\t\t\t\t\t<a href=\"https:\/\/revistaregional.com.br\/site\/2026\/01\/27\/grupo-mari-semijoias-celebra-30-anos-de-sucesso\/\">\n\t\t\t\t\t\t\t<img loading=\"lazy\" decoding=\"async\" width=\"1502\" height=\"1000\" src=\"https:\/\/revistaregional.com.br\/site\/wp-content\/uploads\/2026\/01\/grupo-mari-semijoias-18.jpg\" class=\"attachment-full size-full wp-image-36256\" alt=\"\" \/>\t\t\t\t\t\t\t\t<\/a>\n\t\t\t\t\t\t\t\t\t\t\t<figcaption class=\"widget-image-caption wp-caption-text\">Grupo Mari Semijoias celebra 30 anos de sucesso<\/figcaption>\n\t\t\t\t\t\t\t\t\t\t<\/figure>\n\t\t\t\t\t\t\t\t\t<\/div>\n\t\t\t\t<\/div>\n\t\t\t\t<\/div>\n\t\t\t\t<\/div>\n\t\t\t\t<div data-elementor-type=\"loop-item\" data-elementor-id=\"32594\" class=\"elementor elementor-32594 swiper-slide e-loop-item e-loop-item-36076 post-36076 post type-post status-publish format-standard has-post-thumbnail hentry category-circulando category-slide\" data-elementor-post-type=\"elementor_library\" role=\"group\" aria-roledescription=\"slide\" data-custom-edit-handle=\"1\">\n\t\t\t<div class=\"elementor-element elementor-element-41a17e82 e-con-full e-flex e-con e-parent\" data-id=\"41a17e82\" data-element_type=\"container\" data-e-type=\"container\">\n\t\t\t\t<div class=\"elementor-element elementor-element-778880f8 elementor-widget elementor-widget-theme-post-featured-image elementor-widget-image\" data-id=\"778880f8\" data-element_type=\"widget\" data-e-type=\"widget\" data-widget_type=\"theme-post-featured-image.default\">\n\t\t\t\t<div class=\"elementor-widget-container\">\n\t\t\t\t\t\t\t\t\t\t\t\t<figure class=\"wp-caption\">\n\t\t\t\t\t\t\t\t\t\t\t<a href=\"https:\/\/revistaregional.com.br\/site\/2025\/12\/13\/renato-lima-lanca-edicao-com-sobrecapa-de-seu-romance\/\">\n\t\t\t\t\t\t\t<img loading=\"lazy\" decoding=\"async\" width=\"1500\" height=\"1000\" src=\"https:\/\/revistaregional.com.br\/site\/wp-content\/uploads\/2025\/12\/1000150270.jpg\" class=\"attachment-full size-full wp-image-36152\" alt=\"\" \/>\t\t\t\t\t\t\t\t<\/a>\n\t\t\t\t\t\t\t\t\t\t\t<figcaption class=\"widget-image-caption wp-caption-text\">Renato Lima lan\u00e7a edi\u00e7\u00e3o com sobrecapa de seu romance<\/figcaption>\n\t\t\t\t\t\t\t\t\t\t<\/figure>\n\t\t\t\t\t\t\t\t\t<\/div>\n\t\t\t\t<\/div>\n\t\t\t\t<\/div>\n\t\t\t\t<\/div>\n\t\t\t\t<div data-elementor-type=\"loop-item\" data-elementor-id=\"32594\" class=\"elementor elementor-32594 swiper-slide e-loop-item e-loop-item-35954 post-35954 post type-post status-publish format-standard has-post-thumbnail hentry category-circulando category-destaque-lateral category-slide\" data-elementor-post-type=\"elementor_library\" role=\"group\" aria-roledescription=\"slide\" data-custom-edit-handle=\"1\">\n\t\t\t<div class=\"elementor-element elementor-element-41a17e82 e-con-full e-flex e-con e-parent\" data-id=\"41a17e82\" data-element_type=\"container\" data-e-type=\"container\">\n\t\t\t\t<div class=\"elementor-element elementor-element-778880f8 elementor-widget elementor-widget-theme-post-featured-image elementor-widget-image\" data-id=\"778880f8\" data-element_type=\"widget\" data-e-type=\"widget\" data-widget_type=\"theme-post-featured-image.default\">\n\t\t\t\t<div class=\"elementor-widget-container\">\n\t\t\t\t\t\t\t\t\t\t\t\t<figure class=\"wp-caption\">\n\t\t\t\t\t\t\t\t\t\t\t<a href=\"https:\/\/revistaregional.com.br\/site\/2025\/11\/12\/perola-negra-participa-do-cha-beneficente-com-desfile-do-rotary\/\">\n\t\t\t\t\t\t\t<img loading=\"lazy\" decoding=\"async\" width=\"1498\" height=\"1000\" src=\"https:\/\/revistaregional.com.br\/site\/wp-content\/uploads\/2025\/11\/desfile-perola-negra-07.jpg\" class=\"attachment-full size-full wp-image-35961\" alt=\"\" srcset=\"https:\/\/revistaregional.com.br\/site\/wp-content\/uploads\/2025\/11\/desfile-perola-negra-07.jpg 1498w, https:\/\/revistaregional.com.br\/site\/wp-content\/uploads\/2025\/11\/desfile-perola-negra-07-300x200.jpg 300w, https:\/\/revistaregional.com.br\/site\/wp-content\/uploads\/2025\/11\/desfile-perola-negra-07-1024x684.jpg 1024w\" sizes=\"(max-width: 1498px) 100vw, 1498px\" \/>\t\t\t\t\t\t\t\t<\/a>\n\t\t\t\t\t\t\t\t\t\t\t<figcaption class=\"widget-image-caption wp-caption-text\">P\u00e9rola Negra participa do Ch\u00e1 Beneficente com Desfile do Rotary<\/figcaption>\n\t\t\t\t\t\t\t\t\t\t<\/figure>\n\t\t\t\t\t\t\t\t\t<\/div>\n\t\t\t\t<\/div>\n\t\t\t\t<\/div>\n\t\t\t\t<\/div>\n\t\t\t\t<div data-elementor-type=\"loop-item\" data-elementor-id=\"32594\" class=\"elementor elementor-32594 swiper-slide e-loop-item e-loop-item-35910 post-35910 post type-post status-publish format-standard has-post-thumbnail hentry category-circulando category-destaque-lateral\" data-elementor-post-type=\"elementor_library\" role=\"group\" aria-roledescription=\"slide\" data-custom-edit-handle=\"1\">\n\t\t\t<div class=\"elementor-element elementor-element-41a17e82 e-con-full e-flex e-con e-parent\" data-id=\"41a17e82\" data-element_type=\"container\" data-e-type=\"container\">\n\t\t\t\t<div class=\"elementor-element elementor-element-778880f8 elementor-widget elementor-widget-theme-post-featured-image elementor-widget-image\" data-id=\"778880f8\" data-element_type=\"widget\" data-e-type=\"widget\" data-widget_type=\"theme-post-featured-image.default\">\n\t\t\t\t<div class=\"elementor-widget-container\">\n\t\t\t\t\t\t\t\t\t\t\t\t<figure class=\"wp-caption\">\n\t\t\t\t\t\t\t\t\t\t\t<a href=\"https:\/\/revistaregional.com.br\/site\/2025\/11\/10\/exposicao-dos-pintores-com-a-boca-e-os-pes\/\">\n\t\t\t\t\t\t\t<img loading=\"lazy\" decoding=\"async\" width=\"1500\" height=\"1000\" src=\"https:\/\/revistaregional.com.br\/site\/wp-content\/uploads\/2025\/11\/pintores-com-a-boca-e-os-pes-08.jpg\" class=\"attachment-full size-full wp-image-35918\" alt=\"\" srcset=\"https:\/\/revistaregional.com.br\/site\/wp-content\/uploads\/2025\/11\/pintores-com-a-boca-e-os-pes-08.jpg 1500w, https:\/\/revistaregional.com.br\/site\/wp-content\/uploads\/2025\/11\/pintores-com-a-boca-e-os-pes-08-300x200.jpg 300w, https:\/\/revistaregional.com.br\/site\/wp-content\/uploads\/2025\/11\/pintores-com-a-boca-e-os-pes-08-1024x683.jpg 1024w\" sizes=\"(max-width: 1500px) 100vw, 1500px\" \/>\t\t\t\t\t\t\t\t<\/a>\n\t\t\t\t\t\t\t\t\t\t\t<figcaption class=\"widget-image-caption wp-caption-text\">Kobra sedia exposi\u00e7\u00e3o dos \u2018Pintores com a Boca e os P\u00e9s\u2019<\/figcaption>\n\t\t\t\t\t\t\t\t\t\t<\/figure>\n\t\t\t\t\t\t\t\t\t<\/div>\n\t\t\t\t<\/div>\n\t\t\t\t<\/div>\n\t\t\t\t<\/div>\n\t\t\t\t<\/div>\n\t\t<\/div>\n\t\t\t\t\t<div class=\"elementor-swiper-button elementor-swiper-button-prev\" role=\"button\" tabindex=\"0\" aria-label=\"Anterior\">\n\t\t\t\t<svg aria-hidden=\"true\" class=\"e-font-icon-svg e-eicon-chevron-left\" viewBox=\"0 0 1000 1000\" xmlns=\"http:\/\/www.w3.org\/2000\/svg\"><path d=\"M646 125C629 125 613 133 604 142L308 442C296 454 292 471 292 487 292 504 296 521 308 533L604 854C617 867 629 875 646 875 663 875 679 871 692 858 704 846 713 829 713 812 713 796 708 779 692 767L438 487 692 225C700 217 708 204 708 187 708 171 704 154 692 142 675 129 663 125 646 125Z\"><\/path><\/svg>\t\t\t<\/div>\n\t\t\t<div class=\"elementor-swiper-button elementor-swiper-button-next\" role=\"button\" tabindex=\"0\" aria-label=\"Pr\u00f3ximo\">\n\t\t\t\t<svg aria-hidden=\"true\" class=\"e-font-icon-svg e-eicon-chevron-right\" viewBox=\"0 0 1000 1000\" xmlns=\"http:\/\/www.w3.org\/2000\/svg\"><path d=\"M696 533C708 521 713 504 713 487 713 471 708 454 696 446L400 146C388 133 375 125 354 125 338 125 325 129 313 142 300 154 292 171 292 187 292 204 296 221 308 233L563 492 304 771C292 783 288 800 288 817 288 833 296 850 308 863 321 871 338 875 354 875 371 875 388 867 400 854L696 533Z\"><\/path><\/svg>\t\t\t<\/div>\n\t\t\t\t\t\t<\/div>\n\t\t\t\t<\/div>\n\t\t\t\t<div class=\"elementor-element elementor-element-c79bd97 elementor-widget elementor-widget-heading\" data-id=\"c79bd97\" data-element_type=\"widget\" data-e-type=\"widget\" data-widget_type=\"heading.default\">\n\t\t\t\t<div class=\"elementor-widget-container\">\n\t\t\t\t\t<h2 class=\"elementor-heading-title elementor-size-default\"># NOSSOS PARCEIROS<\/h2>\t\t\t\t<\/div>\n\t\t\t\t<\/div>\n\t\t\t\t<div class=\"elementor-element elementor-element-3ec78cd elementor-widget__width-inherit anuncio elementor-widget elementor-widget-loop-carousel\" data-id=\"3ec78cd\" data-element_type=\"widget\" data-e-type=\"widget\" data-settings=\"{&quot;template_id&quot;:&quot;31729&quot;,&quot;image_spacing_custom&quot;:{&quot;unit&quot;:&quot;px&quot;,&quot;size&quot;:0,&quot;sizes&quot;:[]},&quot;_skin&quot;:&quot;post&quot;,&quot;edit_handle_selector&quot;:&quot;.elementor-loop-container&quot;,&quot;speed&quot;:500,&quot;image_spacing_custom_tablet&quot;:{&quot;unit&quot;:&quot;px&quot;,&quot;size&quot;:&quot;&quot;,&quot;sizes&quot;:[]},&quot;image_spacing_custom_mobile&quot;:{&quot;unit&quot;:&quot;px&quot;,&quot;size&quot;:&quot;&quot;,&quot;sizes&quot;:[]}}\" data-widget_type=\"loop-carousel.post\">\n\t\t\t\t<div class=\"elementor-widget-container\">\n\t\t\t\t\t\t\t<div class=\"swiper elementor-loop-container elementor-grid\" role=\"list\" dir=\"ltr\">\n\t\t\t\t<div class=\"swiper-wrapper\" aria-live=\"polite\">\n\t\t\t\t<div data-elementor-type=\"loop-item\" data-elementor-id=\"31729\" class=\"elementor elementor-31729 swiper-slide e-loop-item e-loop-item-31692 post-31692 anuncio type-anuncio status-publish has-post-thumbnail hentry local-do-anuncio-home-lateral-bloco-1-anuncio-01\" data-elementor-post-type=\"elementor_library\" role=\"group\" aria-roledescription=\"slide\" data-custom-edit-handle=\"1\">\n\t\t\t<div class=\"elementor-element elementor-element-49895aa e-con-full anuncio-individual e-flex e-con e-parent\" data-id=\"49895aa\" data-element_type=\"container\" data-e-type=\"container\">\n\t\t\t\t<div class=\"elementor-element elementor-element-e459252 elementor-widget elementor-widget-theme-post-featured-image elementor-widget-image\" data-id=\"e459252\" data-element_type=\"widget\" data-e-type=\"widget\" data-widget_type=\"theme-post-featured-image.default\">\n\t\t\t\t<div class=\"elementor-widget-container\">\n\t\t\t\t\t\t\t\t\t\t\t\t\t\t\t\t<a href=\"https:\/\/wa.me\/5511968623191\" target=\"_blank\">\n\t\t\t\t\t\t\t<img loading=\"lazy\" decoding=\"async\" width=\"1199\" height=\"1346\" src=\"https:\/\/revistaregional.com.br\/site\/wp-content\/uploads\/2024\/01\/gren-1-e1722434904808.jpg\" class=\"attachment-full size-full wp-image-33937\" alt=\"\" srcset=\"https:\/\/revistaregional.com.br\/site\/wp-content\/uploads\/2024\/01\/gren-1-e1722434904808.jpg 1199w, https:\/\/revistaregional.com.br\/site\/wp-content\/uploads\/2024\/01\/gren-1-e1722434904808-267x300.jpg 267w, https:\/\/revistaregional.com.br\/site\/wp-content\/uploads\/2024\/01\/gren-1-e1722434904808-912x1024.jpg 912w\" sizes=\"(max-width: 1199px) 100vw, 1199px\" \/>\t\t\t\t\t\t\t\t<\/a>\n\t\t\t\t\t\t\t\t\t\t\t\t\t\t\t<\/div>\n\t\t\t\t<\/div>\n\t\t\t\t<\/div>\n\t\t\t\t<\/div>\n\t\t\t\t<\/div>\n\t\t<\/div>\n\t\t\t\t\t\t<\/div>\n\t\t\t\t<\/div>\n\t\t\t\t<div class=\"elementor-element elementor-element-b64d464 elementor-widget__width-inherit anuncio elementor-widget elementor-widget-loop-carousel\" data-id=\"b64d464\" data-element_type=\"widget\" data-e-type=\"widget\" data-settings=\"{&quot;template_id&quot;:&quot;31729&quot;,&quot;image_spacing_custom&quot;:{&quot;unit&quot;:&quot;px&quot;,&quot;size&quot;:0,&quot;sizes&quot;:[]},&quot;_skin&quot;:&quot;post&quot;,&quot;edit_handle_selector&quot;:&quot;.elementor-loop-container&quot;,&quot;speed&quot;:500,&quot;image_spacing_custom_tablet&quot;:{&quot;unit&quot;:&quot;px&quot;,&quot;size&quot;:&quot;&quot;,&quot;sizes&quot;:[]},&quot;image_spacing_custom_mobile&quot;:{&quot;unit&quot;:&quot;px&quot;,&quot;size&quot;:&quot;&quot;,&quot;sizes&quot;:[]}}\" data-widget_type=\"loop-carousel.post\">\n\t\t\t\t<div class=\"elementor-widget-container\">\n\t\t\t\t\t\t\t<div class=\"swiper elementor-loop-container elementor-grid\" role=\"list\" dir=\"ltr\">\n\t\t\t\t<div class=\"swiper-wrapper\" aria-live=\"polite\">\n\t\t\t\t<div data-elementor-type=\"loop-item\" data-elementor-id=\"31729\" class=\"elementor elementor-31729 swiper-slide e-loop-item e-loop-item-31706 post-31706 anuncio type-anuncio status-publish has-post-thumbnail hentry local-do-anuncio-home-lateral-bloco-1-anuncio-02\" data-elementor-post-type=\"elementor_library\" role=\"group\" aria-roledescription=\"slide\" data-custom-edit-handle=\"1\">\n\t\t\t<div class=\"elementor-element elementor-element-49895aa e-con-full anuncio-individual e-flex e-con e-parent\" data-id=\"49895aa\" data-element_type=\"container\" data-e-type=\"container\">\n\t\t\t\t<div class=\"elementor-element elementor-element-e459252 elementor-widget elementor-widget-theme-post-featured-image elementor-widget-image\" data-id=\"e459252\" data-element_type=\"widget\" data-e-type=\"widget\" data-widget_type=\"theme-post-featured-image.default\">\n\t\t\t\t<div class=\"elementor-widget-container\">\n\t\t\t\t\t\t\t\t\t\t\t\t\t\t\t\t<a href=\"https:\/\/www.instagram.com\/franscafeindaiatuba\/?igshid=NzZhOTFlYzFmZQ%3D%3D\" target=\"_blank\">\n\t\t\t\t\t\t\t<img loading=\"lazy\" decoding=\"async\" width=\"2048\" height=\"1076\" src=\"https:\/\/revistaregional.com.br\/site\/wp-content\/uploads\/2024\/01\/fff.jpg\" class=\"attachment-full size-full wp-image-34041\" alt=\"\" srcset=\"https:\/\/revistaregional.com.br\/site\/wp-content\/uploads\/2024\/01\/fff.jpg 2048w, https:\/\/revistaregional.com.br\/site\/wp-content\/uploads\/2024\/01\/fff-300x158.jpg 300w, https:\/\/revistaregional.com.br\/site\/wp-content\/uploads\/2024\/01\/fff-1024x538.jpg 1024w, https:\/\/revistaregional.com.br\/site\/wp-content\/uploads\/2024\/01\/fff-1536x807.jpg 1536w\" sizes=\"(max-width: 2048px) 100vw, 2048px\" \/>\t\t\t\t\t\t\t\t<\/a>\n\t\t\t\t\t\t\t\t\t\t\t\t\t\t\t<\/div>\n\t\t\t\t<\/div>\n\t\t\t\t<\/div>\n\t\t\t\t<\/div>\n\t\t\t\t<\/div>\n\t\t<\/div>\n\t\t\t\t\t\t<\/div>\n\t\t\t\t<\/div>\n\t\t\t\t<div class=\"elementor-element elementor-element-a015f44 elementor-widget__width-inherit anuncio elementor-widget elementor-widget-loop-carousel\" data-id=\"a015f44\" data-element_type=\"widget\" data-e-type=\"widget\" data-settings=\"{&quot;template_id&quot;:&quot;31729&quot;,&quot;image_spacing_custom&quot;:{&quot;unit&quot;:&quot;px&quot;,&quot;size&quot;:0,&quot;sizes&quot;:[]},&quot;_skin&quot;:&quot;post&quot;,&quot;edit_handle_selector&quot;:&quot;.elementor-loop-container&quot;,&quot;speed&quot;:500,&quot;image_spacing_custom_tablet&quot;:{&quot;unit&quot;:&quot;px&quot;,&quot;size&quot;:&quot;&quot;,&quot;sizes&quot;:[]},&quot;image_spacing_custom_mobile&quot;:{&quot;unit&quot;:&quot;px&quot;,&quot;size&quot;:&quot;&quot;,&quot;sizes&quot;:[]}}\" data-widget_type=\"loop-carousel.post\">\n\t\t\t\t<div class=\"elementor-widget-container\">\n\t\t\t\t\t\t\t<div class=\"swiper elementor-loop-container elementor-grid\" role=\"list\" dir=\"ltr\">\n\t\t\t\t<div class=\"swiper-wrapper\" aria-live=\"polite\">\n\t\t\t\t<div data-elementor-type=\"loop-item\" data-elementor-id=\"31729\" class=\"elementor elementor-31729 swiper-slide e-loop-item e-loop-item-31708 post-31708 anuncio type-anuncio status-publish has-post-thumbnail hentry local-do-anuncio-home-lateral-bloco-1-anuncio-03\" data-elementor-post-type=\"elementor_library\" role=\"group\" aria-roledescription=\"slide\" data-custom-edit-handle=\"1\">\n\t\t\t<div class=\"elementor-element elementor-element-49895aa e-con-full anuncio-individual e-flex e-con e-parent\" data-id=\"49895aa\" data-element_type=\"container\" data-e-type=\"container\">\n\t\t\t\t<div class=\"elementor-element elementor-element-e459252 elementor-widget elementor-widget-theme-post-featured-image elementor-widget-image\" data-id=\"e459252\" data-element_type=\"widget\" data-e-type=\"widget\" data-widget_type=\"theme-post-featured-image.default\">\n\t\t\t\t<div class=\"elementor-widget-container\">\n\t\t\t\t\t\t\t\t\t\t\t\t\t\t\t\t<a href=\"https:\/\/www.kia.com.br\/\" target=\"_blank\">\n\t\t\t\t\t\t\t<img loading=\"lazy\" decoding=\"async\" width=\"410\" height=\"197\" src=\"https:\/\/revistaregional.com.br\/site\/wp-content\/uploads\/2024\/01\/kia.jpg\" class=\"attachment-full size-full wp-image-31700\" alt=\"\" srcset=\"https:\/\/revistaregional.com.br\/site\/wp-content\/uploads\/2024\/01\/kia.jpg 410w, https:\/\/revistaregional.com.br\/site\/wp-content\/uploads\/2024\/01\/kia-300x144.jpg 300w, https:\/\/revistaregional.com.br\/site\/wp-content\/uploads\/2024\/01\/kia-150x72.jpg 150w\" sizes=\"(max-width: 410px) 100vw, 410px\" \/>\t\t\t\t\t\t\t\t<\/a>\n\t\t\t\t\t\t\t\t\t\t\t\t\t\t\t<\/div>\n\t\t\t\t<\/div>\n\t\t\t\t<\/div>\n\t\t\t\t<\/div>\n\t\t\t\t<\/div>\n\t\t<\/div>\n\t\t\t\t\t\t<\/div>\n\t\t\t\t<\/div>\n\t\t\t\t<div class=\"elementor-element elementor-element-5b93c66 elementor-widget__width-inherit anuncio elementor-widget elementor-widget-loop-carousel\" data-id=\"5b93c66\" data-element_type=\"widget\" data-e-type=\"widget\" data-settings=\"{&quot;template_id&quot;:&quot;31729&quot;,&quot;image_spacing_custom&quot;:{&quot;unit&quot;:&quot;px&quot;,&quot;size&quot;:0,&quot;sizes&quot;:[]},&quot;_skin&quot;:&quot;post&quot;,&quot;edit_handle_selector&quot;:&quot;.elementor-loop-container&quot;,&quot;speed&quot;:500,&quot;image_spacing_custom_tablet&quot;:{&quot;unit&quot;:&quot;px&quot;,&quot;size&quot;:&quot;&quot;,&quot;sizes&quot;:[]},&quot;image_spacing_custom_mobile&quot;:{&quot;unit&quot;:&quot;px&quot;,&quot;size&quot;:&quot;&quot;,&quot;sizes&quot;:[]}}\" data-widget_type=\"loop-carousel.post\">\n\t\t\t\t<div class=\"elementor-widget-container\">\n\t\t\t\t\t\t\t<div class=\"swiper elementor-loop-container elementor-grid\" role=\"list\" dir=\"ltr\">\n\t\t\t\t<div class=\"swiper-wrapper\" aria-live=\"polite\">\n\t\t\t\t<div data-elementor-type=\"loop-item\" data-elementor-id=\"31729\" class=\"elementor elementor-31729 swiper-slide e-loop-item e-loop-item-31709 post-31709 anuncio type-anuncio status-publish has-post-thumbnail hentry local-do-anuncio-home-lateral-bloco-1-anuncio-04\" data-elementor-post-type=\"elementor_library\" role=\"group\" aria-roledescription=\"slide\" data-custom-edit-handle=\"1\">\n\t\t\t<div class=\"elementor-element elementor-element-49895aa e-con-full anuncio-individual e-flex e-con e-parent\" data-id=\"49895aa\" data-element_type=\"container\" data-e-type=\"container\">\n\t\t\t\t<div class=\"elementor-element elementor-element-e459252 elementor-widget elementor-widget-theme-post-featured-image elementor-widget-image\" data-id=\"e459252\" data-element_type=\"widget\" data-e-type=\"widget\" data-widget_type=\"theme-post-featured-image.default\">\n\t\t\t\t<div class=\"elementor-widget-container\">\n\t\t\t\t\t\t\t\t\t\t\t\t\t\t\t\t<a href=\"http:\/\/www.unimedsaltoitu.com.br\/\" target=\"_blank\">\n\t\t\t\t\t\t\t<img loading=\"lazy\" decoding=\"async\" width=\"2557\" height=\"1344\" src=\"https:\/\/revistaregional.com.br\/site\/wp-content\/uploads\/2024\/01\/unimed-300x145-3.png\" class=\"attachment-full size-full wp-image-33682\" alt=\"\" srcset=\"https:\/\/revistaregional.com.br\/site\/wp-content\/uploads\/2024\/01\/unimed-300x145-3.png 2557w, https:\/\/revistaregional.com.br\/site\/wp-content\/uploads\/2024\/01\/unimed-300x145-3-300x158.png 300w, https:\/\/revistaregional.com.br\/site\/wp-content\/uploads\/2024\/01\/unimed-300x145-3-1024x538.png 1024w, https:\/\/revistaregional.com.br\/site\/wp-content\/uploads\/2024\/01\/unimed-300x145-3-1536x807.png 1536w, https:\/\/revistaregional.com.br\/site\/wp-content\/uploads\/2024\/01\/unimed-300x145-3-2048x1076.png 2048w\" sizes=\"(max-width: 2557px) 100vw, 2557px\" \/>\t\t\t\t\t\t\t\t<\/a>\n\t\t\t\t\t\t\t\t\t\t\t\t\t\t\t<\/div>\n\t\t\t\t<\/div>\n\t\t\t\t<\/div>\n\t\t\t\t<\/div>\n\t\t\t\t<\/div>\n\t\t<\/div>\n\t\t\t\t\t\t<\/div>\n\t\t\t\t<\/div>\n\t\t\t\t<div class=\"elementor-element elementor-element-97e7b8d elementor-widget__width-inherit anuncio elementor-widget elementor-widget-loop-carousel\" data-id=\"97e7b8d\" data-element_type=\"widget\" data-e-type=\"widget\" data-settings=\"{&quot;template_id&quot;:&quot;31729&quot;,&quot;image_spacing_custom&quot;:{&quot;unit&quot;:&quot;px&quot;,&quot;size&quot;:0,&quot;sizes&quot;:[]},&quot;_skin&quot;:&quot;post&quot;,&quot;edit_handle_selector&quot;:&quot;.elementor-loop-container&quot;,&quot;speed&quot;:500,&quot;image_spacing_custom_tablet&quot;:{&quot;unit&quot;:&quot;px&quot;,&quot;size&quot;:&quot;&quot;,&quot;sizes&quot;:[]},&quot;image_spacing_custom_mobile&quot;:{&quot;unit&quot;:&quot;px&quot;,&quot;size&quot;:&quot;&quot;,&quot;sizes&quot;:[]}}\" data-widget_type=\"loop-carousel.post\">\n\t\t\t\t<div class=\"elementor-widget-container\">\n\t\t\t\t\t\t\t<div class=\"swiper elementor-loop-container elementor-grid\" role=\"list\" dir=\"ltr\">\n\t\t\t\t<div class=\"swiper-wrapper\" aria-live=\"polite\">\n\t\t\t\t<div data-elementor-type=\"loop-item\" data-elementor-id=\"31729\" class=\"elementor elementor-31729 swiper-slide e-loop-item e-loop-item-36230 post-36230 anuncio type-anuncio status-publish has-post-thumbnail hentry local-do-anuncio-ultimo-nossos-parceiros\" data-elementor-post-type=\"elementor_library\" role=\"group\" aria-roledescription=\"slide\" data-custom-edit-handle=\"1\">\n\t\t\t<div class=\"elementor-element elementor-element-49895aa e-con-full anuncio-individual e-flex e-con e-parent\" data-id=\"49895aa\" data-element_type=\"container\" data-e-type=\"container\">\n\t\t\t\t<div class=\"elementor-element elementor-element-e459252 elementor-widget elementor-widget-theme-post-featured-image elementor-widget-image\" data-id=\"e459252\" data-element_type=\"widget\" data-e-type=\"widget\" data-widget_type=\"theme-post-featured-image.default\">\n\t\t\t\t<div class=\"elementor-widget-container\">\n\t\t\t\t\t\t\t\t\t\t\t\t\t\t\t\t<a href=\"https:\/\/tremdarepublica.com.br\/\" target=\"_blank\">\n\t\t\t\t\t\t\t<img loading=\"lazy\" decoding=\"async\" width=\"2000\" height=\"1333\" src=\"https:\/\/revistaregional.com.br\/site\/wp-content\/uploads\/2026\/01\/trem-da-republica.png\" class=\"attachment-full size-full wp-image-36231\" alt=\"\" srcset=\"https:\/\/revistaregional.com.br\/site\/wp-content\/uploads\/2026\/01\/trem-da-republica.png 2000w, https:\/\/revistaregional.com.br\/site\/wp-content\/uploads\/2026\/01\/trem-da-republica-300x200.png 300w, https:\/\/revistaregional.com.br\/site\/wp-content\/uploads\/2026\/01\/trem-da-republica-1024x682.png 1024w, https:\/\/revistaregional.com.br\/site\/wp-content\/uploads\/2026\/01\/trem-da-republica-1536x1024.png 1536w\" sizes=\"(max-width: 2000px) 100vw, 2000px\" \/>\t\t\t\t\t\t\t\t<\/a>\n\t\t\t\t\t\t\t\t\t\t\t\t\t\t\t<\/div>\n\t\t\t\t<\/div>\n\t\t\t\t<\/div>\n\t\t\t\t<\/div>\n\t\t\t\t<\/div>\n\t\t<\/div>\n\t\t\t\t\t\t<\/div>\n\t\t\t\t<\/div>\n\t\t\t\t<div class=\"elementor-element elementor-element-87b83d5 elementor-widget__width-inherit anuncio elementor-widget elementor-widget-loop-carousel\" data-id=\"87b83d5\" data-element_type=\"widget\" data-e-type=\"widget\" data-settings=\"{&quot;template_id&quot;:&quot;31729&quot;,&quot;image_spacing_custom&quot;:{&quot;unit&quot;:&quot;px&quot;,&quot;size&quot;:0,&quot;sizes&quot;:[]},&quot;_skin&quot;:&quot;post&quot;,&quot;edit_handle_selector&quot;:&quot;.elementor-loop-container&quot;,&quot;speed&quot;:500,&quot;image_spacing_custom_tablet&quot;:{&quot;unit&quot;:&quot;px&quot;,&quot;size&quot;:&quot;&quot;,&quot;sizes&quot;:[]},&quot;image_spacing_custom_mobile&quot;:{&quot;unit&quot;:&quot;px&quot;,&quot;size&quot;:&quot;&quot;,&quot;sizes&quot;:[]}}\" data-widget_type=\"loop-carousel.post\">\n\t\t\t\t<div class=\"elementor-widget-container\">\n\t\t\t\t\t\t\t<div class=\"e-loop-nothing-found-message\">\n\t\t<\/div>\n\t\t\t\t\t\t<\/div>\n\t\t\t\t<\/div>\n\t\t\t\t<div class=\"elementor-element elementor-element-76e6679 elementor-widget__width-inherit anuncio elementor-widget elementor-widget-loop-carousel\" data-id=\"76e6679\" data-element_type=\"widget\" data-e-type=\"widget\" data-settings=\"{&quot;template_id&quot;:&quot;31729&quot;,&quot;image_spacing_custom&quot;:{&quot;unit&quot;:&quot;px&quot;,&quot;size&quot;:0,&quot;sizes&quot;:[]},&quot;_skin&quot;:&quot;post&quot;,&quot;edit_handle_selector&quot;:&quot;.elementor-loop-container&quot;,&quot;speed&quot;:500,&quot;image_spacing_custom_tablet&quot;:{&quot;unit&quot;:&quot;px&quot;,&quot;size&quot;:&quot;&quot;,&quot;sizes&quot;:[]},&quot;image_spacing_custom_mobile&quot;:{&quot;unit&quot;:&quot;px&quot;,&quot;size&quot;:&quot;&quot;,&quot;sizes&quot;:[]}}\" data-widget_type=\"loop-carousel.post\">\n\t\t\t\t<div class=\"elementor-widget-container\">\n\t\t\t\t\t\t\t<div class=\"e-loop-nothing-found-message\">\n\t\t<\/div>\n\t\t\t\t\t\t<\/div>\n\t\t\t\t<\/div>\n\t\t\t\t<\/div>\n\t\t\t\t\t<\/div>\n\t\t\t\t<\/div>\n\t\t<div class=\"elementor-element elementor-element-5077fee e-flex e-con-boxed e-con e-parent\" data-id=\"5077fee\" data-element_type=\"container\" data-e-type=\"container\">\n\t\t\t\t\t<div class=\"e-con-inner\">\n\t\t\t\t<div class=\"elementor-element elementor-element-56763bc elementor-widget elementor-widget-heading\" data-id=\"56763bc\" data-element_type=\"widget\" data-e-type=\"widget\" data-widget_type=\"heading.default\">\n\t\t\t\t<div class=\"elementor-widget-container\">\n\t\t\t\t\t<h1 class=\"elementor-heading-title elementor-size-default\">FOLHEIE AS \u00daLTIMAS EDI\u00c7\u00d5ES<\/h1>\t\t\t\t<\/div>\n\t\t\t\t<\/div>\n\t\t\t\t\t<\/div>\n\t\t\t\t<\/div>\n\t\t<div class=\"elementor-element elementor-element-7e26591 e-con-full e-flex e-con e-parent\" data-id=\"7e26591\" data-element_type=\"container\" data-e-type=\"container\" data-settings=\"{&quot;background_background&quot;:&quot;classic&quot;}\">\n\t\t<div class=\"elementor-element elementor-element-a07a219 e-con-full e-flex e-con e-child\" data-id=\"a07a219\" data-element_type=\"container\" data-e-type=\"container\">\n\t\t\t\t<div class=\"elementor-element elementor-element-58719ed elementor-widget elementor-widget-heading\" data-id=\"58719ed\" data-element_type=\"widget\" data-e-type=\"widget\" data-widget_type=\"heading.default\">\n\t\t\t\t<div class=\"elementor-widget-container\">\n\t\t\t\t\t<h3 class=\"elementor-heading-title elementor-size-default\"># REGIONAL<\/h3>\t\t\t\t<\/div>\n\t\t\t\t<\/div>\n\t\t\t\t<div class=\"elementor-element elementor-element-df0b4b5 elementor-widget__width-inherit elementor-widget elementor-widget-loop-carousel\" data-id=\"df0b4b5\" data-element_type=\"widget\" data-e-type=\"widget\" data-settings=\"{&quot;template_id&quot;:&quot;31505&quot;,&quot;slides_to_show&quot;:&quot;1&quot;,&quot;_skin&quot;:&quot;post&quot;,&quot;slides_to_show_tablet&quot;:&quot;2&quot;,&quot;slides_to_show_mobile&quot;:&quot;1&quot;,&quot;slides_to_scroll&quot;:&quot;1&quot;,&quot;edit_handle_selector&quot;:&quot;.elementor-loop-container&quot;,&quot;autoplay&quot;:&quot;yes&quot;,&quot;autoplay_speed&quot;:5000,&quot;infinite&quot;:&quot;yes&quot;,&quot;speed&quot;:500,&quot;offset_sides&quot;:&quot;none&quot;,&quot;image_spacing_custom&quot;:{&quot;unit&quot;:&quot;px&quot;,&quot;size&quot;:10,&quot;sizes&quot;:[]},&quot;image_spacing_custom_tablet&quot;:{&quot;unit&quot;:&quot;px&quot;,&quot;size&quot;:&quot;&quot;,&quot;sizes&quot;:[]},&quot;image_spacing_custom_mobile&quot;:{&quot;unit&quot;:&quot;px&quot;,&quot;size&quot;:&quot;&quot;,&quot;sizes&quot;:[]}}\" data-widget_type=\"loop-carousel.post\">\n\t\t\t\t<div class=\"elementor-widget-container\">\n\t\t\t\t\t\t\t<div class=\"swiper elementor-loop-container elementor-grid\" role=\"list\" dir=\"ltr\">\n\t\t\t\t<div class=\"swiper-wrapper\" aria-live=\"off\">\n\t\t\t\t<div data-elementor-type=\"loop-item\" data-elementor-id=\"31505\" class=\"elementor elementor-31505 swiper-slide e-loop-item e-loop-item-36585 post-36585 capas type-capas status-publish has-post-thumbnail hentry categoria-de-revista-regional\" data-elementor-post-type=\"elementor_library\" role=\"group\" aria-roledescription=\"slide\" data-custom-edit-handle=\"1\">\n\t\t\t<div class=\"elementor-element elementor-element-1c00890 e-flex e-con-boxed e-con e-parent\" data-id=\"1c00890\" data-element_type=\"container\" data-e-type=\"container\">\n\t\t\t\t\t<div class=\"e-con-inner\">\n\t\t\t\t<div class=\"elementor-element elementor-element-996848e elementor-widget elementor-widget-theme-post-featured-image elementor-widget-image\" data-id=\"996848e\" data-element_type=\"widget\" data-e-type=\"widget\" data-widget_type=\"theme-post-featured-image.default\">\n\t\t\t\t<div class=\"elementor-widget-container\">\n\t\t\t\t\t\t\t\t\t\t\t\t\t\t\t\t<a href=\"https:\/\/revistaregional.com.br\/site\/wp-content\/uploads\/2026\/04\/Regional-268-abril-2026.pdf\" target=\"_blank\">\n\t\t\t\t\t\t\t<img fetchpriority=\"high\" decoding=\"async\" width=\"1811\" height=\"2441\" src=\"https:\/\/revistaregional.com.br\/site\/wp-content\/uploads\/2026\/04\/Regional-268-abril-2026.jpeg\" class=\"attachment-full size-full wp-image-36587\" alt=\"\" srcset=\"https:\/\/revistaregional.com.br\/site\/wp-content\/uploads\/2026\/04\/Regional-268-abril-2026.jpeg 1811w, https:\/\/revistaregional.com.br\/site\/wp-content\/uploads\/2026\/04\/Regional-268-abril-2026-223x300.jpeg 223w, https:\/\/revistaregional.com.br\/site\/wp-content\/uploads\/2026\/04\/Regional-268-abril-2026-760x1024.jpeg 760w, https:\/\/revistaregional.com.br\/site\/wp-content\/uploads\/2026\/04\/Regional-268-abril-2026-1140x1536.jpeg 1140w, https:\/\/revistaregional.com.br\/site\/wp-content\/uploads\/2026\/04\/Regional-268-abril-2026-1519x2048.jpeg 1519w\" sizes=\"(max-width: 1811px) 100vw, 1811px\" \/>\t\t\t\t\t\t\t\t<\/a>\n\t\t\t\t\t\t\t\t\t\t\t\t\t\t\t<\/div>\n\t\t\t\t<\/div>\n\t\t\t\t\t<\/div>\n\t\t\t\t<\/div>\n\t\t\t\t<\/div>\n\t\t\t\t<div data-elementor-type=\"loop-item\" data-elementor-id=\"31505\" class=\"elementor elementor-31505 swiper-slide e-loop-item e-loop-item-36396 post-36396 capas type-capas status-publish has-post-thumbnail hentry categoria-de-revista-regional\" data-elementor-post-type=\"elementor_library\" role=\"group\" aria-roledescription=\"slide\" data-custom-edit-handle=\"1\">\n\t\t\t<div class=\"elementor-element elementor-element-1c00890 e-flex e-con-boxed e-con e-parent\" data-id=\"1c00890\" data-element_type=\"container\" data-e-type=\"container\">\n\t\t\t\t\t<div class=\"e-con-inner\">\n\t\t\t\t<div class=\"elementor-element elementor-element-996848e elementor-widget elementor-widget-theme-post-featured-image elementor-widget-image\" data-id=\"996848e\" data-element_type=\"widget\" data-e-type=\"widget\" data-widget_type=\"theme-post-featured-image.default\">\n\t\t\t\t<div class=\"elementor-widget-container\">\n\t\t\t\t\t\t\t\t\t\t\t\t\t\t\t\t<a href=\"https:\/\/revistaregional.com.br\/site\/wp-content\/uploads\/2026\/03\/Regional-267-marco-2026.pdf\" target=\"_blank\">\n\t\t\t\t\t\t\t<img loading=\"lazy\" decoding=\"async\" width=\"1811\" height=\"2441\" src=\"https:\/\/revistaregional.com.br\/site\/wp-content\/uploads\/2026\/03\/Regional-267-marco-2026.jpeg\" class=\"attachment-full size-full wp-image-36398\" alt=\"\" srcset=\"https:\/\/revistaregional.com.br\/site\/wp-content\/uploads\/2026\/03\/Regional-267-marco-2026.jpeg 1811w, https:\/\/revistaregional.com.br\/site\/wp-content\/uploads\/2026\/03\/Regional-267-marco-2026-223x300.jpeg 223w, https:\/\/revistaregional.com.br\/site\/wp-content\/uploads\/2026\/03\/Regional-267-marco-2026-760x1024.jpeg 760w, https:\/\/revistaregional.com.br\/site\/wp-content\/uploads\/2026\/03\/Regional-267-marco-2026-1140x1536.jpeg 1140w, https:\/\/revistaregional.com.br\/site\/wp-content\/uploads\/2026\/03\/Regional-267-marco-2026-1519x2048.jpeg 1519w\" sizes=\"(max-width: 1811px) 100vw, 1811px\" \/>\t\t\t\t\t\t\t\t<\/a>\n\t\t\t\t\t\t\t\t\t\t\t\t\t\t\t<\/div>\n\t\t\t\t<\/div>\n\t\t\t\t\t<\/div>\n\t\t\t\t<\/div>\n\t\t\t\t<\/div>\n\t\t\t\t<div data-elementor-type=\"loop-item\" data-elementor-id=\"31505\" class=\"elementor elementor-31505 swiper-slide e-loop-item e-loop-item-36235 post-36235 capas type-capas status-publish has-post-thumbnail hentry categoria-de-revista-regional\" data-elementor-post-type=\"elementor_library\" role=\"group\" aria-roledescription=\"slide\" data-custom-edit-handle=\"1\">\n\t\t\t<div class=\"elementor-element elementor-element-1c00890 e-flex e-con-boxed e-con e-parent\" data-id=\"1c00890\" data-element_type=\"container\" data-e-type=\"container\">\n\t\t\t\t\t<div class=\"e-con-inner\">\n\t\t\t\t<div class=\"elementor-element elementor-element-996848e elementor-widget elementor-widget-theme-post-featured-image elementor-widget-image\" data-id=\"996848e\" data-element_type=\"widget\" data-e-type=\"widget\" data-widget_type=\"theme-post-featured-image.default\">\n\t\t\t\t<div class=\"elementor-widget-container\">\n\t\t\t\t\t\t\t\t\t\t\t\t\t\t\t\t<a href=\"https:\/\/revistaregional.com.br\/site\/wp-content\/uploads\/2026\/01\/Regional-266-fevereiro-2026.pdf\" target=\"_blank\">\n\t\t\t\t\t\t\t<img loading=\"lazy\" decoding=\"async\" width=\"1358\" height=\"1831\" src=\"https:\/\/revistaregional.com.br\/site\/wp-content\/uploads\/2026\/01\/capa-266-fev2026.jpg.jpeg\" class=\"attachment-full size-full wp-image-36237\" alt=\"\" srcset=\"https:\/\/revistaregional.com.br\/site\/wp-content\/uploads\/2026\/01\/capa-266-fev2026.jpg.jpeg 1358w, https:\/\/revistaregional.com.br\/site\/wp-content\/uploads\/2026\/01\/capa-266-fev2026.jpg-223x300.jpeg 223w, https:\/\/revistaregional.com.br\/site\/wp-content\/uploads\/2026\/01\/capa-266-fev2026.jpg-759x1024.jpeg 759w, https:\/\/revistaregional.com.br\/site\/wp-content\/uploads\/2026\/01\/capa-266-fev2026.jpg-1139x1536.jpeg 1139w\" sizes=\"(max-width: 1358px) 100vw, 1358px\" \/>\t\t\t\t\t\t\t\t<\/a>\n\t\t\t\t\t\t\t\t\t\t\t\t\t\t\t<\/div>\n\t\t\t\t<\/div>\n\t\t\t\t\t<\/div>\n\t\t\t\t<\/div>\n\t\t\t\t<\/div>\n\t\t\t\t<\/div>\n\t\t<\/div>\n\t\t\t\t\t\t<\/div>\n\t\t\t\t<\/div>\n\t\t\t\t<\/div>\n\t\t<div class=\"elementor-element elementor-element-5da226c e-con-full e-flex e-con e-child\" data-id=\"5da226c\" data-element_type=\"container\" data-e-type=\"container\">\n\t\t\t\t<div class=\"elementor-element elementor-element-9897eb7 elementor-widget elementor-widget-heading\" data-id=\"9897eb7\" data-element_type=\"widget\" data-e-type=\"widget\" data-widget_type=\"heading.default\">\n\t\t\t\t<div class=\"elementor-widget-container\">\n\t\t\t\t\t<h3 class=\"elementor-heading-title elementor-size-default\"># REGIONAL NOIVAS<\/h3>\t\t\t\t<\/div>\n\t\t\t\t<\/div>\n\t\t\t\t<div class=\"elementor-element elementor-element-9084927 elementor-widget__width-inherit elementor-widget elementor-widget-loop-carousel\" data-id=\"9084927\" data-element_type=\"widget\" data-e-type=\"widget\" data-settings=\"{&quot;template_id&quot;:&quot;31505&quot;,&quot;slides_to_show&quot;:&quot;1&quot;,&quot;_skin&quot;:&quot;post&quot;,&quot;slides_to_show_tablet&quot;:&quot;2&quot;,&quot;slides_to_show_mobile&quot;:&quot;1&quot;,&quot;slides_to_scroll&quot;:&quot;1&quot;,&quot;edit_handle_selector&quot;:&quot;.elementor-loop-container&quot;,&quot;autoplay&quot;:&quot;yes&quot;,&quot;autoplay_speed&quot;:5000,&quot;infinite&quot;:&quot;yes&quot;,&quot;speed&quot;:500,&quot;offset_sides&quot;:&quot;none&quot;,&quot;image_spacing_custom&quot;:{&quot;unit&quot;:&quot;px&quot;,&quot;size&quot;:10,&quot;sizes&quot;:[]},&quot;image_spacing_custom_tablet&quot;:{&quot;unit&quot;:&quot;px&quot;,&quot;size&quot;:&quot;&quot;,&quot;sizes&quot;:[]},&quot;image_spacing_custom_mobile&quot;:{&quot;unit&quot;:&quot;px&quot;,&quot;size&quot;:&quot;&quot;,&quot;sizes&quot;:[]}}\" data-widget_type=\"loop-carousel.post\">\n\t\t\t\t<div class=\"elementor-widget-container\">\n\t\t\t\t\t\t\t<div class=\"swiper elementor-loop-container elementor-grid\" role=\"list\" dir=\"ltr\">\n\t\t\t\t<div class=\"swiper-wrapper\" aria-live=\"off\">\n\t\t\t\t<div data-elementor-type=\"loop-item\" data-elementor-id=\"31505\" class=\"elementor elementor-31505 swiper-slide e-loop-item e-loop-item-31524 post-31524 capas type-capas status-publish has-post-thumbnail hentry categoria-de-revista-noivas\" data-elementor-post-type=\"elementor_library\" role=\"group\" aria-roledescription=\"slide\" data-custom-edit-handle=\"1\">\n\t\t\t<div class=\"elementor-element elementor-element-1c00890 e-flex e-con-boxed e-con e-parent\" data-id=\"1c00890\" data-element_type=\"container\" data-e-type=\"container\">\n\t\t\t\t\t<div class=\"e-con-inner\">\n\t\t\t\t<div class=\"elementor-element elementor-element-996848e elementor-widget elementor-widget-theme-post-featured-image elementor-widget-image\" data-id=\"996848e\" data-element_type=\"widget\" data-e-type=\"widget\" data-widget_type=\"theme-post-featured-image.default\">\n\t\t\t\t<div class=\"elementor-widget-container\">\n\t\t\t\t\t\t\t\t\t\t\t\t\t\t\t\t<a href=\"https:\/\/revistaregional.com.br\/site\/wp-content\/uploads\/2018\/08\/PDF-Revista.PDF-AGOSTO-2018-4.pdf\" target=\"_blank\">\n\t\t\t\t\t\t\t<img loading=\"lazy\" decoding=\"async\" width=\"815\" height=\"1099\" src=\"https:\/\/revistaregional.com.br\/site\/wp-content\/uploads\/2018\/05\/regional-ed181-maio1.jpg\" class=\"attachment-full size-full wp-image-15466\" alt=\"\" srcset=\"https:\/\/revistaregional.com.br\/site\/wp-content\/uploads\/2018\/05\/regional-ed181-maio1.jpg 815w, https:\/\/revistaregional.com.br\/site\/wp-content\/uploads\/2018\/05\/regional-ed181-maio1-222x300.jpg 222w, https:\/\/revistaregional.com.br\/site\/wp-content\/uploads\/2018\/05\/regional-ed181-maio1-759x1024.jpg 759w, https:\/\/revistaregional.com.br\/site\/wp-content\/uploads\/2018\/05\/regional-ed181-maio1-111x150.jpg 111w\" sizes=\"(max-width: 815px) 100vw, 815px\" \/>\t\t\t\t\t\t\t\t<\/a>\n\t\t\t\t\t\t\t\t\t\t\t\t\t\t\t<\/div>\n\t\t\t\t<\/div>\n\t\t\t\t\t<\/div>\n\t\t\t\t<\/div>\n\t\t\t\t<\/div>\n\t\t\t\t<div data-elementor-type=\"loop-item\" data-elementor-id=\"31505\" class=\"elementor elementor-31505 swiper-slide e-loop-item e-loop-item-31523 post-31523 capas type-capas status-publish has-post-thumbnail hentry categoria-de-revista-noivas\" data-elementor-post-type=\"elementor_library\" role=\"group\" aria-roledescription=\"slide\" data-custom-edit-handle=\"1\">\n\t\t\t<div class=\"elementor-element elementor-element-1c00890 e-flex e-con-boxed e-con e-parent\" data-id=\"1c00890\" data-element_type=\"container\" data-e-type=\"container\">\n\t\t\t\t\t<div class=\"e-con-inner\">\n\t\t\t\t<div class=\"elementor-element elementor-element-996848e elementor-widget elementor-widget-theme-post-featured-image elementor-widget-image\" data-id=\"996848e\" data-element_type=\"widget\" data-e-type=\"widget\" data-widget_type=\"theme-post-featured-image.default\">\n\t\t\t\t<div class=\"elementor-widget-container\">\n\t\t\t\t\t\t\t\t\t\t\t\t\t\t\t\t<a href=\"https:\/\/revistaregional.com.br\/site\/wp-content\/uploads\/2018\/08\/PDF-Revista.PDF-AGOSTO-2018-1.pdf\" target=\"_blank\">\n\t\t\t\t\t\t\t<img loading=\"lazy\" decoding=\"async\" width=\"996\" height=\"1343\" src=\"https:\/\/revistaregional.com.br\/site\/wp-content\/uploads\/2018\/08\/regional-ed169-maio57.jpg\" class=\"attachment-full size-full wp-image-16256\" alt=\"\" srcset=\"https:\/\/revistaregional.com.br\/site\/wp-content\/uploads\/2018\/08\/regional-ed169-maio57.jpg 996w, https:\/\/revistaregional.com.br\/site\/wp-content\/uploads\/2018\/08\/regional-ed169-maio57-222x300.jpg 222w, https:\/\/revistaregional.com.br\/site\/wp-content\/uploads\/2018\/08\/regional-ed169-maio57-759x1024.jpg 759w, https:\/\/revistaregional.com.br\/site\/wp-content\/uploads\/2018\/08\/regional-ed169-maio57-111x150.jpg 111w\" sizes=\"(max-width: 996px) 100vw, 996px\" \/>\t\t\t\t\t\t\t\t<\/a>\n\t\t\t\t\t\t\t\t\t\t\t\t\t\t\t<\/div>\n\t\t\t\t<\/div>\n\t\t\t\t\t<\/div>\n\t\t\t\t<\/div>\n\t\t\t\t<\/div>\n\t\t\t\t<div data-elementor-type=\"loop-item\" data-elementor-id=\"31505\" class=\"elementor elementor-31505 swiper-slide e-loop-item e-loop-item-31522 post-31522 capas type-capas status-publish has-post-thumbnail hentry categoria-de-revista-noivas\" data-elementor-post-type=\"elementor_library\" role=\"group\" aria-roledescription=\"slide\" data-custom-edit-handle=\"1\">\n\t\t\t<div class=\"elementor-element elementor-element-1c00890 e-flex e-con-boxed e-con e-parent\" data-id=\"1c00890\" data-element_type=\"container\" data-e-type=\"container\">\n\t\t\t\t\t<div class=\"e-con-inner\">\n\t\t\t\t<div class=\"elementor-element elementor-element-996848e elementor-widget elementor-widget-theme-post-featured-image elementor-widget-image\" data-id=\"996848e\" data-element_type=\"widget\" data-e-type=\"widget\" data-widget_type=\"theme-post-featured-image.default\">\n\t\t\t\t<div class=\"elementor-widget-container\">\n\t\t\t\t\t\t\t\t\t\t\t\t\t\t\t\t<a href=\"https:\/\/revistaregional.com.br\/site\/wp-content\/uploads\/2018\/08\/PDF-Revista.PDF-AGOSTO-2018-3.pdf\" target=\"_blank\">\n\t\t\t\t\t\t\t<img loading=\"lazy\" decoding=\"async\" width=\"1177\" height=\"1587\" src=\"https:\/\/revistaregional.com.br\/site\/wp-content\/uploads\/2018\/08\/regional-ed57-maio51.jpg\" class=\"attachment-full size-full wp-image-16250\" alt=\"\" srcset=\"https:\/\/revistaregional.com.br\/site\/wp-content\/uploads\/2018\/08\/regional-ed57-maio51.jpg 1177w, https:\/\/revistaregional.com.br\/site\/wp-content\/uploads\/2018\/08\/regional-ed57-maio51-222x300.jpg 222w, https:\/\/revistaregional.com.br\/site\/wp-content\/uploads\/2018\/08\/regional-ed57-maio51-759x1024.jpg 759w, https:\/\/revistaregional.com.br\/site\/wp-content\/uploads\/2018\/08\/regional-ed57-maio51-111x150.jpg 111w\" sizes=\"(max-width: 1177px) 100vw, 1177px\" \/>\t\t\t\t\t\t\t\t<\/a>\n\t\t\t\t\t\t\t\t\t\t\t\t\t\t\t<\/div>\n\t\t\t\t<\/div>\n\t\t\t\t\t<\/div>\n\t\t\t\t<\/div>\n\t\t\t\t<\/div>\n\t\t\t\t<\/div>\n\t\t<\/div>\n\t\t\t\t\t\t<\/div>\n\t\t\t\t<\/div>\n\t\t\t\t<\/div>\n\t\t<div class=\"elementor-element elementor-element-85d45ca e-con-full e-flex e-con e-child\" data-id=\"85d45ca\" data-element_type=\"container\" data-e-type=\"container\">\n\t\t\t\t<div class=\"elementor-element elementor-element-c7d2c62 elementor-widget elementor-widget-heading\" data-id=\"c7d2c62\" data-element_type=\"widget\" data-e-type=\"widget\" data-widget_type=\"heading.default\">\n\t\t\t\t<div class=\"elementor-widget-container\">\n\t\t\t\t\t<h3 class=\"elementor-heading-title elementor-size-default\"># REGIONAL CASA<\/h3>\t\t\t\t<\/div>\n\t\t\t\t<\/div>\n\t\t\t\t<div class=\"elementor-element elementor-element-8df7c87 elementor-widget__width-inherit elementor-widget elementor-widget-loop-carousel\" data-id=\"8df7c87\" data-element_type=\"widget\" data-e-type=\"widget\" data-settings=\"{&quot;template_id&quot;:&quot;31505&quot;,&quot;slides_to_show&quot;:&quot;1&quot;,&quot;_skin&quot;:&quot;post&quot;,&quot;slides_to_show_tablet&quot;:&quot;2&quot;,&quot;slides_to_show_mobile&quot;:&quot;1&quot;,&quot;slides_to_scroll&quot;:&quot;1&quot;,&quot;edit_handle_selector&quot;:&quot;.elementor-loop-container&quot;,&quot;autoplay&quot;:&quot;yes&quot;,&quot;autoplay_speed&quot;:5000,&quot;infinite&quot;:&quot;yes&quot;,&quot;speed&quot;:500,&quot;offset_sides&quot;:&quot;none&quot;,&quot;image_spacing_custom&quot;:{&quot;unit&quot;:&quot;px&quot;,&quot;size&quot;:10,&quot;sizes&quot;:[]},&quot;image_spacing_custom_tablet&quot;:{&quot;unit&quot;:&quot;px&quot;,&quot;size&quot;:&quot;&quot;,&quot;sizes&quot;:[]},&quot;image_spacing_custom_mobile&quot;:{&quot;unit&quot;:&quot;px&quot;,&quot;size&quot;:&quot;&quot;,&quot;sizes&quot;:[]}}\" data-widget_type=\"loop-carousel.post\">\n\t\t\t\t<div class=\"elementor-widget-container\">\n\t\t\t\t\t\t\t<div class=\"swiper elementor-loop-container elementor-grid\" role=\"list\" dir=\"ltr\">\n\t\t\t\t<div class=\"swiper-wrapper\" aria-live=\"off\">\n\t\t\t\t<div data-elementor-type=\"loop-item\" data-elementor-id=\"31505\" class=\"elementor elementor-31505 swiper-slide e-loop-item e-loop-item-31661 post-31661 capas type-capas status-publish has-post-thumbnail hentry categoria-de-revista-casa\" data-elementor-post-type=\"elementor_library\" role=\"group\" aria-roledescription=\"slide\" data-custom-edit-handle=\"1\">\n\t\t\t<div class=\"elementor-element elementor-element-1c00890 e-flex e-con-boxed e-con e-parent\" data-id=\"1c00890\" data-element_type=\"container\" data-e-type=\"container\">\n\t\t\t\t\t<div class=\"e-con-inner\">\n\t\t\t\t<div class=\"elementor-element elementor-element-996848e elementor-widget elementor-widget-theme-post-featured-image elementor-widget-image\" data-id=\"996848e\" data-element_type=\"widget\" data-e-type=\"widget\" data-widget_type=\"theme-post-featured-image.default\">\n\t\t\t\t<div class=\"elementor-widget-container\">\n\t\t\t\t\t\t\t\t\t\t\t\t\t\t\t\t<a href=\"https:\/\/revistaregional.com.br\/site\/wp-content\/uploads\/2019\/01\/PDF-REVISTA-REGIONAL-CASA-ED.-27-DEZEMBRO-2018.pdf\" target=\"_blank\">\n\t\t\t\t\t\t\t<img loading=\"lazy\" decoding=\"async\" width=\"870\" height=\"1172\" src=\"https:\/\/revistaregional.com.br\/site\/wp-content\/uploads\/2018\/12\/regional-CASA-ed27-dezembro1.jpg\" class=\"attachment-full size-full wp-image-17968\" alt=\"\" srcset=\"https:\/\/revistaregional.com.br\/site\/wp-content\/uploads\/2018\/12\/regional-CASA-ed27-dezembro1.jpg 870w, https:\/\/revistaregional.com.br\/site\/wp-content\/uploads\/2018\/12\/regional-CASA-ed27-dezembro1-223x300.jpg 223w, https:\/\/revistaregional.com.br\/site\/wp-content\/uploads\/2018\/12\/regional-CASA-ed27-dezembro1-760x1024.jpg 760w, https:\/\/revistaregional.com.br\/site\/wp-content\/uploads\/2018\/12\/regional-CASA-ed27-dezembro1-111x150.jpg 111w\" sizes=\"(max-width: 870px) 100vw, 870px\" \/>\t\t\t\t\t\t\t\t<\/a>\n\t\t\t\t\t\t\t\t\t\t\t\t\t\t\t<\/div>\n\t\t\t\t<\/div>\n\t\t\t\t\t<\/div>\n\t\t\t\t<\/div>\n\t\t\t\t<\/div>\n\t\t\t\t<div data-elementor-type=\"loop-item\" data-elementor-id=\"31505\" class=\"elementor elementor-31505 swiper-slide e-loop-item e-loop-item-31525 post-31525 capas type-capas status-publish has-post-thumbnail hentry categoria-de-revista-casa\" data-elementor-post-type=\"elementor_library\" role=\"group\" aria-roledescription=\"slide\" data-custom-edit-handle=\"1\">\n\t\t\t<div class=\"elementor-element elementor-element-1c00890 e-flex e-con-boxed e-con e-parent\" data-id=\"1c00890\" data-element_type=\"container\" data-e-type=\"container\">\n\t\t\t\t\t<div class=\"e-con-inner\">\n\t\t\t\t<div class=\"elementor-element elementor-element-996848e elementor-widget elementor-widget-theme-post-featured-image elementor-widget-image\" data-id=\"996848e\" data-element_type=\"widget\" data-e-type=\"widget\" data-widget_type=\"theme-post-featured-image.default\">\n\t\t\t\t<div class=\"elementor-widget-container\">\n\t\t\t\t\t\t\t\t\t\t\t\t\t\t\t\t<a href=\"https:\/\/revistaregional.com.br\/site\/wp-content\/uploads\/2018\/10\/PDF-Revista.PDF-casa-PDF-1.pdf\" target=\"_blank\">\n\t\t\t\t\t\t\t<img loading=\"lazy\" decoding=\"async\" width=\"870\" height=\"1172\" src=\"https:\/\/revistaregional.com.br\/site\/wp-content\/uploads\/2018\/10\/regional-casa-ed26-setembro1.jpg\" class=\"attachment-full size-full wp-image-17366\" alt=\"\" srcset=\"https:\/\/revistaregional.com.br\/site\/wp-content\/uploads\/2018\/10\/regional-casa-ed26-setembro1.jpg 870w, https:\/\/revistaregional.com.br\/site\/wp-content\/uploads\/2018\/10\/regional-casa-ed26-setembro1-223x300.jpg 223w, https:\/\/revistaregional.com.br\/site\/wp-content\/uploads\/2018\/10\/regional-casa-ed26-setembro1-760x1024.jpg 760w, https:\/\/revistaregional.com.br\/site\/wp-content\/uploads\/2018\/10\/regional-casa-ed26-setembro1-111x150.jpg 111w\" sizes=\"(max-width: 870px) 100vw, 870px\" \/>\t\t\t\t\t\t\t\t<\/a>\n\t\t\t\t\t\t\t\t\t\t\t\t\t\t\t<\/div>\n\t\t\t\t<\/div>\n\t\t\t\t\t<\/div>\n\t\t\t\t<\/div>\n\t\t\t\t<\/div>\n\t\t\t\t<div data-elementor-type=\"loop-item\" data-elementor-id=\"31505\" class=\"elementor elementor-31505 swiper-slide e-loop-item e-loop-item-31663 post-31663 capas type-capas status-publish has-post-thumbnail hentry categoria-de-revista-casa\" data-elementor-post-type=\"elementor_library\" role=\"group\" aria-roledescription=\"slide\" data-custom-edit-handle=\"1\">\n\t\t\t<div class=\"elementor-element elementor-element-1c00890 e-flex e-con-boxed e-con e-parent\" data-id=\"1c00890\" data-element_type=\"container\" data-e-type=\"container\">\n\t\t\t\t\t<div class=\"e-con-inner\">\n\t\t\t\t<div class=\"elementor-element elementor-element-996848e elementor-widget elementor-widget-theme-post-featured-image elementor-widget-image\" data-id=\"996848e\" data-element_type=\"widget\" data-e-type=\"widget\" data-widget_type=\"theme-post-featured-image.default\">\n\t\t\t\t<div class=\"elementor-widget-container\">\n\t\t\t\t\t\t\t\t\t\t\t\t\t\t\t\t<a href=\"https:\/\/revistaregional.com.br\/site\/wp-content\/uploads\/2018\/07\/PDF-Revista-1.pdf\" target=\"_blank\">\n\t\t\t\t\t\t\t<img loading=\"lazy\" decoding=\"async\" width=\"815\" height=\"1099\" src=\"https:\/\/revistaregional.com.br\/site\/wp-content\/uploads\/2018\/07\/reg-CASA-ed25-julho1-1.jpg\" class=\"attachment-full size-full wp-image-16088\" alt=\"\" srcset=\"https:\/\/revistaregional.com.br\/site\/wp-content\/uploads\/2018\/07\/reg-CASA-ed25-julho1-1.jpg 815w, https:\/\/revistaregional.com.br\/site\/wp-content\/uploads\/2018\/07\/reg-CASA-ed25-julho1-1-222x300.jpg 222w, https:\/\/revistaregional.com.br\/site\/wp-content\/uploads\/2018\/07\/reg-CASA-ed25-julho1-1-759x1024.jpg 759w, https:\/\/revistaregional.com.br\/site\/wp-content\/uploads\/2018\/07\/reg-CASA-ed25-julho1-1-111x150.jpg 111w\" sizes=\"(max-width: 815px) 100vw, 815px\" \/>\t\t\t\t\t\t\t\t<\/a>\n\t\t\t\t\t\t\t\t\t\t\t\t\t\t\t<\/div>\n\t\t\t\t<\/div>\n\t\t\t\t\t<\/div>\n\t\t\t\t<\/div>\n\t\t\t\t<\/div>\n\t\t\t\t<\/div>\n\t\t<\/div>\n\t\t\t\t\t\t<\/div>\n\t\t\t\t<\/div>\n\t\t\t\t<\/div>\n\t\t\t\t<\/div>\n\t\t<div class=\"elementor-element elementor-element-01fcc79 e-flex e-con-boxed e-con e-parent\" data-id=\"01fcc79\" data-element_type=\"container\" data-e-type=\"container\">\n\t\t\t\t\t<div class=\"e-con-inner\">\n\t\t<div class=\"elementor-element elementor-element-5838dae e-con-full e-flex e-con e-child\" data-id=\"5838dae\" data-element_type=\"container\" data-e-type=\"container\">\n\t\t<div class=\"elementor-element elementor-element-7332284 e-flex e-con-boxed e-con e-child\" data-id=\"7332284\" data-element_type=\"container\" data-e-type=\"container\">\n\t\t\t\t\t<div class=\"e-con-inner\">\n\t\t<div class=\"elementor-element elementor-element-7fc9eea e-con-full e-flex e-con e-child\" data-id=\"7fc9eea\" data-element_type=\"container\" data-e-type=\"container\">\n\t\t\t\t<div class=\"elementor-element elementor-element-ef5789c elementor-widget elementor-widget-heading\" data-id=\"ef5789c\" data-element_type=\"widget\" data-e-type=\"widget\" data-widget_type=\"heading.default\">\n\t\t\t\t<div class=\"elementor-widget-container\">\n\t\t\t\t\t<h2 class=\"elementor-heading-title elementor-size-default\">VIP<\/h2>\t\t\t\t<\/div>\n\t\t\t\t<\/div>\n\t\t\t\t<div class=\"elementor-element elementor-element-ad7d987 elementor-grid-1 elementor-grid-tablet-2 elementor-grid-mobile-1 elementor-posts--thumbnail-top elementor-widget elementor-widget-posts\" data-id=\"ad7d987\" data-element_type=\"widget\" data-e-type=\"widget\" data-settings=\"{&quot;classic_columns&quot;:&quot;1&quot;,&quot;classic_columns_tablet&quot;:&quot;2&quot;,&quot;classic_columns_mobile&quot;:&quot;1&quot;,&quot;classic_row_gap&quot;:{&quot;unit&quot;:&quot;px&quot;,&quot;size&quot;:35,&quot;sizes&quot;:[]},&quot;classic_row_gap_tablet&quot;:{&quot;unit&quot;:&quot;px&quot;,&quot;size&quot;:&quot;&quot;,&quot;sizes&quot;:[]},&quot;classic_row_gap_mobile&quot;:{&quot;unit&quot;:&quot;px&quot;,&quot;size&quot;:&quot;&quot;,&quot;sizes&quot;:[]}}\" data-widget_type=\"posts.classic\">\n\t\t\t\t<div class=\"elementor-widget-container\">\n\t\t\t\t\t\t\t<div class=\"elementor-posts-container elementor-posts elementor-posts--skin-classic elementor-grid\" role=\"list\">\n\t\t\t\t<article class=\"elementor-post elementor-grid-item post-36612 post type-post status-publish format-standard has-post-thumbnail hentry category-destaque-lateral category-vip\" role=\"listitem\">\n\t\t\t\t<a class=\"elementor-post__thumbnail__link\" href=\"https:\/\/revistaregional.com.br\/site\/2026\/04\/14\/joao-paulo-casali-e-o-case-de-sucesso-da-rede-move\/\" tabindex=\"-1\" >\n\t\t\t<div class=\"elementor-post__thumbnail\"><img loading=\"lazy\" decoding=\"async\" width=\"683\" height=\"715\" src=\"https:\/\/revistaregional.com.br\/site\/wp-content\/uploads\/2026\/04\/cop.jpg\" class=\"attachment-full size-full wp-image-36615\" alt=\"\" srcset=\"https:\/\/revistaregional.com.br\/site\/wp-content\/uploads\/2026\/04\/cop.jpg 683w, https:\/\/revistaregional.com.br\/site\/wp-content\/uploads\/2026\/04\/cop-287x300.jpg 287w\" sizes=\"(max-width: 683px) 100vw, 683px\" \/><\/div>\n\t\t<\/a>\n\t\t\t\t<div class=\"elementor-post__text\">\n\t\t\t\t<h3 class=\"elementor-post__title\">\n\t\t\t<a href=\"https:\/\/revistaregional.com.br\/site\/2026\/04\/14\/joao-paulo-casali-e-o-case-de-sucesso-da-rede-move\/\" >\n\t\t\t\tJo\u00e3o Paulo Casali e o case de sucesso da rede Move\t\t\t<\/a>\n\t\t<\/h3>\n\t\t\t\t<div class=\"elementor-post__meta-data\">\n\t\t\t\t\t<span class=\"elementor-post-date\">\n\t\t\t14\/04\/2026\t\t<\/span>\n\t\t\t\t<\/div>\n\t\t\t\t<div class=\"elementor-post__excerpt\">\n\t\t\t<p>A rede Move conta com diferentes unidades e oferece um portf\u00f3lio amplo de servi\u00e7os, que vai da muscula\u00e7\u00e3o tradicional a modalidades como pilates, bike indoor, treinamento funcional, CrossFit e Hyrox O empres\u00e1rio Jo\u00e3o Paulo Casali construiu sua trajet\u00f3ria no setor fitness a partir de uma<\/p>\n\t\t<\/div>\n\t\t\t\t\t<div class=\"elementor-post__read-more-wrapper\">\n\t\t\n\t\t<a class=\"elementor-post__read-more\" href=\"https:\/\/revistaregional.com.br\/site\/2026\/04\/14\/joao-paulo-casali-e-o-case-de-sucesso-da-rede-move\/\" aria-label=\"Leia mais sobre Jo\u00e3o Paulo Casali e o case de sucesso da rede Move\" tabindex=\"-1\" >\n\t\t\tsaiba mais \u00bb\t\t<\/a>\n\n\t\t\t\t\t<\/div>\n\t\t\t\t<\/div>\n\t\t\t\t<\/article>\n\t\t\t\t<\/div>\n\t\t\n\t\t\t\t\t\t<\/div>\n\t\t\t\t<\/div>\n\t\t\t\t<\/div>\n\t\t<div class=\"elementor-element elementor-element-ca225d1 e-con-full e-flex e-con e-child\" data-id=\"ca225d1\" data-element_type=\"container\" data-e-type=\"container\">\n\t\t\t\t<div class=\"elementor-element elementor-element-600e1a0 elementor-widget elementor-widget-heading\" data-id=\"600e1a0\" data-element_type=\"widget\" data-e-type=\"widget\" data-widget_type=\"heading.default\">\n\t\t\t\t<div class=\"elementor-widget-container\">\n\t\t\t\t\t<h2 class=\"elementor-heading-title elementor-size-default\">CIRCULANDO<\/h2>\t\t\t\t<\/div>\n\t\t\t\t<\/div>\n\t\t\t\t<div class=\"elementor-element elementor-element-a0cc941 elementor-grid-1 elementor-grid-tablet-2 elementor-grid-mobile-1 elementor-posts--thumbnail-top elementor-widget elementor-widget-posts\" data-id=\"a0cc941\" data-element_type=\"widget\" data-e-type=\"widget\" data-settings=\"{&quot;classic_columns&quot;:&quot;1&quot;,&quot;classic_columns_tablet&quot;:&quot;2&quot;,&quot;classic_columns_mobile&quot;:&quot;1&quot;,&quot;classic_row_gap&quot;:{&quot;unit&quot;:&quot;px&quot;,&quot;size&quot;:35,&quot;sizes&quot;:[]},&quot;classic_row_gap_tablet&quot;:{&quot;unit&quot;:&quot;px&quot;,&quot;size&quot;:&quot;&quot;,&quot;sizes&quot;:[]},&quot;classic_row_gap_mobile&quot;:{&quot;unit&quot;:&quot;px&quot;,&quot;size&quot;:&quot;&quot;,&quot;sizes&quot;:[]}}\" data-widget_type=\"posts.classic\">\n\t\t\t\t<div class=\"elementor-widget-container\">\n\t\t\t\t\t\t\t<div class=\"elementor-posts-container elementor-posts elementor-posts--skin-classic elementor-grid\" role=\"list\">\n\t\t\t\t<article class=\"elementor-post elementor-grid-item post-36493 post type-post status-publish format-standard has-post-thumbnail hentry category-circulando category-destaque-lateral\" role=\"listitem\">\n\t\t\t\t<a class=\"elementor-post__thumbnail__link\" href=\"https:\/\/revistaregional.com.br\/site\/2026\/03\/23\/regional-promove-mulheres-de-sucesso-2026\/\" tabindex=\"-1\" >\n\t\t\t<div class=\"elementor-post__thumbnail\"><img loading=\"lazy\" decoding=\"async\" width=\"1000\" height=\"1500\" src=\"https:\/\/revistaregional.com.br\/site\/wp-content\/uploads\/2026\/03\/mulheres-de-sucesso-2026-51.jpg\" class=\"attachment-full size-full wp-image-36544\" alt=\"\" srcset=\"https:\/\/revistaregional.com.br\/site\/wp-content\/uploads\/2026\/03\/mulheres-de-sucesso-2026-51.jpg 1000w, https:\/\/revistaregional.com.br\/site\/wp-content\/uploads\/2026\/03\/mulheres-de-sucesso-2026-51-200x300.jpg 200w, https:\/\/revistaregional.com.br\/site\/wp-content\/uploads\/2026\/03\/mulheres-de-sucesso-2026-51-683x1024.jpg 683w\" sizes=\"(max-width: 1000px) 100vw, 1000px\" \/><\/div>\n\t\t<\/a>\n\t\t\t\t<div class=\"elementor-post__text\">\n\t\t\t\t<h3 class=\"elementor-post__title\">\n\t\t\t<a href=\"https:\/\/revistaregional.com.br\/site\/2026\/03\/23\/regional-promove-mulheres-de-sucesso-2026\/\" >\n\t\t\t\tRegional promove \u2018Mulheres de Sucesso 2026\u2019\t\t\t<\/a>\n\t\t<\/h3>\n\t\t\t\t<div class=\"elementor-post__meta-data\">\n\t\t\t\t\t<span class=\"elementor-post-date\">\n\t\t\t23\/03\/2026\t\t<\/span>\n\t\t\t\t<\/div>\n\t\t\t\t<div class=\"elementor-post__excerpt\">\n\t\t\t<p>Uma noite inesquec\u00edvel reunindo mais de 80 empres\u00e1rias da regi\u00e3o, todas participantes da edi\u00e7\u00e3o especial do M\u00eas da Mulher da Revista Regional. Assim foi o evento Mulheres de Sucesso 2026, realizado na noite de 19 de mar\u00e7o, no Espa\u00e7o F\u00e1brica S\u00e3o Luiz, edif\u00edcio tombado como<\/p>\n\t\t<\/div>\n\t\t\t\t\t<div class=\"elementor-post__read-more-wrapper\">\n\t\t\n\t\t<a class=\"elementor-post__read-more\" href=\"https:\/\/revistaregional.com.br\/site\/2026\/03\/23\/regional-promove-mulheres-de-sucesso-2026\/\" aria-label=\"Leia mais sobre Regional promove \u2018Mulheres de Sucesso 2026\u2019\" tabindex=\"-1\" >\n\t\t\tsaiba mais \u00bb\t\t<\/a>\n\n\t\t\t\t\t<\/div>\n\t\t\t\t<\/div>\n\t\t\t\t<\/article>\n\t\t\t\t<\/div>\n\t\t\n\t\t\t\t\t\t<\/div>\n\t\t\t\t<\/div>\n\t\t\t\t<\/div>\n\t\t<div class=\"elementor-element elementor-element-92e902a e-con-full e-flex e-con e-child\" data-id=\"92e902a\" data-element_type=\"container\" data-e-type=\"container\">\n\t\t\t\t<div class=\"elementor-element elementor-element-5f7b64d elementor-widget elementor-widget-heading\" data-id=\"5f7b64d\" data-element_type=\"widget\" data-e-type=\"widget\" data-widget_type=\"heading.default\">\n\t\t\t\t<div class=\"elementor-widget-container\">\n\t\t\t\t\t<h2 class=\"elementor-heading-title elementor-size-default\">CULTURA<\/h2>\t\t\t\t<\/div>\n\t\t\t\t<\/div>\n\t\t\t\t<div class=\"elementor-element elementor-element-0320839 elementor-grid-1 elementor-grid-tablet-2 elementor-grid-mobile-1 elementor-posts--thumbnail-top elementor-widget elementor-widget-posts\" data-id=\"0320839\" data-element_type=\"widget\" data-e-type=\"widget\" data-settings=\"{&quot;classic_columns&quot;:&quot;1&quot;,&quot;classic_columns_tablet&quot;:&quot;2&quot;,&quot;classic_columns_mobile&quot;:&quot;1&quot;,&quot;classic_row_gap&quot;:{&quot;unit&quot;:&quot;px&quot;,&quot;size&quot;:35,&quot;sizes&quot;:[]},&quot;classic_row_gap_tablet&quot;:{&quot;unit&quot;:&quot;px&quot;,&quot;size&quot;:&quot;&quot;,&quot;sizes&quot;:[]},&quot;classic_row_gap_mobile&quot;:{&quot;unit&quot;:&quot;px&quot;,&quot;size&quot;:&quot;&quot;,&quot;sizes&quot;:[]}}\" data-widget_type=\"posts.classic\">\n\t\t\t\t<div class=\"elementor-widget-container\">\n\t\t\t\t\t\t\t<div class=\"elementor-posts-container elementor-posts elementor-posts--skin-classic elementor-grid\" role=\"list\">\n\t\t\t\t<article class=\"elementor-post elementor-grid-item post-36626 post type-post status-publish format-standard has-post-thumbnail hentry category-cultura-2 category-destaque-lateral category-slide\" role=\"listitem\">\n\t\t\t\t<a class=\"elementor-post__thumbnail__link\" href=\"https:\/\/revistaregional.com.br\/site\/2026\/04\/28\/fundacao-bienal-leva-exposicoes-ao-museu-fama\/\" tabindex=\"-1\" >\n\t\t\t<div class=\"elementor-post__thumbnail\"><img loading=\"lazy\" decoding=\"async\" width=\"2000\" height=\"1335\" src=\"https:\/\/revistaregional.com.br\/site\/wp-content\/uploads\/2026\/04\/3.jpg\" class=\"attachment-full size-full wp-image-36629\" alt=\"\" srcset=\"https:\/\/revistaregional.com.br\/site\/wp-content\/uploads\/2026\/04\/3.jpg 2000w, https:\/\/revistaregional.com.br\/site\/wp-content\/uploads\/2026\/04\/3-300x200.jpg 300w, https:\/\/revistaregional.com.br\/site\/wp-content\/uploads\/2026\/04\/3-1024x684.jpg 1024w, https:\/\/revistaregional.com.br\/site\/wp-content\/uploads\/2026\/04\/3-1536x1025.jpg 1536w\" sizes=\"(max-width: 2000px) 100vw, 2000px\" \/><\/div>\n\t\t<\/a>\n\t\t\t\t<div class=\"elementor-post__text\">\n\t\t\t\t<h3 class=\"elementor-post__title\">\n\t\t\t<a href=\"https:\/\/revistaregional.com.br\/site\/2026\/04\/28\/fundacao-bienal-leva-exposicoes-ao-museu-fama\/\" >\n\t\t\t\tFunda\u00e7\u00e3o Bienal leva exposi\u00e7\u00f5es ao Museu Fama\t\t\t<\/a>\n\t\t<\/h3>\n\t\t\t\t<div class=\"elementor-post__meta-data\">\n\t\t\t\t\t<span class=\"elementor-post-date\">\n\t\t\t28\/04\/2026\t\t<\/span>\n\t\t\t\t<\/div>\n\t\t\t\t<div class=\"elementor-post__excerpt\">\n\t\t\t<p>O projeto Bienal no Territ\u00f3rio Paulista \u2013 Arte Contempor\u00e2nea e Patrim\u00f4nio Cultural realiza atividades gratuitas no Museu Fama, em Itu A Funda\u00e7\u00e3o Bienal de S\u00e3o Paulo realiza, at\u00e9 final de maio, a mostra Bienal no Territ\u00f3rio Paulista &#8211; Arte Contempor\u00e2nea e Patrim\u00f4nio Cultural, iniciativa que<\/p>\n\t\t<\/div>\n\t\t\t\t\t<div class=\"elementor-post__read-more-wrapper\">\n\t\t\n\t\t<a class=\"elementor-post__read-more\" href=\"https:\/\/revistaregional.com.br\/site\/2026\/04\/28\/fundacao-bienal-leva-exposicoes-ao-museu-fama\/\" aria-label=\"Leia mais sobre Funda\u00e7\u00e3o Bienal leva exposi\u00e7\u00f5es ao Museu Fama\" tabindex=\"-1\" >\n\t\t\tsaiba mais \u00bb\t\t<\/a>\n\n\t\t\t\t\t<\/div>\n\t\t\t\t<\/div>\n\t\t\t\t<\/article>\n\t\t\t\t<\/div>\n\t\t\n\t\t\t\t\t\t<\/div>\n\t\t\t\t<\/div>\n\t\t\t\t<\/div>\n\t\t\t\t\t<\/div>\n\t\t\t\t<\/div>\n\t\t<div class=\"elementor-element elementor-element-be7cabc e-flex e-con-boxed e-con e-child\" data-id=\"be7cabc\" data-element_type=\"container\" data-e-type=\"container\">\n\t\t\t\t\t<div class=\"e-con-inner\">\n\t\t<div class=\"elementor-element elementor-element-b55a741 e-flex e-con-boxed e-con e-child\" data-id=\"b55a741\" data-element_type=\"container\" data-e-type=\"container\">\n\t\t\t\t\t<div class=\"e-con-inner\">\n\t\t\t\t<div class=\"elementor-element elementor-element-032b2e1 elementor-widget__width-inherit anuncio elementor-widget elementor-widget-loop-carousel\" data-id=\"032b2e1\" data-element_type=\"widget\" data-e-type=\"widget\" data-settings=\"{&quot;template_id&quot;:&quot;31729&quot;,&quot;image_spacing_custom&quot;:{&quot;unit&quot;:&quot;px&quot;,&quot;size&quot;:0,&quot;sizes&quot;:[]},&quot;_skin&quot;:&quot;post&quot;,&quot;edit_handle_selector&quot;:&quot;.elementor-loop-container&quot;,&quot;speed&quot;:500,&quot;image_spacing_custom_tablet&quot;:{&quot;unit&quot;:&quot;px&quot;,&quot;size&quot;:&quot;&quot;,&quot;sizes&quot;:[]},&quot;image_spacing_custom_mobile&quot;:{&quot;unit&quot;:&quot;px&quot;,&quot;size&quot;:&quot;&quot;,&quot;sizes&quot;:[]}}\" data-widget_type=\"loop-carousel.post\">\n\t\t\t\t<div class=\"elementor-widget-container\">\n\t\t\t\t\t\t\t<div class=\"swiper elementor-loop-container elementor-grid\" role=\"list\" dir=\"ltr\">\n\t\t\t\t<div class=\"swiper-wrapper\" aria-live=\"polite\">\n\t\t\t\t<div data-elementor-type=\"loop-item\" data-elementor-id=\"31729\" class=\"elementor elementor-31729 swiper-slide e-loop-item e-loop-item-31714 post-31714 anuncio type-anuncio status-publish has-post-thumbnail hentry local-do-anuncio-home-central-bloco-2-anuncio-01\" data-elementor-post-type=\"elementor_library\" role=\"group\" aria-roledescription=\"slide\" data-custom-edit-handle=\"1\">\n\t\t\t<div class=\"elementor-element elementor-element-49895aa e-con-full anuncio-individual e-flex e-con e-parent\" data-id=\"49895aa\" data-element_type=\"container\" data-e-type=\"container\">\n\t\t\t\t<div class=\"elementor-element elementor-element-e459252 elementor-widget elementor-widget-theme-post-featured-image elementor-widget-image\" data-id=\"e459252\" data-element_type=\"widget\" data-e-type=\"widget\" data-widget_type=\"theme-post-featured-image.default\">\n\t\t\t\t<div class=\"elementor-widget-container\">\n\t\t\t\t\t\t\t\t\t\t\t\t\t\t\t\t<a href=\"https:\/\/instagram.com\/dromdecor?igshid=1rrbns3b0rphd\" target=\"_blank\">\n\t\t\t\t\t\t\t<img loading=\"lazy\" decoding=\"async\" width=\"332\" height=\"210\" src=\"https:\/\/revistaregional.com.br\/site\/wp-content\/uploads\/2024\/01\/drom.jpg\" class=\"attachment-full size-full wp-image-31715\" alt=\"\" srcset=\"https:\/\/revistaregional.com.br\/site\/wp-content\/uploads\/2024\/01\/drom.jpg 332w, https:\/\/revistaregional.com.br\/site\/wp-content\/uploads\/2024\/01\/drom-300x190.jpg 300w, https:\/\/revistaregional.com.br\/site\/wp-content\/uploads\/2024\/01\/drom-150x95.jpg 150w\" sizes=\"(max-width: 332px) 100vw, 332px\" \/>\t\t\t\t\t\t\t\t<\/a>\n\t\t\t\t\t\t\t\t\t\t\t\t\t\t\t<\/div>\n\t\t\t\t<\/div>\n\t\t\t\t<\/div>\n\t\t\t\t<\/div>\n\t\t\t\t<\/div>\n\t\t<\/div>\n\t\t\t\t\t\t<\/div>\n\t\t\t\t<\/div>\n\t\t\t\t\t<\/div>\n\t\t\t\t<\/div>\n\t\t<div class=\"elementor-element elementor-element-99999c5 e-flex e-con-boxed e-con e-child\" data-id=\"99999c5\" data-element_type=\"container\" data-e-type=\"container\">\n\t\t\t\t\t<div class=\"e-con-inner\">\n\t\t\t\t<div class=\"elementor-element elementor-element-53b4e99 elementor-widget__width-inherit anuncio elementor-widget elementor-widget-loop-carousel\" data-id=\"53b4e99\" data-element_type=\"widget\" data-e-type=\"widget\" data-settings=\"{&quot;template_id&quot;:&quot;31729&quot;,&quot;image_spacing_custom&quot;:{&quot;unit&quot;:&quot;px&quot;,&quot;size&quot;:0,&quot;sizes&quot;:[]},&quot;_skin&quot;:&quot;post&quot;,&quot;edit_handle_selector&quot;:&quot;.elementor-loop-container&quot;,&quot;speed&quot;:500,&quot;image_spacing_custom_tablet&quot;:{&quot;unit&quot;:&quot;px&quot;,&quot;size&quot;:&quot;&quot;,&quot;sizes&quot;:[]},&quot;image_spacing_custom_mobile&quot;:{&quot;unit&quot;:&quot;px&quot;,&quot;size&quot;:&quot;&quot;,&quot;sizes&quot;:[]}}\" data-widget_type=\"loop-carousel.post\">\n\t\t\t\t<div class=\"elementor-widget-container\">\n\t\t\t\t\t\t\t<div class=\"swiper elementor-loop-container elementor-grid\" role=\"list\" dir=\"ltr\">\n\t\t\t\t<div class=\"swiper-wrapper\" aria-live=\"polite\">\n\t\t\t\t<div data-elementor-type=\"loop-item\" data-elementor-id=\"31729\" class=\"elementor elementor-31729 swiper-slide e-loop-item e-loop-item-31716 post-31716 anuncio type-anuncio status-publish has-post-thumbnail hentry local-do-anuncio-home-central-bloco-2-anuncio-02\" data-elementor-post-type=\"elementor_library\" role=\"group\" aria-roledescription=\"slide\" data-custom-edit-handle=\"1\">\n\t\t\t<div class=\"elementor-element elementor-element-49895aa e-con-full anuncio-individual e-flex e-con e-parent\" data-id=\"49895aa\" data-element_type=\"container\" data-e-type=\"container\">\n\t\t\t\t<div class=\"elementor-element elementor-element-e459252 elementor-widget elementor-widget-theme-post-featured-image elementor-widget-image\" data-id=\"e459252\" data-element_type=\"widget\" data-e-type=\"widget\" data-widget_type=\"theme-post-featured-image.default\">\n\t\t\t\t<div class=\"elementor-widget-container\">\n\t\t\t\t\t\t\t\t\t\t\t\t\t\t\t\t<a href=\"https:\/\/revistaregional.com.br\/site\/sobre\/\" target=\"_blank\">\n\t\t\t\t\t\t\t<img loading=\"lazy\" decoding=\"async\" width=\"300\" height=\"177\" src=\"https:\/\/revistaregional.com.br\/site\/wp-content\/uploads\/2024\/01\/anuncie-1.jpg\" class=\"attachment-full size-full wp-image-33669\" alt=\"\" \/>\t\t\t\t\t\t\t\t<\/a>\n\t\t\t\t\t\t\t\t\t\t\t\t\t\t\t<\/div>\n\t\t\t\t<\/div>\n\t\t\t\t<\/div>\n\t\t\t\t<\/div>\n\t\t\t\t<\/div>\n\t\t<\/div>\n\t\t\t\t\t\t<\/div>\n\t\t\t\t<\/div>\n\t\t\t\t\t<\/div>\n\t\t\t\t<\/div>\n\t\t<div class=\"elementor-element elementor-element-217175d e-flex e-con-boxed e-con e-child\" data-id=\"217175d\" data-element_type=\"container\" data-e-type=\"container\">\n\t\t\t\t\t<div class=\"e-con-inner\">\n\t\t\t\t<div class=\"elementor-element elementor-element-a21973a elementor-widget__width-inherit anuncio elementor-widget elementor-widget-loop-carousel\" data-id=\"a21973a\" data-element_type=\"widget\" data-e-type=\"widget\" data-settings=\"{&quot;template_id&quot;:&quot;31729&quot;,&quot;image_spacing_custom&quot;:{&quot;unit&quot;:&quot;px&quot;,&quot;size&quot;:0,&quot;sizes&quot;:[]},&quot;_skin&quot;:&quot;post&quot;,&quot;edit_handle_selector&quot;:&quot;.elementor-loop-container&quot;,&quot;speed&quot;:500,&quot;image_spacing_custom_tablet&quot;:{&quot;unit&quot;:&quot;px&quot;,&quot;size&quot;:&quot;&quot;,&quot;sizes&quot;:[]},&quot;image_spacing_custom_mobile&quot;:{&quot;unit&quot;:&quot;px&quot;,&quot;size&quot;:&quot;&quot;,&quot;sizes&quot;:[]}}\" data-widget_type=\"loop-carousel.post\">\n\t\t\t\t<div class=\"elementor-widget-container\">\n\t\t\t\t\t\t\t<div class=\"swiper elementor-loop-container elementor-grid\" role=\"list\" dir=\"ltr\">\n\t\t\t\t<div class=\"swiper-wrapper\" aria-live=\"polite\">\n\t\t\t\t<div data-elementor-type=\"loop-item\" data-elementor-id=\"31729\" class=\"elementor elementor-31729 swiper-slide e-loop-item e-loop-item-31717 post-31717 anuncio type-anuncio status-publish has-post-thumbnail hentry local-do-anuncio-home-central-bloco-2-anuncio-03\" data-elementor-post-type=\"elementor_library\" role=\"group\" aria-roledescription=\"slide\" data-custom-edit-handle=\"1\">\n\t\t\t<div class=\"elementor-element elementor-element-49895aa e-con-full anuncio-individual e-flex e-con e-parent\" data-id=\"49895aa\" data-element_type=\"container\" data-e-type=\"container\">\n\t\t\t\t<div class=\"elementor-element elementor-element-e459252 elementor-widget elementor-widget-theme-post-featured-image elementor-widget-image\" data-id=\"e459252\" data-element_type=\"widget\" data-e-type=\"widget\" data-widget_type=\"theme-post-featured-image.default\">\n\t\t\t\t<div class=\"elementor-widget-container\">\n\t\t\t\t\t\t\t\t\t\t\t\t\t\t\t\t<a href=\"https:\/\/www.instagram.com\/cozinhasaopedrofafa\/\" target=\"_blank\">\n\t\t\t\t\t\t\t<img loading=\"lazy\" decoding=\"async\" width=\"300\" height=\"192\" src=\"https:\/\/revistaregional.com.br\/site\/wp-content\/uploads\/2024\/01\/cozinha-s.jpg\" class=\"attachment-full size-full wp-image-34039\" alt=\"\" \/>\t\t\t\t\t\t\t\t<\/a>\n\t\t\t\t\t\t\t\t\t\t\t\t\t\t\t<\/div>\n\t\t\t\t<\/div>\n\t\t\t\t<\/div>\n\t\t\t\t<\/div>\n\t\t\t\t<\/div>\n\t\t<\/div>\n\t\t\t\t\t\t<\/div>\n\t\t\t\t<\/div>\n\t\t\t\t\t<\/div>\n\t\t\t\t<\/div>\n\t\t\t\t\t<\/div>\n\t\t\t\t<\/div>\n\t\t\t\t<\/div>\n\t\t<div class=\"elementor-element elementor-element-f379e0e e-con-full e-flex e-con e-child\" data-id=\"f379e0e\" data-element_type=\"container\" data-e-type=\"container\">\n\t\t\t\t<div class=\"elementor-element elementor-element-d8c3851 elementor-widget elementor-widget-heading\" data-id=\"d8c3851\" data-element_type=\"widget\" data-e-type=\"widget\" data-widget_type=\"heading.default\">\n\t\t\t\t<div class=\"elementor-widget-container\">\n\t\t\t\t\t<h2 class=\"elementor-heading-title elementor-size-default\"># AS MAIS LIDAS<\/h2>\t\t\t\t<\/div>\n\t\t\t\t<\/div>\n\t\t\t\t<div class=\"elementor-element elementor-element-195d990 elementor-grid-1 elementor-posts--thumbnail-left elementor-grid-tablet-2 elementor-grid-mobile-1 elementor-widget elementor-widget-posts\" data-id=\"195d990\" data-element_type=\"widget\" data-e-type=\"widget\" data-settings=\"{&quot;classic_columns&quot;:&quot;1&quot;,&quot;classic_row_gap&quot;:{&quot;unit&quot;:&quot;px&quot;,&quot;size&quot;:17,&quot;sizes&quot;:[]},&quot;classic_columns_tablet&quot;:&quot;2&quot;,&quot;classic_columns_mobile&quot;:&quot;1&quot;,&quot;classic_row_gap_tablet&quot;:{&quot;unit&quot;:&quot;px&quot;,&quot;size&quot;:&quot;&quot;,&quot;sizes&quot;:[]},&quot;classic_row_gap_mobile&quot;:{&quot;unit&quot;:&quot;px&quot;,&quot;size&quot;:&quot;&quot;,&quot;sizes&quot;:[]}}\" data-widget_type=\"posts.classic\">\n\t\t\t\t<div class=\"elementor-widget-container\">\n\t\t\t\t\t\t\t<div class=\"elementor-posts-container elementor-posts elementor-posts--skin-classic elementor-grid\" role=\"list\">\n\t\t\t\t<article class=\"elementor-post elementor-grid-item post-36571 post type-post status-publish format-standard has-post-thumbnail hentry category-conversa category-destaque-lateral category-slide\" role=\"listitem\">\n\t\t\t\t<a class=\"elementor-post__thumbnail__link\" href=\"https:\/\/revistaregional.com.br\/site\/2026\/03\/30\/grazi-brilha-em-dose-dupla\/\" tabindex=\"-1\" >\n\t\t\t<div class=\"elementor-post__thumbnail\"><img loading=\"lazy\" decoding=\"async\" width=\"270\" height=\"270\" src=\"https:\/\/revistaregional.com.br\/site\/wp-content\/uploads\/2026\/03\/2-3-270x270.jpg\" class=\"attachment-thumbnail size-thumbnail wp-image-36579\" alt=\"\" \/><\/div>\n\t\t<\/a>\n\t\t\t\t<div class=\"elementor-post__text\">\n\t\t\t\t<h2 class=\"elementor-post__title\">\n\t\t\t<a href=\"https:\/\/revistaregional.com.br\/site\/2026\/03\/30\/grazi-brilha-em-dose-dupla\/\" >\n\t\t\t\tGrazi Massafera brilha em dose dupla nas novelas\t\t\t<\/a>\n\t\t<\/h2>\n\t\t\t\t<div class=\"elementor-post__meta-data\">\n\t\t\t\t\t<span class=\"elementor-post-date\">\n\t\t\t30\/03\/2026\t\t<\/span>\n\t\t\t\t<\/div>\n\t\t\t\t<\/div>\n\t\t\t\t<\/article>\n\t\t\t\t<article class=\"elementor-post elementor-grid-item post-36607 post type-post status-publish format-standard has-post-thumbnail hentry category-destaque-lateral category-reporter-regional category-slide\" role=\"listitem\">\n\t\t\t\t<a class=\"elementor-post__thumbnail__link\" href=\"https:\/\/revistaregional.com.br\/site\/2026\/04\/14\/fomo-a-epidemia-causada-pela-busca-do-pertencimento\/\" tabindex=\"-1\" >\n\t\t\t<div class=\"elementor-post__thumbnail\"><img loading=\"lazy\" decoding=\"async\" width=\"270\" height=\"270\" src=\"https:\/\/revistaregional.com.br\/site\/wp-content\/uploads\/2026\/04\/AdobeStock_732922352-270x270.jpg\" class=\"attachment-thumbnail size-thumbnail wp-image-36608\" alt=\"\" \/><\/div>\n\t\t<\/a>\n\t\t\t\t<div class=\"elementor-post__text\">\n\t\t\t\t<h2 class=\"elementor-post__title\">\n\t\t\t<a href=\"https:\/\/revistaregional.com.br\/site\/2026\/04\/14\/fomo-a-epidemia-causada-pela-busca-do-pertencimento\/\" >\n\t\t\t\tFomo: a epidemia causada pela busca do \u2018pertencimento\u2019\t\t\t<\/a>\n\t\t<\/h2>\n\t\t\t\t<div class=\"elementor-post__meta-data\">\n\t\t\t\t\t<span class=\"elementor-post-date\">\n\t\t\t14\/04\/2026\t\t<\/span>\n\t\t\t\t<\/div>\n\t\t\t\t<\/div>\n\t\t\t\t<\/article>\n\t\t\t\t<article class=\"elementor-post elementor-grid-item post-36596 post type-post status-publish format-standard has-post-thumbnail hentry category-destaque-lateral category-regionais-2 category-slide\" role=\"listitem\">\n\t\t\t\t<a class=\"elementor-post__thumbnail__link\" href=\"https:\/\/revistaregional.com.br\/site\/2026\/04\/14\/kobra-pinta-mural-gigante-em-homenagem-a-almeida-jr-em-itu\/\" tabindex=\"-1\" >\n\t\t\t<div class=\"elementor-post__thumbnail\"><img loading=\"lazy\" decoding=\"async\" width=\"270\" height=\"270\" src=\"https:\/\/revistaregional.com.br\/site\/wp-content\/uploads\/2026\/04\/copia-270x270.png\" class=\"attachment-thumbnail size-thumbnail wp-image-36610\" alt=\"\" \/><\/div>\n\t\t<\/a>\n\t\t\t\t<div class=\"elementor-post__text\">\n\t\t\t\t<h2 class=\"elementor-post__title\">\n\t\t\t<a href=\"https:\/\/revistaregional.com.br\/site\/2026\/04\/14\/kobra-pinta-mural-gigante-em-homenagem-a-almeida-jr-em-itu\/\" >\n\t\t\t\tKobra pinta mural gigante em  homenagem a Almeida Jr. em Itu\t\t\t<\/a>\n\t\t<\/h2>\n\t\t\t\t<div class=\"elementor-post__meta-data\">\n\t\t\t\t\t<span class=\"elementor-post-date\">\n\t\t\t14\/04\/2026\t\t<\/span>\n\t\t\t\t<\/div>\n\t\t\t\t<\/div>\n\t\t\t\t<\/article>\n\t\t\t\t<article class=\"elementor-post elementor-grid-item post-36581 post type-post status-publish format-standard has-post-thumbnail hentry category-destaque-lateral category-regionais-2\" role=\"listitem\">\n\t\t\t\t<a class=\"elementor-post__thumbnail__link\" href=\"https:\/\/revistaregional.com.br\/site\/2026\/03\/31\/tradicao-da-queima-do-judas-se-mantem-na-pascoa-em-itu\/\" tabindex=\"-1\" >\n\t\t\t<div class=\"elementor-post__thumbnail\"><img loading=\"lazy\" decoding=\"async\" width=\"270\" height=\"270\" src=\"https:\/\/revistaregional.com.br\/site\/wp-content\/uploads\/2026\/03\/judas-itu-270x270.jpg\" class=\"attachment-thumbnail size-thumbnail wp-image-36582\" alt=\"\" \/><\/div>\n\t\t<\/a>\n\t\t\t\t<div class=\"elementor-post__text\">\n\t\t\t\t<h2 class=\"elementor-post__title\">\n\t\t\t<a href=\"https:\/\/revistaregional.com.br\/site\/2026\/03\/31\/tradicao-da-queima-do-judas-se-mantem-na-pascoa-em-itu\/\" >\n\t\t\t\tTradi\u00e7\u00e3o da Queima do Judas se mant\u00e9m na P\u00e1scoa em Itu\t\t\t<\/a>\n\t\t<\/h2>\n\t\t\t\t<div class=\"elementor-post__meta-data\">\n\t\t\t\t\t<span class=\"elementor-post-date\">\n\t\t\t31\/03\/2026\t\t<\/span>\n\t\t\t\t<\/div>\n\t\t\t\t<\/div>\n\t\t\t\t<\/article>\n\t\t\t\t<article class=\"elementor-post elementor-grid-item post-36565 post type-post status-publish format-standard has-post-thumbnail hentry category-destaque-lateral category-diario-de-viagem category-slide\" role=\"listitem\">\n\t\t\t\t<a class=\"elementor-post__thumbnail__link\" href=\"https:\/\/revistaregional.com.br\/site\/2026\/03\/30\/cicloturismo-vira-trend-na-europa\/\" tabindex=\"-1\" >\n\t\t\t<div class=\"elementor-post__thumbnail\"><img loading=\"lazy\" decoding=\"async\" width=\"270\" height=\"270\" src=\"https:\/\/revistaregional.com.br\/site\/wp-content\/uploads\/2026\/03\/3-1-270x270.jpg\" class=\"attachment-thumbnail size-thumbnail wp-image-36566\" alt=\"\" \/><\/div>\n\t\t<\/a>\n\t\t\t\t<div class=\"elementor-post__text\">\n\t\t\t\t<h2 class=\"elementor-post__title\">\n\t\t\t<a href=\"https:\/\/revistaregional.com.br\/site\/2026\/03\/30\/cicloturismo-vira-trend-na-europa\/\" >\n\t\t\t\tCicloturismo vira trend na Europa\t\t\t<\/a>\n\t\t<\/h2>\n\t\t\t\t<div class=\"elementor-post__meta-data\">\n\t\t\t\t\t<span class=\"elementor-post-date\">\n\t\t\t30\/03\/2026\t\t<\/span>\n\t\t\t\t<\/div>\n\t\t\t\t<\/div>\n\t\t\t\t<\/article>\n\t\t\t\t<article class=\"elementor-post elementor-grid-item post-36601 post type-post status-publish format-standard has-post-thumbnail hentry category-cultura category-destaque-lateral\" role=\"listitem\">\n\t\t\t\t<a class=\"elementor-post__thumbnail__link\" href=\"https:\/\/revistaregional.com.br\/site\/2026\/04\/14\/museu-fama-expoe-obra-original-de-almeida-jr-em-itu\/\" tabindex=\"-1\" >\n\t\t\t<div class=\"elementor-post__thumbnail\"><img loading=\"lazy\" decoding=\"async\" width=\"270\" height=\"270\" src=\"https:\/\/revistaregional.com.br\/site\/wp-content\/uploads\/2026\/04\/almeida-jr-270x270.jpg\" class=\"attachment-thumbnail size-thumbnail wp-image-36602\" alt=\"\" \/><\/div>\n\t\t<\/a>\n\t\t\t\t<div class=\"elementor-post__text\">\n\t\t\t\t<h2 class=\"elementor-post__title\">\n\t\t\t<a href=\"https:\/\/revistaregional.com.br\/site\/2026\/04\/14\/museu-fama-expoe-obra-original-de-almeida-jr-em-itu\/\" >\n\t\t\t\tMuseu Fama exp\u00f5e obra original de Almeida Jr. em Itu\t\t\t<\/a>\n\t\t<\/h2>\n\t\t\t\t<div class=\"elementor-post__meta-data\">\n\t\t\t\t\t<span class=\"elementor-post-date\">\n\t\t\t14\/04\/2026\t\t<\/span>\n\t\t\t\t<\/div>\n\t\t\t\t<\/div>\n\t\t\t\t<\/article>\n\t\t\t\t<article class=\"elementor-post elementor-grid-item post-36589 post type-post status-publish format-standard has-post-thumbnail hentry category-destaque-lateral category-regionais-2\" role=\"listitem\">\n\t\t\t\t<a class=\"elementor-post__thumbnail__link\" href=\"https:\/\/revistaregional.com.br\/site\/2026\/04\/07\/acadil-promove-painel-sobre-a-convencao-de-itu-no-museu-republicano\/\" tabindex=\"-1\" >\n\t\t\t<div class=\"elementor-post__thumbnail\"><img loading=\"lazy\" decoding=\"async\" width=\"270\" height=\"270\" src=\"https:\/\/revistaregional.com.br\/site\/wp-content\/uploads\/2026\/04\/Fachada-do-Museu-Republicano-Divulgacao-Foto-Jose-Rosael-270x270.jpg\" class=\"attachment-thumbnail size-thumbnail wp-image-36590\" alt=\"\" \/><\/div>\n\t\t<\/a>\n\t\t\t\t<div class=\"elementor-post__text\">\n\t\t\t\t<h2 class=\"elementor-post__title\">\n\t\t\t<a href=\"https:\/\/revistaregional.com.br\/site\/2026\/04\/07\/acadil-promove-painel-sobre-a-convencao-de-itu-no-museu-republicano\/\" >\n\t\t\t\tAcadil promove painel sobre a Conven\u00e7\u00e3o de Itu no Museu Republicano\t\t\t<\/a>\n\t\t<\/h2>\n\t\t\t\t<div class=\"elementor-post__meta-data\">\n\t\t\t\t\t<span class=\"elementor-post-date\">\n\t\t\t07\/04\/2026\t\t<\/span>\n\t\t\t\t<\/div>\n\t\t\t\t<\/div>\n\t\t\t\t<\/article>\n\t\t\t\t<\/div>\n\t\t\n\t\t\t\t\t\t<\/div>\n\t\t\t\t<\/div>\n\t\t\t\t<\/div>\n\t\t\t\t\t<\/div>\n\t\t\t\t<\/div>\n\t\t<div class=\"elementor-element elementor-element-b209710 e-flex e-con-boxed e-con e-parent\" data-id=\"b209710\" data-element_type=\"container\" data-e-type=\"container\">\n\t\t\t\t\t<div class=\"e-con-inner\">\n\t\t\t\t<div class=\"elementor-element elementor-element-0a4a8aa elementor-widget elementor-widget-image\" data-id=\"0a4a8aa\" data-element_type=\"widget\" data-e-type=\"widget\" data-widget_type=\"image.default\">\n\t\t\t\t<div class=\"elementor-widget-container\">\n\t\t\t\t\t\t\t\t\t\t\t\t\t\t\t\t<a href=\"https:\/\/www.ceunsp.edu.br\/medicina-vestibular\/?utm_source=revista-regional-brand&#038;utm_medium=display&#038;utm_campaign=brand_consideracao_regular_medicina_aquisicao_graduacao_ceunsp_regular-presencial_2025-1&#038;utm_content=null_cpm_palavra-chave_null_medicina_null_texto_null_null_null\">\n\t\t\t\t\t\t\t<img loading=\"lazy\" decoding=\"async\" width=\"2560\" height=\"349\" src=\"https:\/\/revistaregional.com.br\/site\/wp-content\/uploads\/2024\/10\/WWWWW-scaled.jpg\" class=\"attachment-full size-full wp-image-34275\" alt=\"\" srcset=\"https:\/\/revistaregional.com.br\/site\/wp-content\/uploads\/2024\/10\/WWWWW-scaled.jpg 2560w, https:\/\/revistaregional.com.br\/site\/wp-content\/uploads\/2024\/10\/WWWWW-300x41.jpg 300w, https:\/\/revistaregional.com.br\/site\/wp-content\/uploads\/2024\/10\/WWWWW-1024x140.jpg 1024w, https:\/\/revistaregional.com.br\/site\/wp-content\/uploads\/2024\/10\/WWWWW-1536x209.jpg 1536w, https:\/\/revistaregional.com.br\/site\/wp-content\/uploads\/2024\/10\/WWWWW-2048x279.jpg 2048w\" sizes=\"(max-width: 2560px) 100vw, 2560px\" \/>\t\t\t\t\t\t\t\t<\/a>\n\t\t\t\t\t\t\t\t\t\t\t\t\t\t\t<\/div>\n\t\t\t\t<\/div>\n\t\t\t\t\t<\/div>\n\t\t\t\t<\/div>\n\t\t<div class=\"elementor-element elementor-element-9f7e690 e-flex e-con-boxed e-con e-parent\" data-id=\"9f7e690\" data-element_type=\"container\" data-e-type=\"container\">\n\t\t\t\t\t<div class=\"e-con-inner\">\n\t\t<div class=\"elementor-element elementor-element-00619a3 e-con-full e-flex e-con e-child\" data-id=\"00619a3\" data-element_type=\"container\" data-e-type=\"container\">\n\t\t\t\t<div class=\"elementor-element elementor-element-45553bb elementor-widget elementor-widget-heading\" data-id=\"45553bb\" data-element_type=\"widget\" data-e-type=\"widget\" data-widget_type=\"heading.default\">\n\t\t\t\t<div class=\"elementor-widget-container\">\n\t\t\t\t\t<h2 class=\"elementor-heading-title elementor-size-default\"># MODA<\/h2>\t\t\t\t<\/div>\n\t\t\t\t<\/div>\n\t\t\t\t<div class=\"elementor-element elementor-element-dac30b3 elementor-grid-3 elementor-grid-tablet-2 elementor-grid-mobile-1 elementor-posts--thumbnail-top elementor-widget elementor-widget-posts\" data-id=\"dac30b3\" data-element_type=\"widget\" data-e-type=\"widget\" id=\"moda\" data-settings=\"{&quot;classic_columns&quot;:&quot;3&quot;,&quot;classic_columns_tablet&quot;:&quot;2&quot;,&quot;classic_columns_mobile&quot;:&quot;1&quot;,&quot;classic_row_gap&quot;:{&quot;unit&quot;:&quot;px&quot;,&quot;size&quot;:35,&quot;sizes&quot;:[]},&quot;classic_row_gap_tablet&quot;:{&quot;unit&quot;:&quot;px&quot;,&quot;size&quot;:&quot;&quot;,&quot;sizes&quot;:[]},&quot;classic_row_gap_mobile&quot;:{&quot;unit&quot;:&quot;px&quot;,&quot;size&quot;:&quot;&quot;,&quot;sizes&quot;:[]}}\" data-widget_type=\"posts.classic\">\n\t\t\t\t<div class=\"elementor-widget-container\">\n\t\t\t\t\t\t\t<div class=\"elementor-posts-container elementor-posts elementor-posts--skin-classic elementor-grid\" role=\"list\">\n\t\t\t\t<article class=\"elementor-post elementor-grid-item post-36399 post type-post status-publish format-standard has-post-thumbnail hentry category-destaque-lateral category-moda\" role=\"listitem\">\n\t\t\t\t<a class=\"elementor-post__thumbnail__link\" href=\"https:\/\/revistaregional.com.br\/site\/2026\/03\/03\/anos-1920-de-volta-na-ferragamo\/\" tabindex=\"-1\" >\n\t\t\t<div class=\"elementor-post__thumbnail\"><img loading=\"lazy\" decoding=\"async\" width=\"2390\" height=\"2560\" src=\"https:\/\/revistaregional.com.br\/site\/wp-content\/uploads\/2026\/03\/SF_FW26_IMMEDIATE_RUNWAY_LOOKS_40_2x3_2732x4098-1-scaled.jpg\" class=\"attachment-full size-full wp-image-36437\" alt=\"\" srcset=\"https:\/\/revistaregional.com.br\/site\/wp-content\/uploads\/2026\/03\/SF_FW26_IMMEDIATE_RUNWAY_LOOKS_40_2x3_2732x4098-1-scaled.jpg 2390w, https:\/\/revistaregional.com.br\/site\/wp-content\/uploads\/2026\/03\/SF_FW26_IMMEDIATE_RUNWAY_LOOKS_40_2x3_2732x4098-1-280x300.jpg 280w, https:\/\/revistaregional.com.br\/site\/wp-content\/uploads\/2026\/03\/SF_FW26_IMMEDIATE_RUNWAY_LOOKS_40_2x3_2732x4098-1-956x1024.jpg 956w, https:\/\/revistaregional.com.br\/site\/wp-content\/uploads\/2026\/03\/SF_FW26_IMMEDIATE_RUNWAY_LOOKS_40_2x3_2732x4098-1-1434x1536.jpg 1434w, https:\/\/revistaregional.com.br\/site\/wp-content\/uploads\/2026\/03\/SF_FW26_IMMEDIATE_RUNWAY_LOOKS_40_2x3_2732x4098-1-1912x2048.jpg 1912w\" sizes=\"(max-width: 2390px) 100vw, 2390px\" \/><\/div>\n\t\t<\/a>\n\t\t\t\t<div class=\"elementor-post__text\">\n\t\t\t\t<h3 class=\"elementor-post__title\">\n\t\t\t<a href=\"https:\/\/revistaregional.com.br\/site\/2026\/03\/03\/anos-1920-de-volta-na-ferragamo\/\" >\n\t\t\t\tAnos 1920 de volta na Ferragamo\t\t\t<\/a>\n\t\t<\/h3>\n\t\t\t\t<div class=\"elementor-post__meta-data\">\n\t\t\t\t\t<span class=\"elementor-post-date\">\n\t\t\t03\/03\/2026\t\t<\/span>\n\t\t\t\t<\/div>\n\t\t\t\t<div class=\"elementor-post__excerpt\">\n\t\t\t<p>Para o&nbsp;Fall\u2013Winter&nbsp;2026, Maximilian Davis continua a explorar os anos 1920, per\u00edodo de origem da Ferragamo, por meio da linguagem criativa que vem consolidando \u00e0 frente da casa. O&nbsp;speakeasy&nbsp;retorna como ponto central: um espa\u00e7o de liberta\u00e7\u00e3o, onde conven\u00e7\u00f5es de classe e identidade s\u00e3o subvertidas, e a cole\u00e7\u00e3o se inspira nos diversos personagens que se encontravam e conviviam ali ap\u00f3s o anoitecer.&nbsp;O vestu\u00e1rio dos marinheiros surge como um dos motivos fundamentais da cole\u00e7\u00e3o: figuras que atravessavam o mar em busca de uma vida melhor para suas fam\u00edlias. Ao lado do vestu\u00e1rio utilit\u00e1rio, emerge a eleg\u00e2ncia<\/p>\n\t\t<\/div>\n\t\t\t\t\t<div class=\"elementor-post__read-more-wrapper\">\n\t\t\n\t\t<a class=\"elementor-post__read-more\" href=\"https:\/\/revistaregional.com.br\/site\/2026\/03\/03\/anos-1920-de-volta-na-ferragamo\/\" aria-label=\"Leia mais sobre Anos 1920 de volta na Ferragamo\" tabindex=\"-1\" >\n\t\t\tsaiba mais \u00bb\t\t<\/a>\n\n\t\t\t\t\t<\/div>\n\t\t\t\t<\/div>\n\t\t\t\t<\/article>\n\t\t\t\t<article class=\"elementor-post elementor-grid-item post-35825 post type-post status-publish format-standard has-post-thumbnail hentry category-destaque-lateral category-moda-2 category-slide\" role=\"listitem\">\n\t\t\t\t<a class=\"elementor-post__thumbnail__link\" href=\"https:\/\/revistaregional.com.br\/site\/2025\/10\/13\/spfw-30-anos-como-a-semana-de-moda-mudou-a-industria-nacional\/\" tabindex=\"-1\" >\n\t\t\t<div class=\"elementor-post__thumbnail\"><img loading=\"lazy\" decoding=\"async\" width=\"1280\" height=\"676\" src=\"https:\/\/revistaregional.com.br\/site\/wp-content\/uploads\/2025\/10\/1-2.jpg\" class=\"attachment-full size-full wp-image-35838\" alt=\"\" srcset=\"https:\/\/revistaregional.com.br\/site\/wp-content\/uploads\/2025\/10\/1-2.jpg 1280w, https:\/\/revistaregional.com.br\/site\/wp-content\/uploads\/2025\/10\/1-2-300x158.jpg 300w, https:\/\/revistaregional.com.br\/site\/wp-content\/uploads\/2025\/10\/1-2-1024x541.jpg 1024w\" sizes=\"(max-width: 1280px) 100vw, 1280px\" \/><\/div>\n\t\t<\/a>\n\t\t\t\t<div class=\"elementor-post__text\">\n\t\t\t\t<h3 class=\"elementor-post__title\">\n\t\t\t<a href=\"https:\/\/revistaregional.com.br\/site\/2025\/10\/13\/spfw-30-anos-como-a-semana-de-moda-mudou-a-industria-nacional\/\" >\n\t\t\t\tSPFW 30 anos: como a semana de moda mudou a ind\u00fastria nacional\t\t\t<\/a>\n\t\t<\/h3>\n\t\t\t\t<div class=\"elementor-post__meta-data\">\n\t\t\t\t\t<span class=\"elementor-post-date\">\n\t\t\t13\/10\/2025\t\t<\/span>\n\t\t\t\t<\/div>\n\t\t\t\t<div class=\"elementor-post__excerpt\">\n\t\t\t<p>Em 2025, a SPFW (S\u00e3o Paulo Fashion Week) completa 30 anos. Tr\u00eas d\u00e9cadas depois de sua cria\u00e7\u00e3o, o evento se firmou como a principal vitrine da moda brasileira, impulsionando estilistas, movimentando a economia criativa e redefinindo o que \u00e9 fazer moda no Brasil. A partir desta segunda-feira, 13 de outubro, o evento chega \u00e0 60\u00aa edi\u00e7\u00e3o com 38 desfiles ocupando diversos pontos da capital paulista durante uma semana, dias nos quais os fundadores do evento, Paulo Borges e Gra\u00e7a Cabral, esperam que as passarelas tragam um pouco de fantasia \u00e0 vida. Criada por<\/p>\n\t\t<\/div>\n\t\t\t\t\t<div class=\"elementor-post__read-more-wrapper\">\n\t\t\n\t\t<a class=\"elementor-post__read-more\" href=\"https:\/\/revistaregional.com.br\/site\/2025\/10\/13\/spfw-30-anos-como-a-semana-de-moda-mudou-a-industria-nacional\/\" aria-label=\"Leia mais sobre SPFW 30 anos: como a semana de moda mudou a ind\u00fastria nacional\" tabindex=\"-1\" >\n\t\t\tsaiba mais \u00bb\t\t<\/a>\n\n\t\t\t\t\t<\/div>\n\t\t\t\t<\/div>\n\t\t\t\t<\/article>\n\t\t\t\t<article class=\"elementor-post elementor-grid-item post-35689 post type-post status-publish format-standard has-post-thumbnail hentry category-destaque-lateral category-moda-3 category-slide\" role=\"listitem\">\n\t\t\t\t<a class=\"elementor-post__thumbnail__link\" href=\"https:\/\/revistaregional.com.br\/site\/2025\/09\/11\/spfw-tem-sua-colecao-30-anos-na-new-york-fashion-week\/\" tabindex=\"-1\" >\n\t\t\t<div class=\"elementor-post__thumbnail\"><img loading=\"lazy\" decoding=\"async\" width=\"1280\" height=\"853\" src=\"https:\/\/revistaregional.com.br\/site\/wp-content\/uploads\/2025\/09\/baixa.jpg\" class=\"attachment-full size-full wp-image-35690\" alt=\"\" srcset=\"https:\/\/revistaregional.com.br\/site\/wp-content\/uploads\/2025\/09\/baixa.jpg 1280w, https:\/\/revistaregional.com.br\/site\/wp-content\/uploads\/2025\/09\/baixa-300x200.jpg 300w, https:\/\/revistaregional.com.br\/site\/wp-content\/uploads\/2025\/09\/baixa-1024x682.jpg 1024w\" sizes=\"(max-width: 1280px) 100vw, 1280px\" \/><\/div>\n\t\t<\/a>\n\t\t\t\t<div class=\"elementor-post__text\">\n\t\t\t\t<h3 class=\"elementor-post__title\">\n\t\t\t<a href=\"https:\/\/revistaregional.com.br\/site\/2025\/09\/11\/spfw-tem-sua-colecao-30-anos-na-new-york-fashion-week\/\" >\n\t\t\t\tSPFW tem sua cole\u00e7\u00e3o 30 anos na New York Fashion Week\t\t\t<\/a>\n\t\t<\/h3>\n\t\t\t\t<div class=\"elementor-post__meta-data\">\n\t\t\t\t\t<span class=\"elementor-post-date\">\n\t\t\t11\/09\/2025\t\t<\/span>\n\t\t\t\t<\/div>\n\t\t\t\t<div class=\"elementor-post__excerpt\">\n\t\t\t<p>Cole\u00e7\u00e3o criada por estudantes do Senac celebra os 30 anos da SPFW e ser\u00e1 destaque em evento internacional O Brasil \u00e9 um dos destaques da mais prestigiada semana de moda do mundo, a New York Fashion Week (NYFW). A emblem\u00e1tica participa\u00e7\u00e3o brasileira, que s\u00f3 refor\u00e7a o protagonismo do pa\u00eds no cen\u00e1rio internacional de moda e beleza, \u00e9 puxada principalmente pelo desfile produzido pelo Senac. O evento exclusivo ser\u00e1 na sexta-feira, 12 de setembro de 2025, \u00e0s 16h, no Beauty Center do Fashion Institute of Technology (FIT), um dos principais polos de pesquisa e<\/p>\n\t\t<\/div>\n\t\t\t\t\t<div class=\"elementor-post__read-more-wrapper\">\n\t\t\n\t\t<a class=\"elementor-post__read-more\" href=\"https:\/\/revistaregional.com.br\/site\/2025\/09\/11\/spfw-tem-sua-colecao-30-anos-na-new-york-fashion-week\/\" aria-label=\"Leia mais sobre SPFW tem sua cole\u00e7\u00e3o 30 anos na New York Fashion Week\" tabindex=\"-1\" >\n\t\t\tsaiba mais \u00bb\t\t<\/a>\n\n\t\t\t\t\t<\/div>\n\t\t\t\t<\/div>\n\t\t\t\t<\/article>\n\t\t\t\t<\/div>\n\t\t\n\t\t\t\t\t\t<\/div>\n\t\t\t\t<\/div>\n\t\t\t\t<\/div>\n\t\t<div class=\"elementor-element elementor-element-d8654fc e-con-full e-flex e-con e-child\" data-id=\"d8654fc\" data-element_type=\"container\" data-e-type=\"container\">\n\t\t\t\t<div class=\"elementor-element elementor-element-7cf7313 elementor-widget elementor-widget-heading\" data-id=\"7cf7313\" data-element_type=\"widget\" data-e-type=\"widget\" data-widget_type=\"heading.default\">\n\t\t\t\t<div class=\"elementor-widget-container\">\n\t\t\t\t\t<h2 class=\"elementor-heading-title elementor-size-default\"># CIRCULANDO<\/h2>\t\t\t\t<\/div>\n\t\t\t\t<\/div>\n\t\t\t\t<div class=\"elementor-element elementor-element-2906240 elementor-widget__width-inherit elementor-arrows-position-inside elementor-widget elementor-widget-loop-carousel\" data-id=\"2906240\" data-element_type=\"widget\" data-e-type=\"widget\" data-settings=\"{&quot;template_id&quot;:&quot;31882&quot;,&quot;slides_to_show&quot;:&quot;1&quot;,&quot;image_spacing_custom&quot;:{&quot;unit&quot;:&quot;px&quot;,&quot;size&quot;:0,&quot;sizes&quot;:[]},&quot;_skin&quot;:&quot;post&quot;,&quot;slides_to_show_tablet&quot;:&quot;2&quot;,&quot;slides_to_show_mobile&quot;:&quot;1&quot;,&quot;slides_to_scroll&quot;:&quot;1&quot;,&quot;edit_handle_selector&quot;:&quot;.elementor-loop-container&quot;,&quot;autoplay&quot;:&quot;yes&quot;,&quot;autoplay_speed&quot;:5000,&quot;infinite&quot;:&quot;yes&quot;,&quot;speed&quot;:500,&quot;offset_sides&quot;:&quot;none&quot;,&quot;arrows&quot;:&quot;yes&quot;,&quot;image_spacing_custom_tablet&quot;:{&quot;unit&quot;:&quot;px&quot;,&quot;size&quot;:&quot;&quot;,&quot;sizes&quot;:[]},&quot;image_spacing_custom_mobile&quot;:{&quot;unit&quot;:&quot;px&quot;,&quot;size&quot;:&quot;&quot;,&quot;sizes&quot;:[]}}\" data-widget_type=\"loop-carousel.post\">\n\t\t\t\t<div class=\"elementor-widget-container\">\n\t\t\t\t\t\t\t<div class=\"swiper elementor-loop-container elementor-grid\" role=\"list\" dir=\"ltr\">\n\t\t\t\t<div class=\"swiper-wrapper\" aria-live=\"off\">\n\t\t\t\t<div data-elementor-type=\"loop-item\" data-elementor-id=\"31882\" class=\"elementor elementor-31882 swiper-slide e-loop-item e-loop-item-36266 post-36266 social type-social status-publish has-post-thumbnail hentry categoria-de-social-circulando-2\" data-elementor-post-type=\"elementor_library\" role=\"group\" aria-roledescription=\"slide\" data-custom-edit-handle=\"1\">\n\t\t\t<div class=\"elementor-element elementor-element-3832585 e-con-full e-flex e-con e-parent\" data-id=\"3832585\" data-element_type=\"container\" data-e-type=\"container\">\n\t\t\t\t<div class=\"elementor-element elementor-element-6719822 elementor-widget elementor-widget-theme-post-featured-image elementor-widget-image\" data-id=\"6719822\" data-element_type=\"widget\" data-e-type=\"widget\" data-widget_type=\"theme-post-featured-image.default\">\n\t\t\t\t<div class=\"elementor-widget-container\">\n\t\t\t\t\t\t\t\t\t\t\t\t<figure class=\"wp-caption\">\n\t\t\t\t\t\t\t\t\t\t\t<a href=\"https:\/\/revistaregional.com.br\/site\/2026\/01\/27\/grupo-mari-semijoias-celebra-30-anos-de-sucesso\/\">\n\t\t\t\t\t\t\t<img loading=\"lazy\" decoding=\"async\" width=\"1503\" height=\"1000\" src=\"https:\/\/revistaregional.com.br\/site\/wp-content\/uploads\/2026\/01\/grupo-mari-semijoias-04.jpg\" class=\"attachment-full size-full wp-image-36242\" alt=\"\" \/>\t\t\t\t\t\t\t\t<\/a>\n\t\t\t\t\t\t\t\t\t\t\t<figcaption class=\"widget-image-caption wp-caption-text\">Grupo Mari Semijoias celebra 30 anos de sucesso<\/figcaption>\n\t\t\t\t\t\t\t\t\t\t<\/figure>\n\t\t\t\t\t\t\t\t\t<\/div>\n\t\t\t\t<\/div>\n\t\t\t\t<\/div>\n\t\t\t\t<\/div>\n\t\t\t\t<div data-elementor-type=\"loop-item\" data-elementor-id=\"31882\" class=\"elementor elementor-31882 swiper-slide e-loop-item e-loop-item-36265 post-36265 social type-social status-publish has-post-thumbnail hentry categoria-de-social-circulando-2\" data-elementor-post-type=\"elementor_library\" role=\"group\" aria-roledescription=\"slide\" data-custom-edit-handle=\"1\">\n\t\t\t<div class=\"elementor-element elementor-element-3832585 e-con-full e-flex e-con e-parent\" data-id=\"3832585\" data-element_type=\"container\" data-e-type=\"container\">\n\t\t\t\t<div class=\"elementor-element elementor-element-6719822 elementor-widget elementor-widget-theme-post-featured-image elementor-widget-image\" data-id=\"6719822\" data-element_type=\"widget\" data-e-type=\"widget\" data-widget_type=\"theme-post-featured-image.default\">\n\t\t\t\t<div class=\"elementor-widget-container\">\n\t\t\t\t\t\t\t\t\t\t\t\t<figure class=\"wp-caption\">\n\t\t\t\t\t\t\t\t\t\t\t<a href=\"https:\/\/revistaregional.com.br\/site\/2026\/01\/27\/grupo-mari-semijoias-celebra-30-anos-de-sucesso\/\">\n\t\t\t\t\t\t\t<img loading=\"lazy\" decoding=\"async\" width=\"1502\" height=\"1000\" src=\"https:\/\/revistaregional.com.br\/site\/wp-content\/uploads\/2026\/01\/grupo-mari-semijoias-05.jpg\" class=\"attachment-full size-full wp-image-36243\" alt=\"\" \/>\t\t\t\t\t\t\t\t<\/a>\n\t\t\t\t\t\t\t\t\t\t\t<figcaption class=\"widget-image-caption wp-caption-text\">Grupo Mari Semijoias celebra 30 anos de sucesso<\/figcaption>\n\t\t\t\t\t\t\t\t\t\t<\/figure>\n\t\t\t\t\t\t\t\t\t<\/div>\n\t\t\t\t<\/div>\n\t\t\t\t<\/div>\n\t\t\t\t<\/div>\n\t\t\t\t<div data-elementor-type=\"loop-item\" data-elementor-id=\"31882\" class=\"elementor elementor-31882 swiper-slide e-loop-item e-loop-item-36264 post-36264 social type-social status-publish has-post-thumbnail hentry categoria-de-social-circulando-2\" data-elementor-post-type=\"elementor_library\" role=\"group\" aria-roledescription=\"slide\" data-custom-edit-handle=\"1\">\n\t\t\t<div class=\"elementor-element elementor-element-3832585 e-con-full e-flex e-con e-parent\" data-id=\"3832585\" data-element_type=\"container\" data-e-type=\"container\">\n\t\t\t\t<div class=\"elementor-element elementor-element-6719822 elementor-widget elementor-widget-theme-post-featured-image elementor-widget-image\" data-id=\"6719822\" data-element_type=\"widget\" data-e-type=\"widget\" data-widget_type=\"theme-post-featured-image.default\">\n\t\t\t\t<div class=\"elementor-widget-container\">\n\t\t\t\t\t\t\t\t\t\t\t\t<figure class=\"wp-caption\">\n\t\t\t\t\t\t\t\t\t\t\t<a href=\"https:\/\/revistaregional.com.br\/site\/2026\/01\/27\/grupo-mari-semijoias-celebra-30-anos-de-sucesso\/\">\n\t\t\t\t\t\t\t<img loading=\"lazy\" decoding=\"async\" width=\"1502\" height=\"1000\" src=\"https:\/\/revistaregional.com.br\/site\/wp-content\/uploads\/2026\/01\/grupo-mari-semijoias-19.jpg\" class=\"attachment-full size-full wp-image-36257\" alt=\"\" \/>\t\t\t\t\t\t\t\t<\/a>\n\t\t\t\t\t\t\t\t\t\t\t<figcaption class=\"widget-image-caption wp-caption-text\">Grupo Mari Semijoias celebra 30 anos de sucesso<\/figcaption>\n\t\t\t\t\t\t\t\t\t\t<\/figure>\n\t\t\t\t\t\t\t\t\t<\/div>\n\t\t\t\t<\/div>\n\t\t\t\t<\/div>\n\t\t\t\t<\/div>\n\t\t\t\t<div data-elementor-type=\"loop-item\" data-elementor-id=\"31882\" class=\"elementor elementor-31882 swiper-slide e-loop-item e-loop-item-36263 post-36263 social type-social status-publish has-post-thumbnail hentry categoria-de-social-circulando-2\" data-elementor-post-type=\"elementor_library\" role=\"group\" aria-roledescription=\"slide\" data-custom-edit-handle=\"1\">\n\t\t\t<div class=\"elementor-element elementor-element-3832585 e-con-full e-flex e-con e-parent\" data-id=\"3832585\" data-element_type=\"container\" data-e-type=\"container\">\n\t\t\t\t<div class=\"elementor-element elementor-element-6719822 elementor-widget elementor-widget-theme-post-featured-image elementor-widget-image\" data-id=\"6719822\" data-element_type=\"widget\" data-e-type=\"widget\" data-widget_type=\"theme-post-featured-image.default\">\n\t\t\t\t<div class=\"elementor-widget-container\">\n\t\t\t\t\t\t\t\t\t\t\t\t<figure class=\"wp-caption\">\n\t\t\t\t\t\t\t\t\t\t\t<a href=\"https:\/\/revistaregional.com.br\/site\/2026\/01\/27\/grupo-mari-semijoias-celebra-30-anos-de-sucesso\/\">\n\t\t\t\t\t\t\t<img loading=\"lazy\" decoding=\"async\" width=\"1502\" height=\"1000\" src=\"https:\/\/revistaregional.com.br\/site\/wp-content\/uploads\/2026\/01\/grupo-mari-semijoias-17.jpg\" class=\"attachment-full size-full wp-image-36255\" alt=\"\" \/>\t\t\t\t\t\t\t\t<\/a>\n\t\t\t\t\t\t\t\t\t\t\t<figcaption class=\"widget-image-caption wp-caption-text\">Grupo Mari Semijoias celebra 30 anos de sucesso<\/figcaption>\n\t\t\t\t\t\t\t\t\t\t<\/figure>\n\t\t\t\t\t\t\t\t\t<\/div>\n\t\t\t\t<\/div>\n\t\t\t\t<\/div>\n\t\t\t\t<\/div>\n\t\t\t\t<div data-elementor-type=\"loop-item\" data-elementor-id=\"31882\" class=\"elementor elementor-31882 swiper-slide e-loop-item e-loop-item-36262 post-36262 social type-social status-publish has-post-thumbnail hentry categoria-de-social-circulando-2\" data-elementor-post-type=\"elementor_library\" role=\"group\" aria-roledescription=\"slide\" data-custom-edit-handle=\"1\">\n\t\t\t<div class=\"elementor-element elementor-element-3832585 e-con-full e-flex e-con e-parent\" data-id=\"3832585\" data-element_type=\"container\" data-e-type=\"container\">\n\t\t\t\t<div class=\"elementor-element elementor-element-6719822 elementor-widget elementor-widget-theme-post-featured-image elementor-widget-image\" data-id=\"6719822\" data-element_type=\"widget\" data-e-type=\"widget\" data-widget_type=\"theme-post-featured-image.default\">\n\t\t\t\t<div class=\"elementor-widget-container\">\n\t\t\t\t\t\t\t\t\t\t\t\t<figure class=\"wp-caption\">\n\t\t\t\t\t\t\t\t\t\t\t<a href=\"https:\/\/revistaregional.com.br\/site\/2026\/01\/27\/grupo-mari-semijoias-celebra-30-anos-de-sucesso\/\">\n\t\t\t\t\t\t\t<img loading=\"lazy\" decoding=\"async\" width=\"1502\" height=\"1000\" src=\"https:\/\/revistaregional.com.br\/site\/wp-content\/uploads\/2026\/01\/grupo-mari-semijoias-18.jpg\" class=\"attachment-full size-full wp-image-36256\" alt=\"\" \/>\t\t\t\t\t\t\t\t<\/a>\n\t\t\t\t\t\t\t\t\t\t\t<figcaption class=\"widget-image-caption wp-caption-text\">Grupo Mari Semijoias celebra 30 anos de sucesso<\/figcaption>\n\t\t\t\t\t\t\t\t\t\t<\/figure>\n\t\t\t\t\t\t\t\t\t<\/div>\n\t\t\t\t<\/div>\n\t\t\t\t<\/div>\n\t\t\t\t<\/div>\n\t\t\t\t<\/div>\n\t\t<\/div>\n\t\t\t\t\t<div class=\"elementor-swiper-button elementor-swiper-button-prev\" role=\"button\" tabindex=\"0\" aria-label=\"Anterior\">\n\t\t\t\t<svg aria-hidden=\"true\" class=\"e-font-icon-svg e-eicon-chevron-left\" viewBox=\"0 0 1000 1000\" xmlns=\"http:\/\/www.w3.org\/2000\/svg\"><path d=\"M646 125C629 125 613 133 604 142L308 442C296 454 292 471 292 487 292 504 296 521 308 533L604 854C617 867 629 875 646 875 663 875 679 871 692 858 704 846 713 829 713 812 713 796 708 779 692 767L438 487 692 225C700 217 708 204 708 187 708 171 704 154 692 142 675 129 663 125 646 125Z\"><\/path><\/svg>\t\t\t<\/div>\n\t\t\t<div class=\"elementor-swiper-button elementor-swiper-button-next\" role=\"button\" tabindex=\"0\" aria-label=\"Pr\u00f3ximo\">\n\t\t\t\t<svg aria-hidden=\"true\" class=\"e-font-icon-svg e-eicon-chevron-right\" viewBox=\"0 0 1000 1000\" xmlns=\"http:\/\/www.w3.org\/2000\/svg\"><path d=\"M696 533C708 521 713 504 713 487 713 471 708 454 696 446L400 146C388 133 375 125 354 125 338 125 325 129 313 142 300 154 292 171 292 187 292 204 296 221 308 233L563 492 304 771C292 783 288 800 288 817 288 833 296 850 308 863 321 871 338 875 354 875 371 875 388 867 400 854L696 533Z\"><\/path><\/svg>\t\t\t<\/div>\n\t\t\t\t\t\t<\/div>\n\t\t\t\t<\/div>\n\t\t\t\t<div class=\"elementor-element elementor-element-225ceba elementor-widget__width-inherit anuncio elementor-widget elementor-widget-loop-carousel\" data-id=\"225ceba\" data-element_type=\"widget\" data-e-type=\"widget\" data-settings=\"{&quot;template_id&quot;:&quot;31729&quot;,&quot;image_spacing_custom&quot;:{&quot;unit&quot;:&quot;px&quot;,&quot;size&quot;:0,&quot;sizes&quot;:[]},&quot;_skin&quot;:&quot;post&quot;,&quot;edit_handle_selector&quot;:&quot;.elementor-loop-container&quot;,&quot;speed&quot;:500,&quot;image_spacing_custom_tablet&quot;:{&quot;unit&quot;:&quot;px&quot;,&quot;size&quot;:&quot;&quot;,&quot;sizes&quot;:[]},&quot;image_spacing_custom_mobile&quot;:{&quot;unit&quot;:&quot;px&quot;,&quot;size&quot;:&quot;&quot;,&quot;sizes&quot;:[]}}\" data-widget_type=\"loop-carousel.post\">\n\t\t\t\t<div class=\"elementor-widget-container\">\n\t\t\t\t\t\t\t<div class=\"swiper elementor-loop-container elementor-grid\" role=\"list\" dir=\"ltr\">\n\t\t\t\t<div class=\"swiper-wrapper\" aria-live=\"polite\">\n\t\t\t\t<div data-elementor-type=\"loop-item\" data-elementor-id=\"31729\" class=\"elementor elementor-31729 swiper-slide e-loop-item e-loop-item-31719 post-31719 anuncio type-anuncio status-publish has-post-thumbnail hentry local-do-anuncio-home-lateral-bloco-2-anuncio-02\" data-elementor-post-type=\"elementor_library\" role=\"group\" aria-roledescription=\"slide\" data-custom-edit-handle=\"1\">\n\t\t\t<div class=\"elementor-element elementor-element-49895aa e-con-full anuncio-individual e-flex e-con e-parent\" data-id=\"49895aa\" data-element_type=\"container\" data-e-type=\"container\">\n\t\t\t\t<div class=\"elementor-element elementor-element-e459252 elementor-widget elementor-widget-theme-post-featured-image elementor-widget-image\" data-id=\"e459252\" data-element_type=\"widget\" data-e-type=\"widget\" data-widget_type=\"theme-post-featured-image.default\">\n\t\t\t\t<div class=\"elementor-widget-container\">\n\t\t\t\t\t\t\t\t\t\t\t\t\t\t\t\t<a href=\"https:\/\/www.instagram.com\/femininehair\/\" target=\"_blank\">\n\t\t\t\t\t\t\t<img loading=\"lazy\" decoding=\"async\" width=\"327\" height=\"158\" src=\"https:\/\/revistaregional.com.br\/site\/wp-content\/uploads\/2024\/01\/feminine-hair.png\" class=\"attachment-full size-full wp-image-31720\" alt=\"\" srcset=\"https:\/\/revistaregional.com.br\/site\/wp-content\/uploads\/2024\/01\/feminine-hair.png 327w, https:\/\/revistaregional.com.br\/site\/wp-content\/uploads\/2024\/01\/feminine-hair-300x145.png 300w, https:\/\/revistaregional.com.br\/site\/wp-content\/uploads\/2024\/01\/feminine-hair-150x72.png 150w\" sizes=\"(max-width: 327px) 100vw, 327px\" \/>\t\t\t\t\t\t\t\t<\/a>\n\t\t\t\t\t\t\t\t\t\t\t\t\t\t\t<\/div>\n\t\t\t\t<\/div>\n\t\t\t\t<\/div>\n\t\t\t\t<\/div>\n\t\t\t\t<\/div>\n\t\t<\/div>\n\t\t\t\t\t\t<\/div>\n\t\t\t\t<\/div>\n\t\t\t\t<div class=\"elementor-element elementor-element-c9fdd2c elementor-widget__width-inherit anuncio elementor-widget elementor-widget-loop-carousel\" data-id=\"c9fdd2c\" data-element_type=\"widget\" data-e-type=\"widget\" data-settings=\"{&quot;template_id&quot;:&quot;31729&quot;,&quot;image_spacing_custom&quot;:{&quot;unit&quot;:&quot;px&quot;,&quot;size&quot;:0,&quot;sizes&quot;:[]},&quot;_skin&quot;:&quot;post&quot;,&quot;edit_handle_selector&quot;:&quot;.elementor-loop-container&quot;,&quot;speed&quot;:500,&quot;image_spacing_custom_tablet&quot;:{&quot;unit&quot;:&quot;px&quot;,&quot;size&quot;:&quot;&quot;,&quot;sizes&quot;:[]},&quot;image_spacing_custom_mobile&quot;:{&quot;unit&quot;:&quot;px&quot;,&quot;size&quot;:&quot;&quot;,&quot;sizes&quot;:[]}}\" data-widget_type=\"loop-carousel.post\">\n\t\t\t\t<div class=\"elementor-widget-container\">\n\t\t\t\t\t\t\t<div class=\"swiper elementor-loop-container elementor-grid\" role=\"list\" dir=\"ltr\">\n\t\t\t\t<div class=\"swiper-wrapper\" aria-live=\"polite\">\n\t\t\t\t<div data-elementor-type=\"loop-item\" data-elementor-id=\"31729\" class=\"elementor elementor-31729 swiper-slide e-loop-item e-loop-item-31721 post-31721 anuncio type-anuncio status-publish has-post-thumbnail hentry local-do-anuncio-home-lateral-bloco-2-anuncio-03\" data-elementor-post-type=\"elementor_library\" role=\"group\" aria-roledescription=\"slide\" data-custom-edit-handle=\"1\">\n\t\t\t<div class=\"elementor-element elementor-element-49895aa e-con-full anuncio-individual e-flex e-con e-parent\" data-id=\"49895aa\" data-element_type=\"container\" data-e-type=\"container\">\n\t\t\t\t<div class=\"elementor-element elementor-element-e459252 elementor-widget elementor-widget-theme-post-featured-image elementor-widget-image\" data-id=\"e459252\" data-element_type=\"widget\" data-e-type=\"widget\" data-widget_type=\"theme-post-featured-image.default\">\n\t\t\t\t<div class=\"elementor-widget-container\">\n\t\t\t\t\t\t\t\t\t\t\t\t\t\t\t\t<a href=\"https:\/\/www.instagram.com\/fishcompany.itu\/\" target=\"_blank\">\n\t\t\t\t\t\t\t<img loading=\"lazy\" decoding=\"async\" width=\"300\" height=\"149\" src=\"https:\/\/revistaregional.com.br\/site\/wp-content\/uploads\/2024\/01\/fish-c.jpg\" class=\"attachment-full size-full wp-image-34038\" alt=\"\" \/>\t\t\t\t\t\t\t\t<\/a>\n\t\t\t\t\t\t\t\t\t\t\t\t\t\t\t<\/div>\n\t\t\t\t<\/div>\n\t\t\t\t<\/div>\n\t\t\t\t<\/div>\n\t\t\t\t<\/div>\n\t\t<\/div>\n\t\t\t\t\t\t<\/div>\n\t\t\t\t<\/div>\n\t\t\t\t<div class=\"elementor-element elementor-element-ba2aa12 elementor-widget__width-inherit anuncio elementor-widget elementor-widget-loop-carousel\" data-id=\"ba2aa12\" data-element_type=\"widget\" data-e-type=\"widget\" data-settings=\"{&quot;template_id&quot;:&quot;31729&quot;,&quot;image_spacing_custom&quot;:{&quot;unit&quot;:&quot;px&quot;,&quot;size&quot;:0,&quot;sizes&quot;:[]},&quot;_skin&quot;:&quot;post&quot;,&quot;edit_handle_selector&quot;:&quot;.elementor-loop-container&quot;,&quot;speed&quot;:500,&quot;image_spacing_custom_tablet&quot;:{&quot;unit&quot;:&quot;px&quot;,&quot;size&quot;:&quot;&quot;,&quot;sizes&quot;:[]},&quot;image_spacing_custom_mobile&quot;:{&quot;unit&quot;:&quot;px&quot;,&quot;size&quot;:&quot;&quot;,&quot;sizes&quot;:[]}}\" data-widget_type=\"loop-carousel.post\">\n\t\t\t\t<div class=\"elementor-widget-container\">\n\t\t\t\t\t\t\t<div class=\"swiper elementor-loop-container elementor-grid\" role=\"list\" dir=\"ltr\">\n\t\t\t\t<div class=\"swiper-wrapper\" aria-live=\"polite\">\n\t\t\t\t<div data-elementor-type=\"loop-item\" data-elementor-id=\"31729\" class=\"elementor elementor-31729 swiper-slide e-loop-item e-loop-item-34931 post-34931 anuncio type-anuncio status-publish has-post-thumbnail hentry local-do-anuncio-home-lateral-bloco-2-anuncio-04\" data-elementor-post-type=\"elementor_library\" role=\"group\" aria-roledescription=\"slide\" data-custom-edit-handle=\"1\">\n\t\t\t<div class=\"elementor-element elementor-element-49895aa e-con-full anuncio-individual e-flex e-con e-parent\" data-id=\"49895aa\" data-element_type=\"container\" data-e-type=\"container\">\n\t\t\t\t<div class=\"elementor-element elementor-element-e459252 elementor-widget elementor-widget-theme-post-featured-image elementor-widget-image\" data-id=\"e459252\" data-element_type=\"widget\" data-e-type=\"widget\" data-widget_type=\"theme-post-featured-image.default\">\n\t\t\t\t<div class=\"elementor-widget-container\">\n\t\t\t\t\t\t\t\t\t\t\t\t\t\t\t\t<a href=\"https:\/\/revistaregional.com.br\/site\/sobre\/\" target=\"_blank\">\n\t\t\t\t\t\t\t<img loading=\"lazy\" decoding=\"async\" width=\"300\" height=\"177\" src=\"https:\/\/revistaregional.com.br\/site\/wp-content\/uploads\/2024\/01\/anuncie-1.jpg\" class=\"attachment-full size-full wp-image-33669\" alt=\"\" \/>\t\t\t\t\t\t\t\t<\/a>\n\t\t\t\t\t\t\t\t\t\t\t\t\t\t\t<\/div>\n\t\t\t\t<\/div>\n\t\t\t\t<\/div>\n\t\t\t\t<\/div>\n\t\t\t\t<\/div>\n\t\t<\/div>\n\t\t\t\t\t\t<\/div>\n\t\t\t\t<\/div>\n\t\t\t\t<\/div>\n\t\t\t\t\t<\/div>\n\t\t\t\t<\/div>\n\t\t<div class=\"elementor-element elementor-element-f884d25 e-flex e-con-boxed e-con e-parent\" data-id=\"f884d25\" data-element_type=\"container\" data-e-type=\"container\">\n\t\t\t\t\t<div class=\"e-con-inner\">\n\t\t<div class=\"elementor-element elementor-element-d87900e e-con-full e-flex e-con e-child\" data-id=\"d87900e\" data-element_type=\"container\" data-e-type=\"container\">\n\t\t\t\t<div class=\"elementor-element elementor-element-fa1ca5b elementor-widget elementor-widget-heading\" data-id=\"fa1ca5b\" data-element_type=\"widget\" data-e-type=\"widget\" data-widget_type=\"heading.default\">\n\t\t\t\t<div class=\"elementor-widget-container\">\n\t\t\t\t\t<h2 class=\"elementor-heading-title elementor-size-default\">CASA<\/h2>\t\t\t\t<\/div>\n\t\t\t\t<\/div>\n\t\t\t\t<div class=\"elementor-element elementor-element-aeb86f1 elementor-grid-1 elementor-grid-tablet-2 elementor-grid-mobile-1 elementor-posts--thumbnail-top elementor-widget elementor-widget-posts\" data-id=\"aeb86f1\" data-element_type=\"widget\" data-e-type=\"widget\" data-settings=\"{&quot;classic_columns&quot;:&quot;1&quot;,&quot;classic_columns_tablet&quot;:&quot;2&quot;,&quot;classic_columns_mobile&quot;:&quot;1&quot;,&quot;classic_row_gap&quot;:{&quot;unit&quot;:&quot;px&quot;,&quot;size&quot;:35,&quot;sizes&quot;:[]},&quot;classic_row_gap_tablet&quot;:{&quot;unit&quot;:&quot;px&quot;,&quot;size&quot;:&quot;&quot;,&quot;sizes&quot;:[]},&quot;classic_row_gap_mobile&quot;:{&quot;unit&quot;:&quot;px&quot;,&quot;size&quot;:&quot;&quot;,&quot;sizes&quot;:[]}}\" data-widget_type=\"posts.classic\">\n\t\t\t\t<div class=\"elementor-widget-container\">\n\t\t\t\t\t\t\t<div class=\"elementor-posts-container elementor-posts elementor-posts--skin-classic elementor-grid\" role=\"list\">\n\t\t\t\t<article class=\"elementor-post elementor-grid-item post-36061 post type-post status-publish format-standard has-post-thumbnail hentry category-casa category-destaque-lateral category-slide\" role=\"listitem\">\n\t\t\t\t<a class=\"elementor-post__thumbnail__link\" href=\"https:\/\/revistaregional.com.br\/site\/2025\/12\/09\/cloud-dancer-o-branco-que-sera-a-cor-do-ano-de-2026\/\" tabindex=\"-1\" >\n\t\t\t<div class=\"elementor-post__thumbnail\"><img loading=\"lazy\" decoding=\"async\" width=\"1280\" height=\"717\" src=\"https:\/\/revistaregional.com.br\/site\/wp-content\/uploads\/2025\/12\/AdobeStock_666691137.jpg\" class=\"attachment-full size-full wp-image-36062\" alt=\"\" srcset=\"https:\/\/revistaregional.com.br\/site\/wp-content\/uploads\/2025\/12\/AdobeStock_666691137.jpg 1280w, https:\/\/revistaregional.com.br\/site\/wp-content\/uploads\/2025\/12\/AdobeStock_666691137-300x168.jpg 300w, https:\/\/revistaregional.com.br\/site\/wp-content\/uploads\/2025\/12\/AdobeStock_666691137-1024x574.jpg 1024w\" sizes=\"(max-width: 1280px) 100vw, 1280px\" \/><\/div>\n\t\t<\/a>\n\t\t\t\t<div class=\"elementor-post__text\">\n\t\t\t\t<h3 class=\"elementor-post__title\">\n\t\t\t<a href=\"https:\/\/revistaregional.com.br\/site\/2025\/12\/09\/cloud-dancer-o-branco-que-sera-a-cor-do-ano-de-2026\/\" >\n\t\t\t\tCloud Dancer, o branco que ser\u00e1 a Cor do Ano de 2026\t\t\t<\/a>\n\t\t<\/h3>\n\t\t\t\t<div class=\"elementor-post__meta-data\">\n\t\t\t\t\t<span class=\"elementor-post-date\">\n\t\t\t09\/12\/2025\t\t<\/span>\n\t\t\t\t<\/div>\n\t\t\t\t<div class=\"elementor-post__excerpt\">\n\t\t\t<p>Nova cor Pantone inaugura temporada marcada por leveza, luminosidade e harmonia visual Batizada de Cloud Dancer, a Cor do Ano<\/p>\n\t\t<\/div>\n\t\t\t\t\t<div class=\"elementor-post__read-more-wrapper\">\n\t\t\n\t\t<a class=\"elementor-post__read-more\" href=\"https:\/\/revistaregional.com.br\/site\/2025\/12\/09\/cloud-dancer-o-branco-que-sera-a-cor-do-ano-de-2026\/\" aria-label=\"Leia mais sobre Cloud Dancer, o branco que ser\u00e1 a Cor do Ano de 2026\" tabindex=\"-1\" >\n\t\t\tsaiba mais \u00bb\t\t<\/a>\n\n\t\t\t\t\t<\/div>\n\t\t\t\t<\/div>\n\t\t\t\t<\/article>\n\t\t\t\t<\/div>\n\t\t\n\t\t\t\t\t\t<\/div>\n\t\t\t\t<\/div>\n\t\t\t\t<\/div>\n\t\t<div class=\"elementor-element elementor-element-7d81645 e-con-full e-flex e-con e-child\" data-id=\"7d81645\" data-element_type=\"container\" data-e-type=\"container\">\n\t\t\t\t<div class=\"elementor-element elementor-element-15e5638 elementor-widget elementor-widget-heading\" data-id=\"15e5638\" data-element_type=\"widget\" data-e-type=\"widget\" data-widget_type=\"heading.default\">\n\t\t\t\t<div class=\"elementor-widget-container\">\n\t\t\t\t\t<h2 class=\"elementor-heading-title elementor-size-default\">CONVERSA<\/h2>\t\t\t\t<\/div>\n\t\t\t\t<\/div>\n\t\t\t\t<div class=\"elementor-element elementor-element-57b8607 elementor-grid-1 elementor-grid-tablet-2 elementor-grid-mobile-1 elementor-posts--thumbnail-top elementor-widget elementor-widget-posts\" data-id=\"57b8607\" data-element_type=\"widget\" data-e-type=\"widget\" data-settings=\"{&quot;classic_columns&quot;:&quot;1&quot;,&quot;classic_columns_tablet&quot;:&quot;2&quot;,&quot;classic_columns_mobile&quot;:&quot;1&quot;,&quot;classic_row_gap&quot;:{&quot;unit&quot;:&quot;px&quot;,&quot;size&quot;:35,&quot;sizes&quot;:[]},&quot;classic_row_gap_tablet&quot;:{&quot;unit&quot;:&quot;px&quot;,&quot;size&quot;:&quot;&quot;,&quot;sizes&quot;:[]},&quot;classic_row_gap_mobile&quot;:{&quot;unit&quot;:&quot;px&quot;,&quot;size&quot;:&quot;&quot;,&quot;sizes&quot;:[]}}\" data-widget_type=\"posts.classic\">\n\t\t\t\t<div class=\"elementor-widget-container\">\n\t\t\t\t\t\t\t<div class=\"elementor-posts-container elementor-posts elementor-posts--skin-classic elementor-grid\" role=\"list\">\n\t\t\t\t<article class=\"elementor-post elementor-grid-item post-36617 post type-post status-publish format-standard has-post-thumbnail hentry category-conversa category-destaque-lateral category-slide\" role=\"listitem\">\n\t\t\t\t<a class=\"elementor-post__thumbnail__link\" href=\"https:\/\/revistaregional.com.br\/site\/2026\/04\/28\/david-jr-em-entrevista-exclusiva-sucesso-em-dose-dupla\/\" tabindex=\"-1\" >\n\t\t\t<div class=\"elementor-post__thumbnail\"><img loading=\"lazy\" decoding=\"async\" width=\"2560\" height=\"1583\" src=\"https:\/\/revistaregional.com.br\/site\/wp-content\/uploads\/2026\/04\/site-capa-scaled.jpeg\" class=\"attachment-full size-full wp-image-36621\" alt=\"\" srcset=\"https:\/\/revistaregional.com.br\/site\/wp-content\/uploads\/2026\/04\/site-capa-scaled.jpeg 2560w, https:\/\/revistaregional.com.br\/site\/wp-content\/uploads\/2026\/04\/site-capa-300x185.jpeg 300w, https:\/\/revistaregional.com.br\/site\/wp-content\/uploads\/2026\/04\/site-capa-1024x633.jpeg 1024w, https:\/\/revistaregional.com.br\/site\/wp-content\/uploads\/2026\/04\/site-capa-1536x950.jpeg 1536w, https:\/\/revistaregional.com.br\/site\/wp-content\/uploads\/2026\/04\/site-capa-2048x1266.jpeg 2048w\" sizes=\"(max-width: 2560px) 100vw, 2560px\" \/><\/div>\n\t\t<\/a>\n\t\t\t\t<div class=\"elementor-post__text\">\n\t\t\t\t<h3 class=\"elementor-post__title\">\n\t\t\t<a href=\"https:\/\/revistaregional.com.br\/site\/2026\/04\/28\/david-jr-em-entrevista-exclusiva-sucesso-em-dose-dupla\/\" >\n\t\t\t\tDavid Jr. em entrevista exclusiva: sucesso em dose dupla\t\t\t<\/a>\n\t\t<\/h3>\n\t\t\t\t<div class=\"elementor-post__meta-data\">\n\t\t\t\t\t<span class=\"elementor-post-date\">\n\t\t\t28\/04\/2026\t\t<\/span>\n\t\t\t\t<\/div>\n\t\t\t\t<div class=\"elementor-post__excerpt\">\n\t\t\t<p>Ator, no ar em dose dupla nas novelas \u2018Dona Beja\u2019 e \u2018Cora\u00e7\u00e3o Acelerado\u2019, celebra suas conquistas sem perder de vista o prop\u00f3sito maior: usar a<\/p>\n\t\t<\/div>\n\t\t\t\t\t<div class=\"elementor-post__read-more-wrapper\">\n\t\t\n\t\t<a class=\"elementor-post__read-more\" href=\"https:\/\/revistaregional.com.br\/site\/2026\/04\/28\/david-jr-em-entrevista-exclusiva-sucesso-em-dose-dupla\/\" aria-label=\"Leia mais sobre David Jr. em entrevista exclusiva: sucesso em dose dupla\" tabindex=\"-1\" >\n\t\t\tsaiba mais \u00bb\t\t<\/a>\n\n\t\t\t\t\t<\/div>\n\t\t\t\t<\/div>\n\t\t\t\t<\/article>\n\t\t\t\t<\/div>\n\t\t\n\t\t\t\t\t\t<\/div>\n\t\t\t\t<\/div>\n\t\t\t\t<\/div>\n\t\t<div class=\"elementor-element elementor-element-67bb0e4 e-con-full e-flex e-con e-child\" data-id=\"67bb0e4\" data-element_type=\"container\" data-e-type=\"container\">\n\t\t\t\t<div class=\"elementor-element elementor-element-cc4623f elementor-widget elementor-widget-heading\" data-id=\"cc4623f\" data-element_type=\"widget\" data-e-type=\"widget\" data-widget_type=\"heading.default\">\n\t\t\t\t<div class=\"elementor-widget-container\">\n\t\t\t\t\t<h2 class=\"elementor-heading-title elementor-size-default\">DI\u00c1RIO DE VIAGEM<\/h2>\t\t\t\t<\/div>\n\t\t\t\t<\/div>\n\t\t\t\t<div class=\"elementor-element elementor-element-dd64dae elementor-grid-1 elementor-grid-tablet-2 elementor-grid-mobile-1 elementor-posts--thumbnail-top elementor-widget elementor-widget-posts\" data-id=\"dd64dae\" data-element_type=\"widget\" data-e-type=\"widget\" data-settings=\"{&quot;classic_columns&quot;:&quot;1&quot;,&quot;classic_columns_tablet&quot;:&quot;2&quot;,&quot;classic_columns_mobile&quot;:&quot;1&quot;,&quot;classic_row_gap&quot;:{&quot;unit&quot;:&quot;px&quot;,&quot;size&quot;:35,&quot;sizes&quot;:[]},&quot;classic_row_gap_tablet&quot;:{&quot;unit&quot;:&quot;px&quot;,&quot;size&quot;:&quot;&quot;,&quot;sizes&quot;:[]},&quot;classic_row_gap_mobile&quot;:{&quot;unit&quot;:&quot;px&quot;,&quot;size&quot;:&quot;&quot;,&quot;sizes&quot;:[]}}\" data-widget_type=\"posts.classic\">\n\t\t\t\t<div class=\"elementor-widget-container\">\n\t\t\t\t\t\t\t<div class=\"elementor-posts-container elementor-posts elementor-posts--skin-classic elementor-grid\" role=\"list\">\n\t\t\t\t<article class=\"elementor-post elementor-grid-item post-36565 post type-post status-publish format-standard has-post-thumbnail hentry category-destaque-lateral category-diario-de-viagem category-slide\" role=\"listitem\">\n\t\t\t\t<a class=\"elementor-post__thumbnail__link\" href=\"https:\/\/revistaregional.com.br\/site\/2026\/03\/30\/cicloturismo-vira-trend-na-europa\/\" tabindex=\"-1\" >\n\t\t\t<div class=\"elementor-post__thumbnail\"><img loading=\"lazy\" decoding=\"async\" width=\"1280\" height=\"853\" src=\"https:\/\/revistaregional.com.br\/site\/wp-content\/uploads\/2026\/03\/3-1.jpg\" class=\"attachment-full size-full wp-image-36566\" alt=\"\" srcset=\"https:\/\/revistaregional.com.br\/site\/wp-content\/uploads\/2026\/03\/3-1.jpg 1280w, https:\/\/revistaregional.com.br\/site\/wp-content\/uploads\/2026\/03\/3-1-300x200.jpg 300w, https:\/\/revistaregional.com.br\/site\/wp-content\/uploads\/2026\/03\/3-1-1024x682.jpg 1024w\" sizes=\"(max-width: 1280px) 100vw, 1280px\" \/><\/div>\n\t\t<\/a>\n\t\t\t\t<div class=\"elementor-post__text\">\n\t\t\t\t<h3 class=\"elementor-post__title\">\n\t\t\t<a href=\"https:\/\/revistaregional.com.br\/site\/2026\/03\/30\/cicloturismo-vira-trend-na-europa\/\" >\n\t\t\t\tCicloturismo vira trend na Europa\t\t\t<\/a>\n\t\t<\/h3>\n\t\t\t\t<div class=\"elementor-post__meta-data\">\n\t\t\t\t\t<span class=\"elementor-post-date\">\n\t\t\t30\/03\/2026\t\t<\/span>\n\t\t\t\t<\/div>\n\t\t\t\t<div class=\"elementor-post__excerpt\">\n\t\t\t<p>Viagens de bicicleta pela Europa ganham for\u00e7a entre brasileiros e consolidam o cicloturismo como uma das grandes tend\u00eancias<\/p>\n\t\t<\/div>\n\t\t\t\t\t<div class=\"elementor-post__read-more-wrapper\">\n\t\t\n\t\t<a class=\"elementor-post__read-more\" href=\"https:\/\/revistaregional.com.br\/site\/2026\/03\/30\/cicloturismo-vira-trend-na-europa\/\" aria-label=\"Leia mais sobre Cicloturismo vira trend na Europa\" tabindex=\"-1\" >\n\t\t\tsaiba mais \u00bb\t\t<\/a>\n\n\t\t\t\t\t<\/div>\n\t\t\t\t<\/div>\n\t\t\t\t<\/article>\n\t\t\t\t<\/div>\n\t\t\n\t\t\t\t\t\t<\/div>\n\t\t\t\t<\/div>\n\t\t\t\t<\/div>\n\t\t<div class=\"elementor-element elementor-element-b684314 e-con-full e-flex e-con e-child\" data-id=\"b684314\" data-element_type=\"container\" data-e-type=\"container\">\n\t\t\t\t<div class=\"elementor-element elementor-element-815465d elementor-widget elementor-widget-heading\" data-id=\"815465d\" data-element_type=\"widget\" data-e-type=\"widget\" data-widget_type=\"heading.default\">\n\t\t\t\t<div class=\"elementor-widget-container\">\n\t\t\t\t\t<h2 class=\"elementor-heading-title elementor-size-default\"># CONVERSA<\/h2>\t\t\t\t<\/div>\n\t\t\t\t<\/div>\n\t\t\t\t<div class=\"elementor-element elementor-element-ce3c134 elementor-grid-1 elementor-posts--thumbnail-left elementor-grid-tablet-2 elementor-grid-mobile-1 elementor-widget elementor-widget-posts\" data-id=\"ce3c134\" data-element_type=\"widget\" data-e-type=\"widget\" data-settings=\"{&quot;classic_columns&quot;:&quot;1&quot;,&quot;classic_row_gap&quot;:{&quot;unit&quot;:&quot;px&quot;,&quot;size&quot;:17,&quot;sizes&quot;:[]},&quot;classic_columns_tablet&quot;:&quot;2&quot;,&quot;classic_columns_mobile&quot;:&quot;1&quot;,&quot;classic_row_gap_tablet&quot;:{&quot;unit&quot;:&quot;px&quot;,&quot;size&quot;:&quot;&quot;,&quot;sizes&quot;:[]},&quot;classic_row_gap_mobile&quot;:{&quot;unit&quot;:&quot;px&quot;,&quot;size&quot;:&quot;&quot;,&quot;sizes&quot;:[]}}\" data-widget_type=\"posts.classic\">\n\t\t\t\t<div class=\"elementor-widget-container\">\n\t\t\t\t\t\t\t<div class=\"elementor-posts-container elementor-posts elementor-posts--skin-classic elementor-grid\" role=\"list\">\n\t\t\t\t<article class=\"elementor-post elementor-grid-item post-36617 post type-post status-publish format-standard has-post-thumbnail hentry category-conversa category-destaque-lateral category-slide\" role=\"listitem\">\n\t\t\t\t<a class=\"elementor-post__thumbnail__link\" href=\"https:\/\/revistaregional.com.br\/site\/2026\/04\/28\/david-jr-em-entrevista-exclusiva-sucesso-em-dose-dupla\/\" tabindex=\"-1\" >\n\t\t\t<div class=\"elementor-post__thumbnail\"><img loading=\"lazy\" decoding=\"async\" width=\"270\" height=\"270\" src=\"https:\/\/revistaregional.com.br\/site\/wp-content\/uploads\/2026\/04\/site-capa-270x270.jpeg\" class=\"attachment-thumbnail size-thumbnail wp-image-36621\" alt=\"\" \/><\/div>\n\t\t<\/a>\n\t\t\t\t<div class=\"elementor-post__text\">\n\t\t\t\t<h2 class=\"elementor-post__title\">\n\t\t\t<a href=\"https:\/\/revistaregional.com.br\/site\/2026\/04\/28\/david-jr-em-entrevista-exclusiva-sucesso-em-dose-dupla\/\" >\n\t\t\t\tDavid Jr. em entrevista exclusiva: sucesso em dose dupla\t\t\t<\/a>\n\t\t<\/h2>\n\t\t\t\t<div class=\"elementor-post__meta-data\">\n\t\t\t\t\t<span class=\"elementor-post-date\">\n\t\t\t28\/04\/2026\t\t<\/span>\n\t\t\t\t<\/div>\n\t\t\t\t<\/div>\n\t\t\t\t<\/article>\n\t\t\t\t<article class=\"elementor-post elementor-grid-item post-36571 post type-post status-publish format-standard has-post-thumbnail hentry category-conversa category-destaque-lateral category-slide\" role=\"listitem\">\n\t\t\t\t<a class=\"elementor-post__thumbnail__link\" href=\"https:\/\/revistaregional.com.br\/site\/2026\/03\/30\/grazi-brilha-em-dose-dupla\/\" tabindex=\"-1\" >\n\t\t\t<div class=\"elementor-post__thumbnail\"><img loading=\"lazy\" decoding=\"async\" width=\"270\" height=\"270\" src=\"https:\/\/revistaregional.com.br\/site\/wp-content\/uploads\/2026\/03\/2-3-270x270.jpg\" class=\"attachment-thumbnail size-thumbnail wp-image-36579\" alt=\"\" \/><\/div>\n\t\t<\/a>\n\t\t\t\t<div class=\"elementor-post__text\">\n\t\t\t\t<h2 class=\"elementor-post__title\">\n\t\t\t<a href=\"https:\/\/revistaregional.com.br\/site\/2026\/03\/30\/grazi-brilha-em-dose-dupla\/\" >\n\t\t\t\tGrazi Massafera brilha em dose dupla nas novelas\t\t\t<\/a>\n\t\t<\/h2>\n\t\t\t\t<div class=\"elementor-post__meta-data\">\n\t\t\t\t\t<span class=\"elementor-post-date\">\n\t\t\t30\/03\/2026\t\t<\/span>\n\t\t\t\t<\/div>\n\t\t\t\t<\/div>\n\t\t\t\t<\/article>\n\t\t\t\t<article class=\"elementor-post elementor-grid-item post-36349 post type-post status-publish format-standard has-post-thumbnail hentry category-conversa category-destaque-lateral category-slide\" role=\"listitem\">\n\t\t\t\t<a class=\"elementor-post__thumbnail__link\" href=\"https:\/\/revistaregional.com.br\/site\/2026\/02\/28\/vera-fischer-exclusiva-envelhecer-nao-e-desaparecer-e-se-aprofundar\/\" tabindex=\"-1\" >\n\t\t\t<div class=\"elementor-post__thumbnail\"><img loading=\"lazy\" decoding=\"async\" width=\"270\" height=\"270\" src=\"https:\/\/revistaregional.com.br\/site\/wp-content\/uploads\/2026\/02\/site-capa-Vera-Fischer-por-Hugo-Barbieri-16-270x270.jpg\" class=\"attachment-thumbnail size-thumbnail wp-image-36354\" alt=\"\" \/><\/div>\n\t\t<\/a>\n\t\t\t\t<div class=\"elementor-post__text\">\n\t\t\t\t<h2 class=\"elementor-post__title\">\n\t\t\t<a href=\"https:\/\/revistaregional.com.br\/site\/2026\/02\/28\/vera-fischer-exclusiva-envelhecer-nao-e-desaparecer-e-se-aprofundar\/\" >\n\t\t\t\tVera Fischer exclusiva: \u2018Envelhecer n\u00e3o \u00e9 desaparecer, \u00e9 se aprofundar!\u2019\t\t\t<\/a>\n\t\t<\/h2>\n\t\t\t\t<div class=\"elementor-post__meta-data\">\n\t\t\t\t\t<span class=\"elementor-post-date\">\n\t\t\t28\/02\/2026\t\t<\/span>\n\t\t\t\t<\/div>\n\t\t\t\t<\/div>\n\t\t\t\t<\/article>\n\t\t\t\t<\/div>\n\t\t\n\t\t\t\t\t\t<\/div>\n\t\t\t\t<\/div>\n\t\t\t\t<div class=\"elementor-element elementor-element-3d74444 nuvemdetags elementor-widget elementor-widget-wp-widget-tag_cloud\" data-id=\"3d74444\" data-element_type=\"widget\" data-e-type=\"widget\" data-widget_type=\"wp-widget-tag_cloud.default\">\n\t\t\t\t<div class=\"elementor-widget-container\">\n\t\t\t\t\t<h5># LEIA MAIS<\/h5><nav aria-label=\"# LEIA MAIS\"><div class=\"tagcloud\"><a href=\"https:\/\/revistaregional.com.br\/site\/category\/business\/\" class=\"tag-cloud-link tag-link-9 tag-link-position-1\" style=\"font-size: 12.329896907216pt;\" aria-label=\"Business (15 itens)\">Business<\/a>\n<a href=\"https:\/\/revistaregional.com.br\/site\/category\/capa-digital\/\" class=\"tag-cloud-link tag-link-463 tag-link-position-2\" style=\"font-size: 11.127147766323pt;\" aria-label=\"Capa Digital (8 itens)\">Capa Digital<\/a>\n<a href=\"https:\/\/revistaregional.com.br\/site\/category\/casa\/\" class=\"tag-cloud-link tag-link-1 tag-link-position-3\" style=\"font-size: 16.515463917526pt;\" aria-label=\"Casa (116 itens)\">Casa<\/a>\n<a href=\"https:\/\/revistaregional.com.br\/site\/category\/casa-2\/\" class=\"tag-cloud-link tag-link-354 tag-link-position-4\" style=\"font-size: 15.072164948454pt;\" aria-label=\"Casa 2 (58 itens)\">Casa 2<\/a>\n<a href=\"https:\/\/revistaregional.com.br\/site\/category\/circulando\/\" class=\"tag-cloud-link tag-link-11 tag-link-position-5\" style=\"font-size: 16.756013745704pt;\" aria-label=\"Circulando (131 itens)\">Circulando<\/a>\n<a href=\"https:\/\/revistaregional.com.br\/site\/category\/conversa\/\" class=\"tag-cloud-link tag-link-16 tag-link-position-6\" style=\"font-size: 17.381443298969pt;\" aria-label=\"Conversa (175 itens)\">Conversa<\/a>\n<a href=\"https:\/\/revistaregional.com.br\/site\/category\/cultura\/\" class=\"tag-cloud-link tag-link-4 tag-link-position-7\" style=\"font-size: 20.412371134021pt;\" aria-label=\"Cultura (753 itens)\">Cultura<\/a>\n<a href=\"https:\/\/revistaregional.com.br\/site\/category\/cultura-2\/\" class=\"tag-cloud-link tag-link-351 tag-link-position-8\" style=\"font-size: 17.766323024055pt;\" aria-label=\"Cultura 2 (214 itens)\">Cultura 2<\/a>\n<a href=\"https:\/\/revistaregional.com.br\/site\/category\/cultura-3\/\" class=\"tag-cloud-link tag-link-352 tag-link-position-9\" style=\"font-size: 16.178694158076pt;\" aria-label=\"Cultura 3 (98 itens)\">Cultura 3<\/a>\n<a href=\"https:\/\/revistaregional.com.br\/site\/category\/cultura-4\/\" class=\"tag-cloud-link tag-link-353 tag-link-position-10\" style=\"font-size: 8pt;\" aria-label=\"Cultura 4 (1 item)\">Cultura 4<\/a>\n<a href=\"https:\/\/revistaregional.com.br\/site\/category\/destaque-lateral\/\" class=\"tag-cloud-link tag-link-449 tag-link-position-11\" style=\"font-size: 22pt;\" aria-label=\"Destaque Lateral (1.632 itens)\">Destaque Lateral<\/a>\n<a href=\"https:\/\/revistaregional.com.br\/site\/category\/destaques\/\" class=\"tag-cloud-link tag-link-3 tag-link-position-12\" style=\"font-size: 19.690721649485pt;\" aria-label=\"Destaques (542 itens)\">Destaques<\/a>\n<a href=\"https:\/\/revistaregional.com.br\/site\/category\/diario-de-viagem\/\" class=\"tag-cloud-link tag-link-15 tag-link-position-13\" style=\"font-size: 16.419243986254pt;\" aria-label=\"Di\u00e1rio de Viagem (112 itens)\">Di\u00e1rio de Viagem<\/a>\n<a href=\"https:\/\/revistaregional.com.br\/site\/category\/entrevista\/\" class=\"tag-cloud-link tag-link-18 tag-link-position-14\" style=\"font-size: 8.8659793814433pt;\" aria-label=\"Entrevista (2 itens)\">Entrevista<\/a>\n<a href=\"https:\/\/revistaregional.com.br\/site\/category\/especial\/\" class=\"tag-cloud-link tag-link-13 tag-link-position-15\" style=\"font-size: 12.233676975945pt;\" aria-label=\"Especial (14 itens)\">Especial<\/a>\n<a href=\"https:\/\/revistaregional.com.br\/site\/category\/gente-do-bem\/\" class=\"tag-cloud-link tag-link-10 tag-link-position-16\" style=\"font-size: 11.127147766323pt;\" aria-label=\"Gente do Bem (8 itens)\">Gente do Bem<\/a>\n<a href=\"https:\/\/revistaregional.com.br\/site\/category\/moda\/\" class=\"tag-cloud-link tag-link-6 tag-link-position-17\" style=\"font-size: 16.46735395189pt;\" aria-label=\"Moda (115 itens)\">Moda<\/a>\n<a href=\"https:\/\/revistaregional.com.br\/site\/category\/moda-2\/\" class=\"tag-cloud-link tag-link-355 tag-link-position-18\" style=\"font-size: 13.292096219931pt;\" aria-label=\"Moda 2 (24 itens)\">Moda 2<\/a>\n<a href=\"https:\/\/revistaregional.com.br\/site\/category\/moda-3\/\" class=\"tag-cloud-link tag-link-356 tag-link-position-19\" style=\"font-size: 13.580756013746pt;\" aria-label=\"Moda 3 (28 itens)\">Moda 3<\/a>\n<a href=\"https:\/\/revistaregional.com.br\/site\/category\/plural\/\" class=\"tag-cloud-link tag-link-206 tag-link-position-20\" style=\"font-size: 14.302405498282pt;\" aria-label=\"Plural (40 itens)\">Plural<\/a>\n<a href=\"https:\/\/revistaregional.com.br\/site\/category\/regionais\/\" class=\"tag-cloud-link tag-link-12 tag-link-position-21\" style=\"font-size: 20.460481099656pt;\" aria-label=\"Regionais (783 itens)\">Regionais<\/a>\n<a href=\"https:\/\/revistaregional.com.br\/site\/category\/regionais-2\/\" class=\"tag-cloud-link tag-link-476 tag-link-position-22\" style=\"font-size: 16.515463917526pt;\" aria-label=\"Regionais 2 (116 itens)\">Regionais 2<\/a>\n<a href=\"https:\/\/revistaregional.com.br\/site\/category\/reporter-regional\/\" class=\"tag-cloud-link tag-link-5 tag-link-position-23\" style=\"font-size: 17.429553264605pt;\" aria-label=\"Rep\u00f3rter (179 itens)\">Rep\u00f3rter<\/a>\n<a href=\"https:\/\/revistaregional.com.br\/site\/category\/saude-e-beleza\/\" class=\"tag-cloud-link tag-link-8 tag-link-position-24\" style=\"font-size: 20.171821305842pt;\" aria-label=\"Sa\u00fade e Beleza (673 itens)\">Sa\u00fade e Beleza<\/a>\n<a href=\"https:\/\/revistaregional.com.br\/site\/category\/slide\/\" class=\"tag-cloud-link tag-link-482 tag-link-position-25\" style=\"font-size: 17.766323024055pt;\" aria-label=\"Slide (212 itens)\">Slide<\/a>\n<a href=\"https:\/\/revistaregional.com.br\/site\/category\/social\/\" class=\"tag-cloud-link tag-link-350 tag-link-position-26\" style=\"font-size: 9.4432989690722pt;\" aria-label=\"Social (3 itens)\">Social<\/a>\n<a href=\"https:\/\/revistaregional.com.br\/site\/category\/vip\/\" class=\"tag-cloud-link tag-link-17 tag-link-position-27\" style=\"font-size: 17.766323024055pt;\" aria-label=\"VIP (214 itens)\">VIP<\/a><\/div>\n<\/nav>\t\t\t\t<\/div>\n\t\t\t\t<\/div>\n\t\t\t\t<\/div>\n\t\t\t\t\t<\/div>\n\t\t\t\t<\/div>\n\t\t<div class=\"elementor-element elementor-element-4bd2612 e-flex e-con-boxed e-con e-parent\" data-id=\"4bd2612\" data-element_type=\"container\" data-e-type=\"container\">\n\t\t\t\t\t<div class=\"e-con-inner\">\n\t\t<div class=\"elementor-element elementor-element-135d78d e-con-full e-flex e-con e-child\" data-id=\"135d78d\" data-element_type=\"container\" data-e-type=\"container\">\n\t\t\t\t<div class=\"elementor-element elementor-element-6b912be elementor-widget__width-inherit anuncio elementor-widget elementor-widget-loop-carousel\" data-id=\"6b912be\" data-element_type=\"widget\" data-e-type=\"widget\" data-settings=\"{&quot;template_id&quot;:&quot;31729&quot;,&quot;image_spacing_custom&quot;:{&quot;unit&quot;:&quot;px&quot;,&quot;size&quot;:0,&quot;sizes&quot;:[]},&quot;_skin&quot;:&quot;post&quot;,&quot;edit_handle_selector&quot;:&quot;.elementor-loop-container&quot;,&quot;speed&quot;:500,&quot;image_spacing_custom_tablet&quot;:{&quot;unit&quot;:&quot;px&quot;,&quot;size&quot;:&quot;&quot;,&quot;sizes&quot;:[]},&quot;image_spacing_custom_mobile&quot;:{&quot;unit&quot;:&quot;px&quot;,&quot;size&quot;:&quot;&quot;,&quot;sizes&quot;:[]}}\" data-widget_type=\"loop-carousel.post\">\n\t\t\t\t<div class=\"elementor-widget-container\">\n\t\t\t\t\t\t\t<div class=\"swiper elementor-loop-container elementor-grid\" role=\"list\" dir=\"ltr\">\n\t\t\t\t<div class=\"swiper-wrapper\" aria-live=\"polite\">\n\t\t\t\t<div data-elementor-type=\"loop-item\" data-elementor-id=\"31729\" class=\"elementor elementor-31729 swiper-slide e-loop-item e-loop-item-31722 post-31722 anuncio type-anuncio status-publish has-post-thumbnail hentry local-do-anuncio-home-central-bloco-3-anuncio-01\" data-elementor-post-type=\"elementor_library\" role=\"group\" aria-roledescription=\"slide\" data-custom-edit-handle=\"1\">\n\t\t\t<div class=\"elementor-element elementor-element-49895aa e-con-full anuncio-individual e-flex e-con e-parent\" data-id=\"49895aa\" data-element_type=\"container\" data-e-type=\"container\">\n\t\t\t\t<div class=\"elementor-element elementor-element-e459252 elementor-widget elementor-widget-theme-post-featured-image elementor-widget-image\" data-id=\"e459252\" data-element_type=\"widget\" data-e-type=\"widget\" data-widget_type=\"theme-post-featured-image.default\">\n\t\t\t\t<div class=\"elementor-widget-container\">\n\t\t\t\t\t\t\t\t\t\t\t\t\t\t\t\t<a href=\"https:\/\/revistaregional.com.br\/site\/sobre\/\" target=\"_blank\">\n\t\t\t\t\t\t\t<img loading=\"lazy\" decoding=\"async\" width=\"300\" height=\"177\" src=\"https:\/\/revistaregional.com.br\/site\/wp-content\/uploads\/2024\/01\/anuncie.jpg\" class=\"attachment-full size-full wp-image-31693\" alt=\"\" srcset=\"https:\/\/revistaregional.com.br\/site\/wp-content\/uploads\/2024\/01\/anuncie.jpg 300w, https:\/\/revistaregional.com.br\/site\/wp-content\/uploads\/2024\/01\/anuncie-150x89.jpg 150w\" sizes=\"(max-width: 300px) 100vw, 300px\" \/>\t\t\t\t\t\t\t\t<\/a>\n\t\t\t\t\t\t\t\t\t\t\t\t\t\t\t<\/div>\n\t\t\t\t<\/div>\n\t\t\t\t<\/div>\n\t\t\t\t<\/div>\n\t\t\t\t<\/div>\n\t\t<\/div>\n\t\t\t\t\t\t<\/div>\n\t\t\t\t<\/div>\n\t\t\t\t<\/div>\n\t\t<div class=\"elementor-element elementor-element-e195ce4 e-con-full e-flex e-con e-child\" data-id=\"e195ce4\" data-element_type=\"container\" data-e-type=\"container\">\n\t\t\t\t<div class=\"elementor-element elementor-element-1a0e330 elementor-widget__width-inherit anuncio elementor-widget elementor-widget-loop-carousel\" data-id=\"1a0e330\" data-element_type=\"widget\" data-e-type=\"widget\" data-settings=\"{&quot;template_id&quot;:&quot;31729&quot;,&quot;image_spacing_custom&quot;:{&quot;unit&quot;:&quot;px&quot;,&quot;size&quot;:0,&quot;sizes&quot;:[]},&quot;_skin&quot;:&quot;post&quot;,&quot;edit_handle_selector&quot;:&quot;.elementor-loop-container&quot;,&quot;speed&quot;:500,&quot;image_spacing_custom_tablet&quot;:{&quot;unit&quot;:&quot;px&quot;,&quot;size&quot;:&quot;&quot;,&quot;sizes&quot;:[]},&quot;image_spacing_custom_mobile&quot;:{&quot;unit&quot;:&quot;px&quot;,&quot;size&quot;:&quot;&quot;,&quot;sizes&quot;:[]}}\" data-widget_type=\"loop-carousel.post\">\n\t\t\t\t<div class=\"elementor-widget-container\">\n\t\t\t\t\t\t\t<div class=\"swiper elementor-loop-container elementor-grid\" role=\"list\" dir=\"ltr\">\n\t\t\t\t<div class=\"swiper-wrapper\" aria-live=\"polite\">\n\t\t\t\t<div data-elementor-type=\"loop-item\" data-elementor-id=\"31729\" class=\"elementor elementor-31729 swiper-slide e-loop-item e-loop-item-31723 post-31723 anuncio type-anuncio status-publish has-post-thumbnail hentry local-do-anuncio-home-central-bloco-3-anuncio-02\" data-elementor-post-type=\"elementor_library\" role=\"group\" aria-roledescription=\"slide\" data-custom-edit-handle=\"1\">\n\t\t\t<div class=\"elementor-element elementor-element-49895aa e-con-full anuncio-individual e-flex e-con e-parent\" data-id=\"49895aa\" data-element_type=\"container\" data-e-type=\"container\">\n\t\t\t\t<div class=\"elementor-element elementor-element-e459252 elementor-widget elementor-widget-theme-post-featured-image elementor-widget-image\" data-id=\"e459252\" data-element_type=\"widget\" data-e-type=\"widget\" data-widget_type=\"theme-post-featured-image.default\">\n\t\t\t\t<div class=\"elementor-widget-container\">\n\t\t\t\t\t\t\t\t\t\t\t\t\t\t\t\t<a href=\"https:\/\/www.instagram.com\/fruitysorvetes?igsh=cnVudnl2d201bzl5\" target=\"_blank\">\n\t\t\t\t\t\t\t<img loading=\"lazy\" decoding=\"async\" width=\"300\" height=\"179\" src=\"https:\/\/revistaregional.com.br\/site\/wp-content\/uploads\/2024\/01\/fruity-logo-copiar-2-e1733408919346.jpg\" class=\"attachment-full size-full wp-image-34036\" alt=\"\" \/>\t\t\t\t\t\t\t\t<\/a>\n\t\t\t\t\t\t\t\t\t\t\t\t\t\t\t<\/div>\n\t\t\t\t<\/div>\n\t\t\t\t<\/div>\n\t\t\t\t<\/div>\n\t\t\t\t<\/div>\n\t\t<\/div>\n\t\t\t\t\t\t<\/div>\n\t\t\t\t<\/div>\n\t\t\t\t<\/div>\n\t\t<div class=\"elementor-element elementor-element-98ec207 e-con-full e-flex e-con e-child\" data-id=\"98ec207\" data-element_type=\"container\" data-e-type=\"container\">\n\t\t\t\t<div class=\"elementor-element elementor-element-a22e4c7 elementor-widget__width-inherit anuncio elementor-widget elementor-widget-loop-carousel\" data-id=\"a22e4c7\" data-element_type=\"widget\" data-e-type=\"widget\" data-settings=\"{&quot;template_id&quot;:&quot;31729&quot;,&quot;image_spacing_custom&quot;:{&quot;unit&quot;:&quot;px&quot;,&quot;size&quot;:0,&quot;sizes&quot;:[]},&quot;_skin&quot;:&quot;post&quot;,&quot;edit_handle_selector&quot;:&quot;.elementor-loop-container&quot;,&quot;speed&quot;:500,&quot;image_spacing_custom_tablet&quot;:{&quot;unit&quot;:&quot;px&quot;,&quot;size&quot;:&quot;&quot;,&quot;sizes&quot;:[]},&quot;image_spacing_custom_mobile&quot;:{&quot;unit&quot;:&quot;px&quot;,&quot;size&quot;:&quot;&quot;,&quot;sizes&quot;:[]}}\" data-widget_type=\"loop-carousel.post\">\n\t\t\t\t<div class=\"elementor-widget-container\">\n\t\t\t\t\t\t\t<div class=\"swiper elementor-loop-container elementor-grid\" role=\"list\" dir=\"ltr\">\n\t\t\t\t<div class=\"swiper-wrapper\" aria-live=\"polite\">\n\t\t\t\t<div data-elementor-type=\"loop-item\" data-elementor-id=\"31729\" class=\"elementor elementor-31729 swiper-slide e-loop-item e-loop-item-31724 post-31724 anuncio type-anuncio status-publish has-post-thumbnail hentry local-do-anuncio-home-central-bloco-3-anuncio-03\" data-elementor-post-type=\"elementor_library\" role=\"group\" aria-roledescription=\"slide\" data-custom-edit-handle=\"1\">\n\t\t\t<div class=\"elementor-element elementor-element-49895aa e-con-full anuncio-individual e-flex e-con e-parent\" data-id=\"49895aa\" data-element_type=\"container\" data-e-type=\"container\">\n\t\t\t\t<div class=\"elementor-element elementor-element-e459252 elementor-widget elementor-widget-theme-post-featured-image elementor-widget-image\" data-id=\"e459252\" data-element_type=\"widget\" data-e-type=\"widget\" data-widget_type=\"theme-post-featured-image.default\">\n\t\t\t\t<div class=\"elementor-widget-container\">\n\t\t\t\t\t\t\t\t\t\t\t\t\t\t\t\t<a href=\"https:\/\/www.instagram.com\/castelinhopetshop\/\" target=\"_blank\">\n\t\t\t\t\t\t\t<img loading=\"lazy\" decoding=\"async\" width=\"300\" height=\"180\" src=\"https:\/\/revistaregional.com.br\/site\/wp-content\/uploads\/2024\/01\/castelinho-2.jpg\" class=\"attachment-full size-full wp-image-33685\" alt=\"\" \/>\t\t\t\t\t\t\t\t<\/a>\n\t\t\t\t\t\t\t\t\t\t\t\t\t\t\t<\/div>\n\t\t\t\t<\/div>\n\t\t\t\t<\/div>\n\t\t\t\t<\/div>\n\t\t\t\t<\/div>\n\t\t<\/div>\n\t\t\t\t\t\t<\/div>\n\t\t\t\t<\/div>\n\t\t\t\t<\/div>\n\t\t<div class=\"elementor-element elementor-element-f8c7b51 e-con-full e-flex e-con e-child\" data-id=\"f8c7b51\" data-element_type=\"container\" data-e-type=\"container\">\n\t\t\t\t<div class=\"elementor-element elementor-element-1086070 elementor-widget__width-inherit anuncio elementor-widget elementor-widget-loop-carousel\" data-id=\"1086070\" data-element_type=\"widget\" data-e-type=\"widget\" data-settings=\"{&quot;template_id&quot;:&quot;31729&quot;,&quot;image_spacing_custom&quot;:{&quot;unit&quot;:&quot;px&quot;,&quot;size&quot;:0,&quot;sizes&quot;:[]},&quot;_skin&quot;:&quot;post&quot;,&quot;edit_handle_selector&quot;:&quot;.elementor-loop-container&quot;,&quot;speed&quot;:500,&quot;image_spacing_custom_tablet&quot;:{&quot;unit&quot;:&quot;px&quot;,&quot;size&quot;:&quot;&quot;,&quot;sizes&quot;:[]},&quot;image_spacing_custom_mobile&quot;:{&quot;unit&quot;:&quot;px&quot;,&quot;size&quot;:&quot;&quot;,&quot;sizes&quot;:[]}}\" data-widget_type=\"loop-carousel.post\">\n\t\t\t\t<div class=\"elementor-widget-container\">\n\t\t\t\t\t\t\t<div class=\"swiper elementor-loop-container elementor-grid\" role=\"list\" dir=\"ltr\">\n\t\t\t\t<div class=\"swiper-wrapper\" aria-live=\"polite\">\n\t\t\t\t<div data-elementor-type=\"loop-item\" data-elementor-id=\"31729\" class=\"elementor elementor-31729 swiper-slide e-loop-item e-loop-item-31725 post-31725 anuncio type-anuncio status-publish has-post-thumbnail hentry local-do-anuncio-home-central-bloco-3-anuncio-04\" data-elementor-post-type=\"elementor_library\" role=\"group\" aria-roledescription=\"slide\" data-custom-edit-handle=\"1\">\n\t\t\t<div class=\"elementor-element elementor-element-49895aa e-con-full anuncio-individual e-flex e-con e-parent\" data-id=\"49895aa\" data-element_type=\"container\" data-e-type=\"container\">\n\t\t\t\t<div class=\"elementor-element elementor-element-e459252 elementor-widget elementor-widget-theme-post-featured-image elementor-widget-image\" data-id=\"e459252\" data-element_type=\"widget\" data-e-type=\"widget\" data-widget_type=\"theme-post-featured-image.default\">\n\t\t\t\t<div class=\"elementor-widget-container\">\n\t\t\t\t\t\t\t\t\t\t\t\t\t\t\t\t<a href=\"https:\/\/www.clinprosorriso.com.br\/\" target=\"_blank\">\n\t\t\t\t\t\t\t<img loading=\"lazy\" decoding=\"async\" width=\"300\" height=\"180\" src=\"https:\/\/revistaregional.com.br\/site\/wp-content\/uploads\/2024\/01\/pro0oo.jpg\" class=\"attachment-full size-full wp-image-33686\" alt=\"\" \/>\t\t\t\t\t\t\t\t<\/a>\n\t\t\t\t\t\t\t\t\t\t\t\t\t\t\t<\/div>\n\t\t\t\t<\/div>\n\t\t\t\t<\/div>\n\t\t\t\t<\/div>\n\t\t\t\t<\/div>\n\t\t<\/div>\n\t\t\t\t\t\t<\/div>\n\t\t\t\t<\/div>\n\t\t\t\t<\/div>\n\t\t\t\t\t<\/div>\n\t\t\t\t<\/div>\n\t\t\t\t<\/div>\n\t\t","protected":false},"excerpt":{"rendered":"<p>CLIQUE NA CAPA ABAIXO E FOLHEIE A EDI\u00c7\u00c3O DO M\u00caS! SA\u00daDE E BELEZA REP\u00d3RTER REGIONAL REGIONAIS CASA CULTURA REGIONAIS # CIRCULANDO # NOSSOS PARCEIROS FOLHEIE<\/p>\n","protected":false},"author":1,"featured_media":0,"parent":0,"menu_order":0,"comment_status":"closed","ping_status":"closed","template":"elementor_header_footer","meta":{"_acf_changed":false,"ngg_post_thumbnail":0,"_joinchat":[],"footnotes":""},"class_list":["post-30786","page","type-page","status-publish","hentry"],"acf":[],"yoast_head":"<!-- This site is optimized with the Yoast SEO plugin v27.5 - https:\/\/yoast.com\/product\/yoast-seo-wordpress\/ -->\n<title>Revista Regional - (11) 4028-3128 | (11) 4021-3655<\/title>\n<meta name=\"description\" content=\"A maior revista da regi\u00e3o de Salto, Itu e Indaiatuba, trazendo as melhoras not\u00edcias na \u00edntegra e de seu interesse.\" \/>\n<meta name=\"robots\" content=\"index, follow, max-snippet:-1, max-image-preview:large, max-video-preview:-1\" \/>\n<link rel=\"canonical\" href=\"https:\/\/revistaregional.com.br\/site\/\" \/>\n<meta property=\"og:locale\" content=\"pt_BR\" \/>\n<meta property=\"og:type\" content=\"article\" \/>\n<meta property=\"og:title\" content=\"Revista Regional - (11) 4028-3128 | (11) 4021-3655\" \/>\n<meta property=\"og:description\" content=\"A maior revista da regi\u00e3o de Salto, Itu e Indaiatuba, trazendo as melhoras not\u00edcias na \u00edntegra e de seu interesse.\" \/>\n<meta property=\"og:url\" content=\"https:\/\/revistaregional.com.br\/site\/\" \/>\n<meta property=\"og:site_name\" content=\"Revista Regional\" \/>\n<meta property=\"article:modified_time\" content=\"2026-01-26T13:54:12+00:00\" \/>\n<meta property=\"og:image\" content=\"https:\/\/revistaregional.com.br\/site\/wp-content\/uploads\/2024\/10\/WWWWW-scaled.jpg\" \/>\n<meta name=\"twitter:card\" content=\"summary_large_image\" \/>\n<meta name=\"twitter:label1\" content=\"Est. tempo de leitura\" \/>\n\t<meta name=\"twitter:data1\" content=\"41 minutos\" \/>\n<script type=\"application\/ld+json\" class=\"yoast-schema-graph\">{\"@context\":\"https:\\\/\\\/schema.org\",\"@graph\":[{\"@type\":\"WebPage\",\"@id\":\"https:\\\/\\\/revistaregional.com.br\\\/site\\\/\",\"url\":\"https:\\\/\\\/revistaregional.com.br\\\/site\\\/\",\"name\":\"Revista Regional - (11) 4028-3128 | (11) 4021-3655\",\"isPartOf\":{\"@id\":\"https:\\\/\\\/revistaregional.com.br\\\/site\\\/#website\"},\"primaryImageOfPage\":{\"@id\":\"https:\\\/\\\/revistaregional.com.br\\\/site\\\/#primaryimage\"},\"image\":{\"@id\":\"https:\\\/\\\/revistaregional.com.br\\\/site\\\/#primaryimage\"},\"thumbnailUrl\":\"https:\\\/\\\/revistaregional.com.br\\\/site\\\/wp-content\\\/uploads\\\/2024\\\/10\\\/WWWWW-scaled.jpg\",\"datePublished\":\"2024-01-11T12:48:54+00:00\",\"dateModified\":\"2026-01-26T13:54:12+00:00\",\"description\":\"A maior revista da regi\u00e3o de Salto, Itu e Indaiatuba, trazendo as melhoras not\u00edcias na \u00edntegra e de seu interesse.\",\"breadcrumb\":{\"@id\":\"https:\\\/\\\/revistaregional.com.br\\\/site\\\/#breadcrumb\"},\"inLanguage\":\"pt-BR\",\"potentialAction\":[{\"@type\":\"ReadAction\",\"target\":[\"https:\\\/\\\/revistaregional.com.br\\\/site\\\/\"]}]},{\"@type\":\"ImageObject\",\"inLanguage\":\"pt-BR\",\"@id\":\"https:\\\/\\\/revistaregional.com.br\\\/site\\\/#primaryimage\",\"url\":\"https:\\\/\\\/revistaregional.com.br\\\/site\\\/wp-content\\\/uploads\\\/2024\\\/10\\\/WWWWW-scaled.jpg\",\"contentUrl\":\"https:\\\/\\\/revistaregional.com.br\\\/site\\\/wp-content\\\/uploads\\\/2024\\\/10\\\/WWWWW-scaled.jpg\",\"width\":2560,\"height\":349},{\"@type\":\"BreadcrumbList\",\"@id\":\"https:\\\/\\\/revistaregional.com.br\\\/site\\\/#breadcrumb\",\"itemListElement\":[{\"@type\":\"ListItem\",\"position\":1,\"name\":\"In\u00edcio\",\"item\":\"https:\\\/\\\/revistaregional.com.br\\\/site\\\/\"},{\"@type\":\"ListItem\",\"position\":2,\"name\":\"Home\"}]},{\"@type\":\"WebSite\",\"@id\":\"https:\\\/\\\/revistaregional.com.br\\\/site\\\/#website\",\"url\":\"https:\\\/\\\/revistaregional.com.br\\\/site\\\/\",\"name\":\"Revista Regional\",\"description\":\"Salto - Itu - Indaituba\",\"potentialAction\":[{\"@type\":\"SearchAction\",\"target\":{\"@type\":\"EntryPoint\",\"urlTemplate\":\"https:\\\/\\\/revistaregional.com.br\\\/site\\\/?s={search_term_string}\"},\"query-input\":{\"@type\":\"PropertyValueSpecification\",\"valueRequired\":true,\"valueName\":\"search_term_string\"}}],\"inLanguage\":\"pt-BR\"}]}<\/script>\n<!-- \/ Yoast SEO plugin. -->","yoast_head_json":{"title":"Revista Regional - (11) 4028-3128 | (11) 4021-3655","description":"A maior revista da regi\u00e3o de Salto, Itu e Indaiatuba, trazendo as melhoras not\u00edcias na \u00edntegra e de seu interesse.","robots":{"index":"index","follow":"follow","max-snippet":"max-snippet:-1","max-image-preview":"max-image-preview:large","max-video-preview":"max-video-preview:-1"},"canonical":"https:\/\/revistaregional.com.br\/site\/","og_locale":"pt_BR","og_type":"article","og_title":"Revista Regional - (11) 4028-3128 | (11) 4021-3655","og_description":"A maior revista da regi\u00e3o de Salto, Itu e Indaiatuba, trazendo as melhoras not\u00edcias na \u00edntegra e de seu interesse.","og_url":"https:\/\/revistaregional.com.br\/site\/","og_site_name":"Revista Regional","article_modified_time":"2026-01-26T13:54:12+00:00","og_image":[{"url":"https:\/\/revistaregional.com.br\/site\/wp-content\/uploads\/2024\/10\/WWWWW-scaled.jpg","type":"","width":"","height":""}],"twitter_card":"summary_large_image","twitter_misc":{"Est. tempo de leitura":"41 minutos"},"schema":{"@context":"https:\/\/schema.org","@graph":[{"@type":"WebPage","@id":"https:\/\/revistaregional.com.br\/site\/","url":"https:\/\/revistaregional.com.br\/site\/","name":"Revista Regional - (11) 4028-3128 | (11) 4021-3655","isPartOf":{"@id":"https:\/\/revistaregional.com.br\/site\/#website"},"primaryImageOfPage":{"@id":"https:\/\/revistaregional.com.br\/site\/#primaryimage"},"image":{"@id":"https:\/\/revistaregional.com.br\/site\/#primaryimage"},"thumbnailUrl":"https:\/\/revistaregional.com.br\/site\/wp-content\/uploads\/2024\/10\/WWWWW-scaled.jpg","datePublished":"2024-01-11T12:48:54+00:00","dateModified":"2026-01-26T13:54:12+00:00","description":"A maior revista da regi\u00e3o de Salto, Itu e Indaiatuba, trazendo as melhoras not\u00edcias na \u00edntegra e de seu interesse.","breadcrumb":{"@id":"https:\/\/revistaregional.com.br\/site\/#breadcrumb"},"inLanguage":"pt-BR","potentialAction":[{"@type":"ReadAction","target":["https:\/\/revistaregional.com.br\/site\/"]}]},{"@type":"ImageObject","inLanguage":"pt-BR","@id":"https:\/\/revistaregional.com.br\/site\/#primaryimage","url":"https:\/\/revistaregional.com.br\/site\/wp-content\/uploads\/2024\/10\/WWWWW-scaled.jpg","contentUrl":"https:\/\/revistaregional.com.br\/site\/wp-content\/uploads\/2024\/10\/WWWWW-scaled.jpg","width":2560,"height":349},{"@type":"BreadcrumbList","@id":"https:\/\/revistaregional.com.br\/site\/#breadcrumb","itemListElement":[{"@type":"ListItem","position":1,"name":"In\u00edcio","item":"https:\/\/revistaregional.com.br\/site\/"},{"@type":"ListItem","position":2,"name":"Home"}]},{"@type":"WebSite","@id":"https:\/\/revistaregional.com.br\/site\/#website","url":"https:\/\/revistaregional.com.br\/site\/","name":"Revista Regional","description":"Salto - Itu - Indaituba","potentialAction":[{"@type":"SearchAction","target":{"@type":"EntryPoint","urlTemplate":"https:\/\/revistaregional.com.br\/site\/?s={search_term_string}"},"query-input":{"@type":"PropertyValueSpecification","valueRequired":true,"valueName":"search_term_string"}}],"inLanguage":"pt-BR"}]}},"_links":{"self":[{"href":"https:\/\/revistaregional.com.br\/site\/wp-json\/wp\/v2\/pages\/30786","targetHints":{"allow":["GET"]}}],"collection":[{"href":"https:\/\/revistaregional.com.br\/site\/wp-json\/wp\/v2\/pages"}],"about":[{"href":"https:\/\/revistaregional.com.br\/site\/wp-json\/wp\/v2\/types\/page"}],"author":[{"embeddable":true,"href":"https:\/\/revistaregional.com.br\/site\/wp-json\/wp\/v2\/users\/1"}],"replies":[{"embeddable":true,"href":"https:\/\/revistaregional.com.br\/site\/wp-json\/wp\/v2\/comments?post=30786"}],"version-history":[{"count":5,"href":"https:\/\/revistaregional.com.br\/site\/wp-json\/wp\/v2\/pages\/30786\/revisions"}],"predecessor-version":[{"id":36234,"href":"https:\/\/revistaregional.com.br\/site\/wp-json\/wp\/v2\/pages\/30786\/revisions\/36234"}],"wp:attachment":[{"href":"https:\/\/revistaregional.com.br\/site\/wp-json\/wp\/v2\/media?parent=30786"}],"curies":[{"name":"wp","href":"https:\/\/api.w.org\/{rel}","templated":true}]}}