{"version":"1.0","provider_name":"Revista Regional","provider_url":"https:\/\/revistaregional.com.br\/site","author_name":"contato@revistaregional.com.br","author_url":"https:\/\/revistaregional.com.br\/site\/author\/contato@revistaregional.com.br\/","title":"Matheus Cear\u00e1 faz show em Salto - Revista Regional","type":"rich","width":600,"height":338,"html":"<blockquote class=\"wp-embedded-content\" data-secret=\"Fi1Lb5zb1i\"><a href=\"https:\/\/revistaregional.com.br\/site\/2016\/02\/11\/matheus-ceara-faz-show-em-salto\/\">Matheus Cear\u00e1 faz show em Salto<\/a><\/blockquote><iframe sandbox=\"allow-scripts\" security=\"restricted\" src=\"https:\/\/revistaregional.com.br\/site\/2016\/02\/11\/matheus-ceara-faz-show-em-salto\/embed\/#?secret=Fi1Lb5zb1i\" width=\"600\" height=\"338\" title=\"&#8220;Matheus Cear\u00e1 faz show em Salto&#8221; &#8212; Revista Regional\" data-secret=\"Fi1Lb5zb1i\" frameborder=\"0\" marginwidth=\"0\" marginheight=\"0\" scrolling=\"no\" class=\"wp-embedded-content\"><\/iframe><script>\n\/*! This file is auto-generated *\/\n!function(d,l){\"use strict\";l.querySelector&&d.addEventListener&&\"undefined\"!=typeof URL&&(d.wp=d.wp||{},d.wp.receiveEmbedMessage||(d.wp.receiveEmbedMessage=function(e){var t=e.data;if((t||t.secret||t.message||t.value)&&!\/[^a-zA-Z0-9]\/.test(t.secret)){for(var s,r,n,a=l.querySelectorAll('iframe[data-secret=\"'+t.secret+'\"]'),o=l.querySelectorAll('blockquote[data-secret=\"'+t.secret+'\"]'),c=new RegExp(\"^https?:$\",\"i\"),i=0;i<o.length;i++)o[i].style.display=\"none\";for(i=0;i<a.length;i++)s=a[i],e.source===s.contentWindow&&(s.removeAttribute(\"style\"),\"height\"===t.message?(1e3<(r=parseInt(t.value,10))?r=1e3:~~r<200&&(r=200),s.height=r):\"link\"===t.message&&(r=new URL(s.getAttribute(\"src\")),n=new URL(t.value),c.test(n.protocol))&&n.host===r.host&&l.activeElement===s&&(d.top.location.href=t.value))}},d.addEventListener(\"message\",d.wp.receiveEmbedMessage,!1),l.addEventListener(\"DOMContentLoaded\",function(){for(var e,t,s=l.querySelectorAll(\"iframe.wp-embedded-content\"),r=0;r<s.length;r++)(t=(e=s[r]).getAttribute(\"data-secret\"))||(t=Math.random().toString(36).substring(2,12),e.src+=\"#?secret=\"+t,e.setAttribute(\"data-secret\",t)),e.contentWindow.postMessage({message:\"ready\",secret:t},\"*\")},!1)))}(window,document);\n\/\/# sourceURL=https:\/\/revistaregional.com.br\/site\/wp-includes\/js\/wp-embed.min.js\n<\/script>\n","thumbnail_url":"https:\/\/revistaregional.com.br\/site\/wp-content\/uploads\/2016\/02\/Matheus-Cear\u00e1-apresentar\u00e1-show-de-piadas-na-Sala-Palma-de-Ouro.jpg","thumbnail_width":"640","thumbnail_height":"427","description":"No pr\u00f3ximo dia 27 de fevereiro, s\u00e1bado, \u00e0s 21h, o humorista Matheus Cear\u00e1, sucesso da \u201cA Pra\u00e7a \u00c9 Nossa\u201d, apresentar\u00e1 na Sala Palma de Ouro de Salto, seu novo show de piadas: \u201cMatheus Cear\u00e1, in\u00e9dito para quem nunca viu!\u201d. No espet\u00e1culo, Matheus, o t\u00edpico matuto do nordeste que conquistou a simpatia dos brasileiros com o [&hellip;]"}