{"version":"1.0","provider_name":"Revista Regional","provider_url":"https:\/\/revistaregional.com.br\/site","author_name":"contato@revistaregional.com.br","author_url":"https:\/\/revistaregional.com.br\/site\/author\/contato@revistaregional.com.br\/","title":"A ordem \u00e9 reciclar! - Revista Regional","type":"rich","width":600,"height":338,"html":"<blockquote class=\"wp-embedded-content\" data-secret=\"z8JYBOjf3P\"><a href=\"https:\/\/revistaregional.com.br\/site\/2012\/07\/03\/a-ordem-e-reciclar\/\">A ordem \u00e9 reciclar!<\/a><\/blockquote><iframe sandbox=\"allow-scripts\" security=\"restricted\" src=\"https:\/\/revistaregional.com.br\/site\/2012\/07\/03\/a-ordem-e-reciclar\/embed\/#?secret=z8JYBOjf3P\" width=\"600\" height=\"338\" title=\"&#8220;A ordem \u00e9 reciclar!&#8221; &#8212; Revista Regional\" data-secret=\"z8JYBOjf3P\" frameborder=\"0\" marginwidth=\"0\" marginheight=\"0\" scrolling=\"no\" class=\"wp-embedded-content\"><\/iframe><script>\n\/*! This file is auto-generated *\/\n!function(d,l){\"use strict\";l.querySelector&&d.addEventListener&&\"undefined\"!=typeof URL&&(d.wp=d.wp||{},d.wp.receiveEmbedMessage||(d.wp.receiveEmbedMessage=function(e){var t=e.data;if((t||t.secret||t.message||t.value)&&!\/[^a-zA-Z0-9]\/.test(t.secret)){for(var s,r,n,a=l.querySelectorAll('iframe[data-secret=\"'+t.secret+'\"]'),o=l.querySelectorAll('blockquote[data-secret=\"'+t.secret+'\"]'),c=new RegExp(\"^https?:$\",\"i\"),i=0;i<o.length;i++)o[i].style.display=\"none\";for(i=0;i<a.length;i++)s=a[i],e.source===s.contentWindow&&(s.removeAttribute(\"style\"),\"height\"===t.message?(1e3<(r=parseInt(t.value,10))?r=1e3:~~r<200&&(r=200),s.height=r):\"link\"===t.message&&(r=new URL(s.getAttribute(\"src\")),n=new URL(t.value),c.test(n.protocol))&&n.host===r.host&&l.activeElement===s&&(d.top.location.href=t.value))}},d.addEventListener(\"message\",d.wp.receiveEmbedMessage,!1),l.addEventListener(\"DOMContentLoaded\",function(){for(var e,t,s=l.querySelectorAll(\"iframe.wp-embedded-content\"),r=0;r<s.length;r++)(t=(e=s[r]).getAttribute(\"data-secret\"))||(t=Math.random().toString(36).substring(2,12),e.src+=\"#?secret=\"+t,e.setAttribute(\"data-secret\",t)),e.contentWindow.postMessage({message:\"ready\",secret:t},\"*\")},!1)))}(window,document);\n\/\/# sourceURL=https:\/\/revistaregional.com.br\/site\/wp-includes\/js\/wp-embed.min.js\n<\/script>\n","thumbnail_url":"https:\/\/revistaregional.com.br\/site\/wp-content\/uploads\/2012\/07\/site-reciclar-640x480.jpg","thumbnail_width":"640","thumbnail_height":"426","description":"H\u00e1 tempos ouvimos e vemos diversas campanhas para a reciclagem do lixo. Muita gente j\u00e1 aderiu, por\u00e9m o n\u00famero ainda \u00e9 pequeno se compararmos \u00e0s toneladas di\u00e1rias de lixo que n\u00f3s mesmos produzimos. Pode acreditar, reciclar \u00e9 muito simples. Voc\u00ea n\u00e3o precisa mudar sua vida para come\u00e7ar a reciclar seu lixo. Basta mudar pequenos h\u00e1bitos [&hellip;]"}